{"id":249,"date":"2022-12-07T16:22:24","date_gmt":"2022-12-07T16:22:24","guid":{"rendered":"https:\/\/farefamiglia.it\/?page_id=249"},"modified":"2023-04-06T10:35:51","modified_gmt":"2023-04-06T10:35:51","slug":"eventi","status":"publish","type":"page","link":"https:\/\/farefamiglia.it\/eventi\/","title":{"rendered":"Eventi"},"content":{"rendered":"\t\t<div data-elementor-type=\"wp-page\" data-elementor-id=\"249\" class=\"elementor elementor-249\">\n\t\t\t\t\t\t\t\t\t<section class=\"elementor-section elementor-top-section elementor-element elementor-element-46ad341f elementor-section-content-middle elementor-section-stretched elementor-section-boxed elementor-section-height-default elementor-section-height-default\" data-id=\"46ad341f\" data-element_type=\"section\" data-settings=\"{&quot;stretch_section&quot;:&quot;section-stretched&quot;,&quot;background_background&quot;:&quot;classic&quot;}\">\n\t\t\t\t\t\t<div class=\"elementor-container elementor-column-gap-wider\">\n\t\t\t\t\t<div class=\"elementor-column elementor-col-100 elementor-top-column elementor-element elementor-element-4474702\" data-id=\"4474702\" data-element_type=\"column\">\n\t\t\t<div class=\"elementor-widget-wrap elementor-element-populated\">\n\t\t\t\t\t\t\t\t<section class=\"elementor-section elementor-inner-section elementor-element elementor-element-7f90b473 elementor-section-boxed elementor-section-height-default elementor-section-height-default\" data-id=\"7f90b473\" data-element_type=\"section\">\n\t\t\t\t\t\t<div class=\"elementor-container elementor-column-gap-default\">\n\t\t\t\t\t<div class=\"elementor-column elementor-col-50 elementor-inner-column elementor-element elementor-element-74316798\" data-id=\"74316798\" data-element_type=\"column\">\n\t\t\t<div class=\"elementor-widget-wrap elementor-element-populated\">\n\t\t\t\t\t\t\t\t<div class=\"elementor-element elementor-element-743fccaa elementor-position-left elementor-hidden-mobile elementor-vertical-align-top elementor-widget elementor-widget-image-box\" data-id=\"743fccaa\" data-element_type=\"widget\" data-widget_type=\"image-box.default\">\n\t\t\t\t<div class=\"elementor-widget-container\">\n\t\t\t<style>\/*! elementor - v3.11.2 - 22-02-2023 *\/\n.elementor-widget-image-box .elementor-image-box-content{width:100%}@media (min-width:768px){.elementor-widget-image-box.elementor-position-left .elementor-image-box-wrapper,.elementor-widget-image-box.elementor-position-right .elementor-image-box-wrapper{display:flex}.elementor-widget-image-box.elementor-position-right .elementor-image-box-wrapper{text-align:right;flex-direction:row-reverse}.elementor-widget-image-box.elementor-position-left .elementor-image-box-wrapper{text-align:left;flex-direction:row}.elementor-widget-image-box.elementor-position-top .elementor-image-box-img{margin:auto}.elementor-widget-image-box.elementor-vertical-align-top .elementor-image-box-wrapper{align-items:flex-start}.elementor-widget-image-box.elementor-vertical-align-middle .elementor-image-box-wrapper{align-items:center}.elementor-widget-image-box.elementor-vertical-align-bottom .elementor-image-box-wrapper{align-items:flex-end}}@media (max-width:767px){.elementor-widget-image-box .elementor-image-box-img{margin-left:auto!important;margin-right:auto!important;margin-bottom:15px}}.elementor-widget-image-box .elementor-image-box-img{display:inline-block}.elementor-widget-image-box .elementor-image-box-title a{color:inherit}.elementor-widget-image-box .elementor-image-box-wrapper{text-align:center}.elementor-widget-image-box .elementor-image-box-description{margin:0}<\/style><div class=\"elementor-image-box-wrapper\"><figure class=\"elementor-image-box-img\"><img loading=\"lazy\" decoding=\"async\" width=\"32\" height=\"32\" src=\"https:\/\/farefamiglia.it\/moowophi\/2022\/12\/event6-pic1.png\" class=\"attachment-full size-full wp-image-251\" alt=\"\" \/><\/figure><div class=\"elementor-image-box-content\"><h6 class=\"elementor-image-box-title\">I NOSTRI EVENTI<\/h6><\/div><\/div>\t\t<\/div>\n\t\t\t\t<\/div>\n\t\t\t\t<div class=\"elementor-element elementor-element-40523030 elementor-widget elementor-widget-spacer\" data-id=\"40523030\" data-element_type=\"widget\" data-widget_type=\"spacer.default\">\n\t\t\t\t<div class=\"elementor-widget-container\">\n\t\t\t<style>\/*! elementor - v3.11.2 - 22-02-2023 *\/\n.elementor-column .elementor-spacer-inner{height:var(--spacer-size)}.e-con{--container-widget-width:100%}.e-con-inner>.elementor-widget-spacer,.e-con>.elementor-widget-spacer{width:var(--container-widget-width,var(--spacer-size));--align-self:var(--container-widget-align-self,initial);--flex-shrink:0}.e-con-inner>.elementor-widget-spacer>.elementor-widget-container,.e-con-inner>.elementor-widget-spacer>.elementor-widget-container>.elementor-spacer,.e-con>.elementor-widget-spacer>.elementor-widget-container,.e-con>.elementor-widget-spacer>.elementor-widget-container>.elementor-spacer{height:100%}.e-con-inner>.elementor-widget-spacer>.elementor-widget-container>.elementor-spacer>.elementor-spacer-inner,.e-con>.elementor-widget-spacer>.elementor-widget-container>.elementor-spacer>.elementor-spacer-inner{height:var(--container-widget-height,var(--spacer-size))}<\/style>\t\t<div class=\"elementor-spacer\">\n\t\t\t<div class=\"elementor-spacer-inner\"><\/div>\n\t\t<\/div>\n\t\t\t\t<\/div>\n\t\t\t\t<\/div>\n\t\t\t\t<div class=\"elementor-element elementor-element-4aeb056d elementor-widget elementor-widget-text-editor\" data-id=\"4aeb056d\" data-element_type=\"widget\" data-widget_type=\"text-editor.default\">\n\t\t\t\t<div class=\"elementor-widget-container\">\n\t\t\t<style>\/*! elementor - v3.11.2 - 22-02-2023 *\/\n.elementor-widget-text-editor.elementor-drop-cap-view-stacked .elementor-drop-cap{background-color:#818a91;color:#fff}.elementor-widget-text-editor.elementor-drop-cap-view-framed .elementor-drop-cap{color:#818a91;border:3px solid;background-color:transparent}.elementor-widget-text-editor:not(.elementor-drop-cap-view-default) .elementor-drop-cap{margin-top:8px}.elementor-widget-text-editor:not(.elementor-drop-cap-view-default) .elementor-drop-cap-letter{width:1em;height:1em}.elementor-widget-text-editor .elementor-drop-cap{float:left;text-align:center;line-height:1;font-size:50px}.elementor-widget-text-editor .elementor-drop-cap-letter{display:inline-block}<\/style>\t\t\t\t<h2><span style=\"color: #000000;\">Gli eventi in programma<\/span><\/h2>\t\t\t\t\t\t<\/div>\n\t\t\t\t<\/div>\n\t\t\t\t<div class=\"elementor-element elementor-element-20147854 elementor-widget elementor-widget-text-editor\" data-id=\"20147854\" data-element_type=\"widget\" data-widget_type=\"text-editor.default\">\n\t\t\t\t<div class=\"elementor-widget-container\">\n\t\t\t\t\t\t\t<span style=\"color: #9d9d9d;\"><\/span>\t\t\t\t\t\t<\/div>\n\t\t\t\t<\/div>\n\t\t\t\t\t<\/div>\n\t\t<\/div>\n\t\t\t\t<div class=\"elementor-column elementor-col-50 elementor-inner-column elementor-element elementor-element-6c798627\" data-id=\"6c798627\" data-element_type=\"column\">\n\t\t\t<div class=\"elementor-widget-wrap elementor-element-populated\">\n\t\t\t\t\t\t\t\t<div class=\"elementor-element elementor-element-7ae9813c elementor-widget elementor-widget-image\" data-id=\"7ae9813c\" data-element_type=\"widget\" data-widget_type=\"image.default\">\n\t\t\t\t<div class=\"elementor-widget-container\">\n\t\t\t<style>\/*! elementor - v3.11.2 - 22-02-2023 *\/\n.elementor-widget-image{text-align:center}.elementor-widget-image a{display:inline-block}.elementor-widget-image a img[src$=\".svg\"]{width:48px}.elementor-widget-image img{vertical-align:middle;display:inline-block}<\/style>\t\t\t\t\t\t\t\t\t\t\t\t<img loading=\"lazy\" decoding=\"async\" width=\"780\" height=\"724\" src=\"https:\/\/farefamiglia.it\/moowophi\/2022\/12\/event6-events-pic1-c.webp\" class=\"attachment-full size-full wp-image-252\" alt=\"\" srcset=\"https:\/\/farefamiglia.it\/moowophi\/2022\/12\/event6-events-pic1-c.webp 780w, https:\/\/farefamiglia.it\/moowophi\/2022\/12\/event6-events-pic1-c-600x557.webp 600w, https:\/\/farefamiglia.it\/moowophi\/2022\/12\/event6-events-pic1-c-300x278.webp 300w, https:\/\/farefamiglia.it\/moowophi\/2022\/12\/event6-events-pic1-c-768x713.webp 768w, https:\/\/farefamiglia.it\/moowophi\/2022\/12\/event6-events-pic1-c-157x146.webp 157w, https:\/\/farefamiglia.it\/moowophi\/2022\/12\/event6-events-pic1-c-50x46.webp 50w, https:\/\/farefamiglia.it\/moowophi\/2022\/12\/event6-events-pic1-c-81x75.webp 81w\" sizes=\"auto, (max-width:767px) 480px, (max-width:780px) 100vw, 780px\" \/>\t\t\t\t\t\t\t\t\t\t\t\t\t\t\t<\/div>\n\t\t\t\t<\/div>\n\t\t\t\t\t<\/div>\n\t\t<\/div>\n\t\t\t\t\t\t\t<\/div>\n\t\t<\/section>\n\t\t\t\t\t<\/div>\n\t\t<\/div>\n\t\t\t\t\t\t\t<\/div>\n\t\t<\/section>\n\t\t\t\t<section class=\"elementor-section elementor-top-section elementor-element elementor-element-7eac5d8b elementor-section-stretched elementor-section-boxed elementor-section-height-default elementor-section-height-default\" data-id=\"7eac5d8b\" data-element_type=\"section\" data-settings=\"{&quot;stretch_section&quot;:&quot;section-stretched&quot;,&quot;background_background&quot;:&quot;classic&quot;}\">\n\t\t\t\t\t\t<div class=\"elementor-container elementor-column-gap-default\">\n\t\t\t\t\t<div class=\"elementor-column elementor-col-100 elementor-top-column elementor-element elementor-element-12b5d1c5\" data-id=\"12b5d1c5\" data-element_type=\"column\">\n\t\t\t<div class=\"elementor-widget-wrap elementor-element-populated\">\n\t\t\t\t\t\t\t\t<section class=\"elementor-section elementor-inner-section elementor-element elementor-element-1f2f35c8 elementor-section-boxed elementor-section-height-default elementor-section-height-default\" data-id=\"1f2f35c8\" data-element_type=\"section\">\n\t\t\t\t\t\t<div class=\"elementor-container elementor-column-gap-no\">\n\t\t\t\t\t<div class=\"elementor-column elementor-col-33 elementor-inner-column elementor-element elementor-element-38baf180\" data-id=\"38baf180\" data-element_type=\"column\" data-settings=\"{&quot;background_background&quot;:&quot;classic&quot;}\">\n\t\t\t<div class=\"elementor-widget-wrap elementor-element-populated\">\n\t\t\t\t\t\t\t\t<div class=\"elementor-element elementor-element-2fc1eb34 elementor-widget elementor-widget-menu-anchor\" data-id=\"2fc1eb34\" data-element_type=\"widget\" data-widget_type=\"menu-anchor.default\">\n\t\t\t\t<div class=\"elementor-widget-container\">\n\t\t\t<style>\/*! elementor - v3.11.2 - 22-02-2023 *\/\nbody.elementor-page .elementor-widget-menu-anchor{margin-bottom:0}<\/style>\t\t<div id=\"eventi\" class=\"elementor-menu-anchor\"><\/div>\n\t\t\t\t<\/div>\n\t\t\t\t<\/div>\n\t\t\t\t<div class=\"elementor-element elementor-element-178de398 elementor-widget elementor-widget-text-editor\" data-id=\"178de398\" data-element_type=\"widget\" data-widget_type=\"text-editor.default\">\n\t\t\t\t<div class=\"elementor-widget-container\">\n\t\t\t\t\t\t\t<img loading=\"lazy\" decoding=\"async\" class=\"alignnone size-full wp-image-64\" src=\"https:\/\/farefamiglia.it\/moowophi\/2022\/09\/icone-famiglia_0012_Etero-figli-e-casa.png\" alt=\"\" width=\"86\" height=\"80\" \/>\n<h5><span style=\"color: #000;\">EMPOWERMENT DI COPPIA<\/span><\/h5>\nimparare a utilizzare gli strumenti per valorizzare e mantenere relazioni serene e durature, e una sessualit\u00e0 armoniosa e soddisfacente\n\n&nbsp;\t\t\t\t\t\t<\/div>\n\t\t\t\t<\/div>\n\t\t\t\t<div class=\"elementor-element elementor-element-57334263 elementor-widget elementor-widget-text-editor\" data-id=\"57334263\" data-element_type=\"widget\" data-widget_type=\"text-editor.default\">\n\t\t\t\t<div class=\"elementor-widget-container\">\n\t\t\t\t\t\t\t<span style=\"font-weight: 400;\">Clicca sull&#8217;evento per registrarti<\/span>\t\t\t\t\t\t<\/div>\n\t\t\t\t<\/div>\n\t\t\t\t\t<\/div>\n\t\t<\/div>\n\t\t\t\t<div class=\"elementor-column elementor-col-66 elementor-inner-column elementor-element elementor-element-66a454f0\" data-id=\"66a454f0\" data-element_type=\"column\">\n\t\t\t<div class=\"elementor-widget-wrap elementor-element-populated\">\n\t\t\t\t\t\t\t\t<div class=\"elementor-element elementor-element-40d24fbc elementor-widget__width-initial elementor-widget elementor-widget-text-path\" data-id=\"40d24fbc\" data-element_type=\"widget\" data-settings=\"{&quot;text&quot;:&quot;Evento on-line&quot;,&quot;align&quot;:&quot;left&quot;,&quot;text_path_direction&quot;:&quot;rtl&quot;,&quot;start_point&quot;:{&quot;unit&quot;:&quot;%&quot;,&quot;size&quot;:27,&quot;sizes&quot;:[]},&quot;link&quot;:{&quot;url&quot;:&quot;&quot;,&quot;is_external&quot;:&quot;&quot;,&quot;nofollow&quot;:&quot;&quot;,&quot;custom_attributes&quot;:&quot;&quot;}}\" data-widget_type=\"text-path.default\">\n\t\t\t\t<div class=\"elementor-widget-container\">\n\t\t\t\t\t<div class=\"e-text-path elementor-animation-wobble-horizontal\" data-text=\"Evento on-line\" data-url=\"\/\/farefamiglia.it\/whywoart\/elementor\/assets\/svg-paths\/line.svg\"><\/div>\n\t\t\t\t<\/div>\n\t\t\t\t<\/div>\n\t\t\t\t<div class=\"elementor-element elementor-element-3afebaf1 elementor-widget elementor-widget-text-editor\" data-id=\"3afebaf1\" data-element_type=\"widget\" data-widget_type=\"text-editor.default\">\n\t\t\t\t<div class=\"elementor-widget-container\">\n\t\t\t\t\t\t\t<b>WEBINAR<\/b>\n\n<span style=\"font-weight: 400;\">EMPOWERMENT DI COPPIA:\n<\/span>\n<p>\n<span style=\"font-weight: 200; font-size: 15px;\">Imparare a utilizzare gli strumenti per valorizzare e mantenere relazioni serene e durature, e una sessualit\u00e0 armoniosa e soddisfacente<\/span><\/p>\n\n<p><em>Due incontri di 4 ore: 3 e 10 Dicembre 2022<\/em><\/p>\n\n<p><strong> Si richiede la partecipazione in coppia<\/strong><\/p>\n\n<hr class=\"no_line\" style=\"margin: 0 auto 20px auto\"\/>\n\n<div class='ajde_evcal_calendar eventon_single_event eventon_event evo_sin_box sev cev color esty_2' ><div class='evo-data'   data-ux_val='3' data-exturl='' data-mapscroll='true' data-mapformat='roadmap' data-mapzoom='18' ><\/div><div class='evo_cal_data' data-sc='{\"excerpt\":\"no\",\"expanded\":\"no\",\"ux_val\":3,\"exturl\":\"\",\"mapscroll\":\"true\",\"mapformat\":\"roadmap\",\"mapzoom\":\"18\",\"maps_load\":\"yes\"}'><\/div><div id='evcal_list' class='eventon_events_list '><div id=\"event_416_0\" class=\"eventon_list_event evo_eventtop scheduled  event clrD event_416_0\" data-event_id=\"416\" data-ri=\"0r\" data-time=\"1670056200-1670628600\" data-colr=\"#425de3\" itemscope itemtype='http:\/\/schema.org\/Event'><div class=\"evo_event_schema\" style=\"display:none\" ><a itemprop='url'  href='https:\/\/farefamiglia.it\/events\/empowerment-di-coppia-2\/'><\/a><meta itemprop='image' content=\"https:\/\/farefamiglia.it\/moowophi\/2022\/12\/event6-about-pic6.png\" \/><meta itemprop='startDate' content=\"2022-12-3T09:30+0:00\" \/><meta itemprop='endDate' content=\"2022-12-10T00:30+0:00\" \/><meta itemprop='eventStatus' content=\"https:\/\/schema.org\/EventScheduled\" \/><item style=\"display:none\" itemprop=\"eventAttendanceMode\" itemscope itemtype=\"https:\/\/schema.org\/OnlineEventAttendanceMode\"><\/item><div itemprop=\"offers\" itemscope itemtype=\"http:\/\/schema.org\/Offer\">\n\t\t\t\t        <div class=\"event-price\" itemprop=\"price\" content=\"149\">149<\/div>\n\t\t\t\t        <meta itemprop=\"priceCurrency\" content=\"\u20ac\">\n\t\t\t\t        <meta itemprop=\"url\" content=\"https:\/\/farefamiglia.it\/events\/empowerment-di-coppia-2\/\">\n\t\t\t\t        <meta itemprop=\"availability\" content=\"http:\/\/schema.org\/InStock\">\n\t\t\t\t        <meta itemprop=\"validFrom\" content=\"2022-12-3T09:30+0:00\">\n\t\t\t\t    <\/div><script type=\"application\/ld+json\">{\"@context\": \"http:\/\/schema.org\",\"@type\": \"Event\",\n\t\t\t\t\"@id\": \"event_416_0\",\n\t\t\t\t\"eventAttendanceMode\":\"https:\/\/schema.org\/OnlineEventAttendanceMode\",\n\t\t\t\t\"eventStatus\":\"https:\/\/schema.org\/EventScheduled\",\n\t\t\t\t\"name\": \"EMPOWERMENT DI COPPIA\",\n\t\t\t\t\"url\": \"https:\/\/farefamiglia.it\/events\/empowerment-di-coppia-2\/\",\n\t\t\t\t\"startDate\": \"2022-12-3T09:30+0:00\",\n\t\t\t\t\"endDate\": \"2022-12-10T00:30+0:00\",\n\t\t\t\t\"image\":\"https:\/\/farefamiglia.it\/moowophi\/2022\/12\/event6-about-pic6.png\", \n\t\t\t\t\"description\":\"<p><\/p> \",\"offers\":{\"@type\":\"Offer\",\"price\":\"149\",\"priceCurrency\":\"\u20ac\",\"availability\":\"http:\/\/schema.org\/InStock\",\"validFrom\":\"2022-12-3T09:30+0:00\",\"url\":\"https:\/\/farefamiglia.it\/events\/empowerment-di-coppia-2\/\"}}<\/script><\/div>\r\n\t\t\t\t<p class=\"desc_trig_outter\" style=\"\"><a data-gmap_status=\"null\" data-gmtrig=\"1\" data-exlk=\"0\" style=\"background-color: #425de3;\" id=\"evc_1670056200416\" class=\"hasFtIMG desc_trig completed-event 1 mul_val evcal_list_a\" data-ux_val=\"3\" data-ux_val_mob=\"-\"  ><span class='evoet_c1 evoet_cx '><span class='ev_ftImg' data-img='https:\/\/farefamiglia.it\/moowophi\/2022\/12\/event6-about-pic6.png' data-thumb='https:\/\/farefamiglia.it\/moowophi\/2022\/12\/event6-about-pic6-271x300.png' style='background-image:url(\"https:\/\/farefamiglia.it\/moowophi\/2022\/12\/event6-about-pic6-271x300.png\")' ><\/span><\/span><span class='evoet_c2 evoet_cx '><span class='evoet_dayblock evcal_cblock ' data-bgcolor='#425de3' data-smon='dicembre' data-syr='2022' data-bub=''><span class='evo_start '><em class='date'>03<\/em><em class='month'>dic<\/em><em class='time'><i t=\"y\">(dic 3)<\/i>9:30 am<\/em><\/span><span class='evo_end '><em class='date'>10<\/em><em class='time'><i t=\"y\">(dic 10)<\/i>12:30 am<\/em><\/span><\/span><\/span><span class='evoet_c3 evoet_cx evcal_desc hide_eventtopdata '><span class='evoet_title evcal_desc2 evcal_event_title ' itemprop='name'>EMPOWERMENT DI COPPIA<\/span><span class='evoet_subtitle evo_below_title' ><span class='evcal_event_subtitle ' >imparare a utilizzare gli strumenti per valorizzare e mantenere relazioni serene e durature, e una sessualit\u00e0 armoniosa e soddisfacente<\/span><\/span><span class='evocd_timer evoet_b1'><span class='evocd_text timeexpired' data-ex_tx='L\u2019evento ha gi\u00e0 avuto luogo'>L\u2019evento ha gi\u00e0 avuto luogo<\/span><\/span><\/span><span class='evoet_data' data-d=\"{&quot;loc.n&quot;:&quot;&quot;,&quot;orgs&quot;:[],&quot;tags&quot;:{&quot;completed&quot;:&quot;Completed&quot;,&quot;vir&quot;:&quot;\\u200eEvento Virtuale\\u200e&quot;}}\" data-bgc=\"#425de3\" data-bggrad=\"\" ><\/span><\/a><\/p><div class='event_description evcal_eventcard ' style=\"display:none\"><div class='evocard_row'><div id='event_ftimage' class='evocard_box ftimage' data-c='' \n\t\t\t\t\tstyle=''><div class='evocard_main_image_hold' data-t='Loading Image..'><div class='evocard_main_image evobr15 evobgsc evobgpc evodfx evofx_jc_c evofx_ai_c evofz48 direct' style='height:400px; background-image:url();' data-f=\"https:\/\/farefamiglia.it\/moowophi\/2022\/12\/event6-about-pic6.png\" data-h=\"864\" data-w=\"780\" data-ratio=\"1.1076923076923\" data-event_id=\"416\" data-ri=\"0\"  data-t='Loading Image..'><span style='height:400px; background-image:url(https:\/\/farefamiglia.it\/moowophi\/2022\/12\/event6-about-pic6.png)'><\/span><\/div><\/div><\/div><\/div><div class='evocard_row'><div id='event_eventdetails' class='evocard_box eventdetails' data-c='ffff19' \n\t\t\t\t\tstyle='background-color:#ffff19'><div class='evo_metarow_details evorow evcal_evdata_row evcal_event_details'>\n\t\t\t\t\t\t\t\t<div class=\"event_excerpt\" style=\"display:none\"><h3 class=\"padb5 evo_h3\">\u200eDettagli dell&#039;evento\u200e<\/h3><p><\/p><\/div><span class='evcal_evdata_icons'><i class='fa fa-align-justify'><\/i><\/span>\n\t\t\t\t\t\t\t\t\n\t\t\t\t\t\t\t\t<div class='evcal_evdata_cell '>\n\t\t\t\t\t\t\t\t\t<div class='eventon_full_description'>\n\t\t\t\t\t\t\t\t\t\t<h3 class='padb5 evo_h3'><span class='evcal_evdata_icons'><i class='fa fa-align-justify'><\/i><\/span>\u200eDettagli dell&#039;evento\u200e<\/h3>\n\t\t\t\t\t\t\t\t\t\t<div class='eventon_desc_in' itemprop='description'>\n\t\t\t\t\t\t\t\t\t\t<p><\/p>\n<\/div><div class='clear'><\/div>\n\t\t\t\t\t\t\t\t\t<\/div>\n\t\t\t\t\t\t\t\t<\/div>\n\t\t\t\t\t\t\t<\/div><\/div><\/div><div class='evocard_row'><div id='event_customfield1' class='evocard_box customfield1' data-c='' \n\t\t\t\t\tstyle=''><div class='evo_metarow_cusF1 evorow evcal_evdata_row evcal_evrow_sm '>\n\t\t\t\t\t\t\t\t<span class='evcal_evdata_icons'><i class='fa fa-calendar-alt'><\/i><\/span>\n\t\t\t\t\t\t\t\t<div class='evcal_evdata_cell'>\t\t\t\t\t\t\t\n\t\t\t\t\t\t\t\t\t<h3 class='evo_h3'>Primo giorno: data e durata dell&#039;evento <\/h3><div class='evo_custom_content evo_data_val'><p>03\/12\/2022 (3 ore) dalle 09:30 alle 12:30<\/p>\n<\/div><\/div><\/div><\/div><\/div><div class='evocard_row'><div id='event_customfield2' class='evocard_box customfield2' data-c='' \n\t\t\t\t\tstyle=''><div class='evo_metarow_cusF2 evorow evcal_evdata_row evcal_evrow_sm '>\n\t\t\t\t\t\t\t\t<span class='evcal_evdata_icons'><i class='fa fa-calendar-days'><\/i><\/span>\n\t\t\t\t\t\t\t\t<div class='evcal_evdata_cell'>\t\t\t\t\t\t\t\n\t\t\t\t\t\t\t\t\t<h3 class='evo_h3'>Secondo giorno: data e durata dell&#039;evento <\/h3><div class='evo_custom_content evo_data_val'><p>10\/12\/2022 (3 ore) dalle 09:30 alle 12:30<\/p>\n<\/div><\/div><\/div><\/div><\/div><div class='evocard_row'><div id='event_evosch' class='evocard_box evosch' data-c='' \n\t\t\t\t\tstyle=''><div id='evo_schedule' class='evo_metarow_schedule evorow evcal_evdata_row bordb evcal_evrow_sm' data-event_id='416'>\r\n\t\t\t\t\t<span class='evcal_evdata_icons'><i class='fa fa-calendar-check-o'><\/i><\/span>\r\n\t\t\t\t\t<div class='evcal_evdata_cell'><h3 class='evo_h3'>Programma<\/h3><ul class='evosch_blocks_list'><ul class='evosch_nav'><li class='evoss_show' data-day='1' title='December 3, 2022'>Giorno 1<\/li><li class='' data-day='2' title='December 10, 2022'>Giorno 2<\/li><\/ul><ul class='evosch_oneday_schedule evoss_show evosch_date_1'><li class='date'>dicembre 3, 2022<\/li><li class='evoss_block evoss_show'><div class='c'><em class='time'>09:30<\/em> \r\n\t\t\t\t\t\t\t\t<span><b class=''>Saluti &#8211; Presentazioni<\/b><span class=''><i>09:30- 09:45<\/i><div class='ct'>I webinar saranno organizzati con 2 incontri da tre ore ciascuno, il sabato mattina dalle 9.30 alle 12.30\n\n\n\n<\/div><u>Relatori: <em class=\"speaker evolb_trigger\" data-lbvals=\"{&quot;lbc&quot;:&quot;evo_get_speaker&quot;,&quot;t&quot;:&quot;Speaker Details&quot;,&quot;ajax&quot;:&quot;yes&quot;,&quot;end&quot;:&quot;client&quot;,&quot;d&quot;:{&quot;eventid&quot;:&quot;416&quot;,&quot;speaker_id&quot;:29,&quot;uid&quot;:&quot;evo_get_speaker&quot;,&quot;action&quot;:&quot;evoss_get_speaker_details&quot;,&quot;load_new_content&quot;:true}}\" >Elena Impellizzeri, <\/em><em class=\"speaker evolb_trigger\" data-lbvals=\"{&quot;lbc&quot;:&quot;evo_get_speaker&quot;,&quot;t&quot;:&quot;Speaker Details&quot;,&quot;ajax&quot;:&quot;yes&quot;,&quot;end&quot;:&quot;client&quot;,&quot;d&quot;:{&quot;eventid&quot;:&quot;416&quot;,&quot;speaker_id&quot;:28,&quot;uid&quot;:&quot;evo_get_speaker&quot;,&quot;action&quot;:&quot;evoss_get_speaker_details&quot;,&quot;load_new_content&quot;:true}}\" >Elisa Messina, <\/em><em class=\"speaker evolb_trigger\" data-lbvals=\"{&quot;lbc&quot;:&quot;evo_get_speaker&quot;,&quot;t&quot;:&quot;Speaker Details&quot;,&quot;ajax&quot;:&quot;yes&quot;,&quot;end&quot;:&quot;client&quot;,&quot;d&quot;:{&quot;eventid&quot;:&quot;416&quot;,&quot;speaker_id&quot;:24,&quot;uid&quot;:&quot;evo_get_speaker&quot;,&quot;action&quot;:&quot;evoss_get_speaker_details&quot;,&quot;load_new_content&quot;:true}}\" >Monica Carta<\/em><\/u><\/span><\/span>\r\n\t\t\t\t\t\t\t\t<\/div><\/li><li class='evoss_block evoss_hide'><div class='c'><em class='time'>09:45<\/em> \r\n\t\t\t\t\t\t\t\t<span><b class=''>Dalle premesse epistemologiche alla costruzione soggettiva di una buona relazione di coppia.<\/b><span class=''><i>09:45- 10:30<\/i><div class='ct'>Implicazioni teoriche e pragmatiche;\n<\/div><u>Relatori: <em class=\"speaker evolb_trigger\" data-lbvals=\"{&quot;lbc&quot;:&quot;evo_get_speaker&quot;,&quot;t&quot;:&quot;Speaker Details&quot;,&quot;ajax&quot;:&quot;yes&quot;,&quot;end&quot;:&quot;client&quot;,&quot;d&quot;:{&quot;eventid&quot;:&quot;416&quot;,&quot;speaker_id&quot;:28,&quot;uid&quot;:&quot;evo_get_speaker&quot;,&quot;action&quot;:&quot;evoss_get_speaker_details&quot;,&quot;load_new_content&quot;:true}}\" >Elisa Messina<\/em><\/u><\/span><\/span>\r\n\t\t\t\t\t\t\t\t<\/div><\/li><li class='evoss_block evoss_hide'><div class='c'><em class='time'>10:30 <\/em> \r\n\t\t\t\t\t\t\t\t<span><b class=''>Relazione di coppia e progetto di vita<\/b><span class=''><i>10:30 &#8211; 11:15 <\/i><div class='ct'>&#8211; Cosa sono le competenze di coppia <\/BR>\n&#8211; Come farsi gioco della crisi <\/BR>\n&#8211; Momento interattivo<\/BR>\n\n<\/div><u>Relatori: <em class=\"speaker evolb_trigger\" data-lbvals=\"{&quot;lbc&quot;:&quot;evo_get_speaker&quot;,&quot;t&quot;:&quot;Speaker Details&quot;,&quot;ajax&quot;:&quot;yes&quot;,&quot;end&quot;:&quot;client&quot;,&quot;d&quot;:{&quot;eventid&quot;:&quot;416&quot;,&quot;speaker_id&quot;:29,&quot;uid&quot;:&quot;evo_get_speaker&quot;,&quot;action&quot;:&quot;evoss_get_speaker_details&quot;,&quot;load_new_content&quot;:true}}\" >Elena Impellizzeri<\/em><\/u><\/span><\/span>\r\n\t\t\t\t\t\t\t\t<\/div><\/li><li class='evoss_block evoss_hide'><div class='c'><em class='time'>11:15 <\/em> \r\n\t\t\t\t\t\t\t\t<span><b class=''>L\u2019evoluzione dei rapporti nel corso della relazione<\/b><span class=''><i>11:15 &#8211; 12:00 <\/i><div class='ct'>Profili giuridici\n\n<\/div><u>Relatori: <em class=\"speaker evolb_trigger\" data-lbvals=\"{&quot;lbc&quot;:&quot;evo_get_speaker&quot;,&quot;t&quot;:&quot;Speaker Details&quot;,&quot;ajax&quot;:&quot;yes&quot;,&quot;end&quot;:&quot;client&quot;,&quot;d&quot;:{&quot;eventid&quot;:&quot;416&quot;,&quot;speaker_id&quot;:24,&quot;uid&quot;:&quot;evo_get_speaker&quot;,&quot;action&quot;:&quot;evoss_get_speaker_details&quot;,&quot;load_new_content&quot;:true}}\" >Monica Carta<\/em><\/u><\/span><\/span>\r\n\t\t\t\t\t\t\t\t<\/div><\/li><li class='evoss_block evoss_hide'><div class='c'><em class='time'>12:00 <\/em> \r\n\t\t\t\t\t\t\t\t<span><b class=''>Confronto-dibattito tra i partecipanti e le relatrici<\/b><span class=''><i>12:00 &#8211; 12:30 <\/i><div class='ct'>Al termine di ogni intervento ampio spazio al dibattito e confronto con i partecipanti sui temi trattati.\n\n\n<\/div><u>Relatori: <em class=\"speaker evolb_trigger\" data-lbvals=\"{&quot;lbc&quot;:&quot;evo_get_speaker&quot;,&quot;t&quot;:&quot;Speaker Details&quot;,&quot;ajax&quot;:&quot;yes&quot;,&quot;end&quot;:&quot;client&quot;,&quot;d&quot;:{&quot;eventid&quot;:&quot;416&quot;,&quot;speaker_id&quot;:29,&quot;uid&quot;:&quot;evo_get_speaker&quot;,&quot;action&quot;:&quot;evoss_get_speaker_details&quot;,&quot;load_new_content&quot;:true}}\" >Elena Impellizzeri, <\/em><em class=\"speaker evolb_trigger\" data-lbvals=\"{&quot;lbc&quot;:&quot;evo_get_speaker&quot;,&quot;t&quot;:&quot;Speaker Details&quot;,&quot;ajax&quot;:&quot;yes&quot;,&quot;end&quot;:&quot;client&quot;,&quot;d&quot;:{&quot;eventid&quot;:&quot;416&quot;,&quot;speaker_id&quot;:28,&quot;uid&quot;:&quot;evo_get_speaker&quot;,&quot;action&quot;:&quot;evoss_get_speaker_details&quot;,&quot;load_new_content&quot;:true}}\" >Elisa Messina, <\/em><em class=\"speaker evolb_trigger\" data-lbvals=\"{&quot;lbc&quot;:&quot;evo_get_speaker&quot;,&quot;t&quot;:&quot;Speaker Details&quot;,&quot;ajax&quot;:&quot;yes&quot;,&quot;end&quot;:&quot;client&quot;,&quot;d&quot;:{&quot;eventid&quot;:&quot;416&quot;,&quot;speaker_id&quot;:24,&quot;uid&quot;:&quot;evo_get_speaker&quot;,&quot;action&quot;:&quot;evoss_get_speaker_details&quot;,&quot;load_new_content&quot;:true}}\" >Monica Carta<\/em><\/u><\/span><\/span>\r\n\t\t\t\t\t\t\t\t<\/div><\/li><\/ul><\/li><ul class='evosch_oneday_schedule  evosch_date_2'><li class='date'>dicembre 10, 2022<\/li><li class='evoss_block evoss_show'><div class='c'><em class='time'>09:30 <\/em> \r\n\t\t\t\t\t\t\t\t<span><b class=''>Dove eravamo rimasti<\/b><span class=''><i>09:30 &#8211; 09:45 <\/i><div class='ct'>Spunti di riflessione dal primo incontro  \n<\/div><u>Relatori: <em class=\"speaker evolb_trigger\" data-lbvals=\"{&quot;lbc&quot;:&quot;evo_get_speaker&quot;,&quot;t&quot;:&quot;Speaker Details&quot;,&quot;ajax&quot;:&quot;yes&quot;,&quot;end&quot;:&quot;client&quot;,&quot;d&quot;:{&quot;eventid&quot;:&quot;416&quot;,&quot;speaker_id&quot;:29,&quot;uid&quot;:&quot;evo_get_speaker&quot;,&quot;action&quot;:&quot;evoss_get_speaker_details&quot;,&quot;load_new_content&quot;:true}}\" >Elena Impellizzeri, <\/em><em class=\"speaker evolb_trigger\" data-lbvals=\"{&quot;lbc&quot;:&quot;evo_get_speaker&quot;,&quot;t&quot;:&quot;Speaker Details&quot;,&quot;ajax&quot;:&quot;yes&quot;,&quot;end&quot;:&quot;client&quot;,&quot;d&quot;:{&quot;eventid&quot;:&quot;416&quot;,&quot;speaker_id&quot;:28,&quot;uid&quot;:&quot;evo_get_speaker&quot;,&quot;action&quot;:&quot;evoss_get_speaker_details&quot;,&quot;load_new_content&quot;:true}}\" >Elisa Messina, <\/em><em class=\"speaker evolb_trigger\" data-lbvals=\"{&quot;lbc&quot;:&quot;evo_get_speaker&quot;,&quot;t&quot;:&quot;Speaker Details&quot;,&quot;ajax&quot;:&quot;yes&quot;,&quot;end&quot;:&quot;client&quot;,&quot;d&quot;:{&quot;eventid&quot;:&quot;416&quot;,&quot;speaker_id&quot;:24,&quot;uid&quot;:&quot;evo_get_speaker&quot;,&quot;action&quot;:&quot;evoss_get_speaker_details&quot;,&quot;load_new_content&quot;:true}}\" >Monica Carta<\/em><\/u><\/span><\/span>\r\n\t\t\t\t\t\t\t\t<\/div><\/li><li class='evoss_block evoss_hide'><div class='c'><em class='time'>09:45 <\/em> \r\n\t\t\t\t\t\t\t\t<span><b class=''>Bisogni, aspettative, costruzioni personali<\/b><span class=''><i>09:45 &#8211; 10:30 <\/i><div class='ct'>Margini di crescita e sviluppo personali in una relazione di coppia.\n\n<\/div><u>Relatori: <em class=\"speaker evolb_trigger\" data-lbvals=\"{&quot;lbc&quot;:&quot;evo_get_speaker&quot;,&quot;t&quot;:&quot;Speaker Details&quot;,&quot;ajax&quot;:&quot;yes&quot;,&quot;end&quot;:&quot;client&quot;,&quot;d&quot;:{&quot;eventid&quot;:&quot;416&quot;,&quot;speaker_id&quot;:28,&quot;uid&quot;:&quot;evo_get_speaker&quot;,&quot;action&quot;:&quot;evoss_get_speaker_details&quot;,&quot;load_new_content&quot;:true}}\" >Elisa Messina<\/em><\/u><\/span><\/span>\r\n\t\t\t\t\t\t\t\t<\/div><\/li><li class='evoss_block evoss_hide'><div class='c'><em class='time'>10:30 <\/em> \r\n\t\t\t\t\t\t\t\t<span><b class=''> Conosciamo le nostre coppie<\/b><span class=''><i>10:30 &#8211; 11:15 <\/i><div class='ct'>Presentazioni attraverso il role playing: visualizzati nell\u2019altro<\/BR>\nFinale insieme: <\/BR>\nCondivisione risultati<\/BR>\nGiochi di fiducia <\/BR>\n\n<\/div><u>Relatori: <em class=\"speaker evolb_trigger\" data-lbvals=\"{&quot;lbc&quot;:&quot;evo_get_speaker&quot;,&quot;t&quot;:&quot;Speaker Details&quot;,&quot;ajax&quot;:&quot;yes&quot;,&quot;end&quot;:&quot;client&quot;,&quot;d&quot;:{&quot;eventid&quot;:&quot;416&quot;,&quot;speaker_id&quot;:29,&quot;uid&quot;:&quot;evo_get_speaker&quot;,&quot;action&quot;:&quot;evoss_get_speaker_details&quot;,&quot;load_new_content&quot;:true}}\" >Elena Impellizzeri<\/em><\/u><\/span><\/span>\r\n\t\t\t\t\t\t\t\t<\/div><\/li><li class='evoss_block evoss_hide'><div class='c'><em class='time'>11:15<\/em> \r\n\t\t\t\t\t\t\t\t<span><b class=''>Trattazione di casi pratici<\/b><span class=''><i>11:15- 12:00<\/i><div class='ct'>Trattazione di casi pratici\n\n<\/div><u>Relatori: <em class=\"speaker evolb_trigger\" data-lbvals=\"{&quot;lbc&quot;:&quot;evo_get_speaker&quot;,&quot;t&quot;:&quot;Speaker Details&quot;,&quot;ajax&quot;:&quot;yes&quot;,&quot;end&quot;:&quot;client&quot;,&quot;d&quot;:{&quot;eventid&quot;:&quot;416&quot;,&quot;speaker_id&quot;:24,&quot;uid&quot;:&quot;evo_get_speaker&quot;,&quot;action&quot;:&quot;evoss_get_speaker_details&quot;,&quot;load_new_content&quot;:true}}\" >Monica Carta<\/em><\/u><\/span><\/span>\r\n\t\t\t\t\t\t\t\t<\/div><\/li><li class='evoss_block evoss_hide'><div class='c'><em class='time'>12:00<\/em> \r\n\t\t\t\t\t\t\t\t<span><b class=''>Finale insieme &#8211; tiriamo le somme<\/b><span class=''><i>12:00- 12:30<\/i><div class='ct'>Test per sperimentare la crescita personale<\/div><u>Relatori: <em class=\"speaker evolb_trigger\" data-lbvals=\"{&quot;lbc&quot;:&quot;evo_get_speaker&quot;,&quot;t&quot;:&quot;Speaker Details&quot;,&quot;ajax&quot;:&quot;yes&quot;,&quot;end&quot;:&quot;client&quot;,&quot;d&quot;:{&quot;eventid&quot;:&quot;416&quot;,&quot;speaker_id&quot;:29,&quot;uid&quot;:&quot;evo_get_speaker&quot;,&quot;action&quot;:&quot;evoss_get_speaker_details&quot;,&quot;load_new_content&quot;:true}}\" >Elena Impellizzeri, <\/em><em class=\"speaker evolb_trigger\" data-lbvals=\"{&quot;lbc&quot;:&quot;evo_get_speaker&quot;,&quot;t&quot;:&quot;Speaker Details&quot;,&quot;ajax&quot;:&quot;yes&quot;,&quot;end&quot;:&quot;client&quot;,&quot;d&quot;:{&quot;eventid&quot;:&quot;416&quot;,&quot;speaker_id&quot;:28,&quot;uid&quot;:&quot;evo_get_speaker&quot;,&quot;action&quot;:&quot;evoss_get_speaker_details&quot;,&quot;load_new_content&quot;:true}}\" >Elisa Messina, <\/em><em class=\"speaker evolb_trigger\" data-lbvals=\"{&quot;lbc&quot;:&quot;evo_get_speaker&quot;,&quot;t&quot;:&quot;Speaker Details&quot;,&quot;ajax&quot;:&quot;yes&quot;,&quot;end&quot;:&quot;client&quot;,&quot;d&quot;:{&quot;eventid&quot;:&quot;416&quot;,&quot;speaker_id&quot;:24,&quot;uid&quot;:&quot;evo_get_speaker&quot;,&quot;action&quot;:&quot;evoss_get_speaker_details&quot;,&quot;load_new_content&quot;:true}}\" >Monica Carta<\/em><\/u><\/span><\/span>\r\n\t\t\t\t\t\t\t\t<\/div><\/li><\/ul><\/li><\/ul><\/div><\/div><\/div><\/div><div class='evocard_row'><div id='event_evospk' class='evocard_box evospk' data-c='' \n\t\t\t\t\tstyle=''><div id='evo_speaker' class='evo_metarow_speaker evorow evcal_evdata_row bordb evcal_evrow_sm' data-event_id='416'>\r\n\t\t\t\t\t<span class='evcal_evdata_icons'><i class='fa fa-coffee'><\/i><\/span>\r\n\t\t\t\t\t<div class='evcal_evdata_cell'><h3 class='evo_h3'>Relatori dell&#039;evento<\/h3><ul class=\"evospk_boxes\">\t\t\t\t\t\r\n\t\t\t\t\t\t<li class=\"evospk_box\">\r\n\t\t\t\t\t\t\t<span class='evospk_img_box'>\r\n\t\t\t\t\t\t\t\t<span class=\"evospk_img\" style='background-image: url(https:\/\/farefamiglia.it\/moowophi\/2022\/12\/team_0000b_Elena_Impellizzeri-287x300.webp)'><\/span>\r\n\t\t\t\t\t\t\t<\/span>\r\n\t\t\t\t\t\t\t<h3 class=\"evo_h3\">Elena Impellizzeri<\/h3>\r\n\t\t\t\t\t\t\t\t<div class='evospk_hidden'>\r\n\t\t\t\t\t\t\t\t\t<div class='evoss_speaker_lb'>\r\n\t\t\t\t\t\t\t\t\t<div class=\"evospk_img\">\r\n\t\t\t\t\t\t\t\t\t\t<span style='background-image: url(https:\/\/farefamiglia.it\/moowophi\/2022\/12\/team_0000b_Elena_Impellizzeri-287x300.webp)'><\/span><\/div>\r\n\t\t\t\t\t\t\t\t\t<div class=\"evospk_info\">\r\n\t\t\t\t\t\t\t\t\t\t<h2>Elena Impellizzeri<\/h2>\r\n\t\t\t\t\t\t\t\t\t\t<p class='evo_speaker_title'>Pedagogista e Mediatrice familiare<\/p><div class='evo_speaker_desc'><p>Laureata in Pedagogia nel 2006 nei primi anni post universitari mi sono cimentata nel supporto socio psico educativo rivolto ai minori a rischio, lavorando sia in comunit\u00e0, che in un Centro Accoglienza per donne in difficolt\u00e0. \u00c8 stato soprattutto l\u2019interesse per il bambino e le sue esigenze che nel 2010 ho scelto di aprire un nido, baby parking e doposcuola, che ho gestito negli anni successivi curando le comunicazioni con la famiglia e la crescita dei piccoli iscritti. Con l\u2019intenzione di approfondire il nesso tra psicologia ed educazione, nel 2018 ho acquisito la Laurea in Scienze e Tecniche Psicologiche. Contemporaneamente ho proseguito con la libera professione, scegliendo di dedicarmi a supportare le famiglie nell\u2019affrontare le problematiche che si affacciano spesso nel corso dello sviluppo di bambini e ragazzi. Oggi amministro, con altri 2 genitori, il gruppo \u201cL\u2019Oasi dei Separati e non\u201d che si basa sull\u2019auto mutuo aiuto e che, con la collaborazione di esperti in ambito legale e psico-educativo, mira ad indirizzare a compiere le scelte migliori in ambito separativo, per il bene dei propri figli, insegnando ad abbassare la conflittualit\u00e0. Mi occupo di consulenza pedagogica individuale e genitoriale, collaborazione nella progettazione di Piani Educativi Individualizzati per bambini e ragazzi, ma anche consulenza e mediazione con le istituzioni scolastiche.<\/p>\n<\/div>\t\t\t\t\t\t\t\t\t<\/div>\r\n\t\t\t\t\t\t\t\t\t<\/div>\r\n\t\t\t\t\t\t\t\t<\/div>\r\n\t\t\t\t\t\t\t\r\n\t\t\t\t\t\t\t\t\t\t\t\t\t\t\t<p class='evospk_job_title'>Pedagogista e Mediatrice familiare<\/p>\r\n\t\t\t\t\t\t\t\t\t\t\t\t\t\t\r\n\t\t\t\t\t\t<\/li>\t\t\t\t\t\r\n\t\t\t\t\t\t\t\t\t\t\r\n\t\t\t\t\t\t<li class=\"evospk_box\">\r\n\t\t\t\t\t\t\t<span class='evospk_img_box'>\r\n\t\t\t\t\t\t\t\t<span class=\"evospk_img\" style='background-image: url(https:\/\/farefamiglia.it\/moowophi\/2022\/12\/team_0001_Elisa_Messina-292x300.webp)'><\/span>\r\n\t\t\t\t\t\t\t<\/span>\r\n\t\t\t\t\t\t\t<h3 class=\"evo_h3\">Elisa Messina<\/h3>\r\n\t\t\t\t\t\t\t\t<div class='evospk_hidden'>\r\n\t\t\t\t\t\t\t\t\t<div class='evoss_speaker_lb'>\r\n\t\t\t\t\t\t\t\t\t<div class=\"evospk_img\">\r\n\t\t\t\t\t\t\t\t\t\t<span style='background-image: url(https:\/\/farefamiglia.it\/moowophi\/2022\/12\/team_0001_Elisa_Messina-292x300.webp)'><\/span><\/div>\r\n\t\t\t\t\t\t\t\t\t<div class=\"evospk_info\">\r\n\t\t\t\t\t\t\t\t\t\t<h2>Elisa Messina<\/h2>\r\n\t\t\t\t\t\t\t\t\t\t<p class='evo_speaker_title'>Psicologa e Psicoterapeuta<\/p><div class='evo_speaker_desc'><p>Laureata in Psicologia a Padova e Specializzata in Psicoterapia a indirizzo Costruttivista, i miei ambiti di intervento clinico sono: ansia, attacchi di panico, depressione e terapia di coppia.<\/p>\n<p>Ho conseguito una formazione avanzata presso la Open Academy of Medicine sulle \u201csindromi funzionali corporee\u201d (psicosomatica). Nel 2020 ho fondato la Community Separarsi Serenamente per le coppie che vogliono affrontare la crisi relazionale con consapevolezza e garantire un benessere psico-affettivo ai figli nonostante le difficolt\u00e0 del momento. Sono autrice di innumerevoli contenuti online sulle relazioni e di un Manuale per iniziare a lavorare sulla propria \u2018rinascita relazionale\u2019.<\/p>\n<p>Insieme capiremo come funzionano le relazioni umane, cosa differenzia una buona relazione da una relazione insoddisfacente e cosa riduce il rischio di rotture e divorzi. Parleremo di comunicazione umana, della capacit\u00e0 di affrontare i problemi, del delicato passaggio da coppia a genitori e di tutte le trasformazioni che richiedono una capacit\u00e0 di cambiamento attivo.<\/p>\n<\/div><p class='evoss_url extra'><em>URL<\/em> <a target='_blank' href='https:\/\/www.separarsiserenamente.it\/'>https:\/\/www.separarsiserenamente.it\/<\/a><\/p>\t\t\t\t\t\t\t\t\t<\/div>\r\n\t\t\t\t\t\t\t\t\t<\/div>\r\n\t\t\t\t\t\t\t\t<\/div>\r\n\t\t\t\t\t\t\t\r\n\t\t\t\t\t\t\t\t\t\t\t\t\t\t\t<p class='evospk_job_title'>Psicologa e Psicoterapeuta<\/p>\r\n\t\t\t\t\t\t\t\t\t\t\t\t\t\t\r\n\t\t\t\t\t\t<\/li>\t\t\t\t\t\r\n\t\t\t\t\t\t\t\t\t\t\r\n\t\t\t\t\t\t<li class=\"evospk_box\">\r\n\t\t\t\t\t\t\t<span class='evospk_img_box'>\r\n\t\t\t\t\t\t\t\t<span class=\"evospk_img\" style='background-image: url(https:\/\/farefamiglia.it\/moowophi\/2022\/12\/monica-300x300.webp)'><\/span>\r\n\t\t\t\t\t\t\t<\/span>\r\n\t\t\t\t\t\t\t<h3 class=\"evo_h3\">Monica Carta<\/h3>\r\n\t\t\t\t\t\t\t\t<div class='evospk_hidden'>\r\n\t\t\t\t\t\t\t\t\t<div class='evoss_speaker_lb'>\r\n\t\t\t\t\t\t\t\t\t<div class=\"evospk_img\">\r\n\t\t\t\t\t\t\t\t\t\t<span style='background-image: url(https:\/\/farefamiglia.it\/moowophi\/2022\/12\/monica-300x300.webp)'><\/span><\/div>\r\n\t\t\t\t\t\t\t\t\t<div class=\"evospk_info\">\r\n\t\t\t\t\t\t\t\t\t\t<h2>Monica Carta<\/h2>\r\n\t\t\t\t\t\t\t\t\t\t<p class='evo_speaker_title'>Avvocato e Mediatrice Familiare<\/p><div class='evo_speaker_desc'><p>Laureata in giurisprudenza presso l\u2019Universit\u00e0 degli Studi di Catania, sono avvocato, mediatrice familiare e sociale e coordinatrice genitoriale.<br \/>\nL\u2019esperienza professionale, accompagnata dallo studio dei processi che regolano le relazioni umane, mi ha sempre pi\u00f9 convinta della complessit\u00e0 delle controversie familiari e delle complesse dinamiche che generano la rottura dei rapporti.<\/p>\n<p>Ed \u00e8 cos\u00ec che, certa dell\u2019importanza di un approccio non esclusivamente legale-giudiziale alla gestione delle controversie, soprattutto quelle riguardanti la famiglia, ho  integrato la mia formazione giuridica conseguendo nel 2018 il master biennale in Mediazione Familiare*, Penale, Penale Minorile e in ambito sanitario-lavorativo, presso l\u2019Associazione Me.Dia.Re. di Torino.<\/p>\n<p>Applicando da diversi anni questo approccio, con ottimi risultati, ho verificato come moltissime situazioni conflittuali, se prese in tempo, possono condurre ad un esito diverso.<\/p>\n<\/div><p class='evo_speaker_social'><a target='_blank' href='https:\/\/www.facebook.com\/monica.carta.94' class='fa fa-facebook'><\/a><\/p>\t\t\t\t\t\t\t\t\t<\/div>\r\n\t\t\t\t\t\t\t\t\t<\/div>\r\n\t\t\t\t\t\t\t\t<\/div>\r\n\t\t\t\t\t\t\t\r\n\t\t\t\t\t\t\t\t\t\t\t\t\t\t\t<p class='evospk_job_title'>Avvocato e Mediatrice Familiare<\/p>\r\n\t\t\t\t\t\t\t\t\t\t\t\t\t\t\r\n\t\t\t\t\t\t<\/li>\t\t\t\t\t\r\n\t\t\t\t\t<\/ul><div class=\"clear\"><\/div><\/div><\/div><\/div><\/div><div class='evocard_row'><div id='event_virtual' class='evocard_box virtual' data-c='' \n\t\t\t\t\tstyle=''>\t\t<div class='evo_metarow_virtual evorow evcal_evdata_row'>\n\t\t\t<span class='evcal_evdata_icons'><i class='fa fa-globe'><\/i><\/span>\n\t\t\t<div class='evcal_evdata_cell'>\n\t\t\t\t<h3 class='evo_h3'>\u200eDettagli dell&#039;evento virtuale\u200e<\/h3>\n\t\t\t\t\n\t\t\t\t\t\t\t\t\n\t\t\t\t<div class='evo_vir_pre_content' style='padding-bottom: 10px;'>\n\t\t\t\t\t\t\t\t\t\t\t\n\t\t\t\t<\/div>\t\t\t\n\t\t\t\t\n\t\t\t\t\t\t\t\t\n\t\t\t\t\t\t\t\t\n\t\t\t\t\t\t\t\t\t\n\t\t\t\t\n\t\t\t\t<div class='evo_vir_post_content'><p class='evo_vir_past_content'>\u200eL&#039;evento ha gi\u00e0 avuto luogo\u200e!<\/p><\/div>\t\t\t\t\n\t\t\t\t\t\t\t\t<div class='evo_vir_data evo_refresh_on_heartbeat' data-key=\"evo_vir_data\" data-refresh=\"1\" data-single=\"n\" data-stage=\"post\" data-refresh_main=\"y\" data-vir_type=\"zoom\" data-mod_joined=\"left\" data-ismod=\"n\" data-check_awaitmod=\"1\" ><\/div>\n\n\t\t\t\t\t\t\t\t\n\t\t\t<\/div>\n\t\t<\/div>\n\n\t\t<\/div><\/div><div class='evocard_row'><div id='event_addtocal' class='evocard_box addtocal' data-c='' \n\t\t\t\t\tstyle=''><div class='evo_metarow_ICS evorow evcal_evdata_row'>\n\t\t\t\t\t\t\t\t\t<span class='evcal_evdata_icons'><i class='fa fa-calendar-o'><\/i><\/span>\n\t\t\t\t\t\t\t\t\t<div class='evcal_evdata_cell'>\n\t\t\t\t\t\t\t\t\t\t<p><a href='\/\/www.google.com\/calendar\/event?action=TEMPLATE&amp;text=EMPOWERMENT+DI+COPPIA&amp;dates=20221203T083000Z\/20221209T233000Z&amp;ctz=Europe\/Berlin&amp;details=EMPOWERMENT+DI+COPPIA&amp;location=' target='_blank' class='evo_ics_gCal' title='Aggiungi al tuo Calendario Google'>Aggiungi al Calendario Google<\/a><\/p>\t\n\t\t\t\t\t\t\t\t\t<\/div>\n\t\t\t\t\t\t\t\t<\/div><\/div><\/div><div class='evocard_row'><div id='event_evosocial' class='evocard_box evosocial' data-c='' \n\t\t\t\t\tstyle=''><div class='evo_metarow_socialmedia evcal_evdata_row '><div class='evo_sm FacebookShare'><a class=\" evo_ss\" target=\"_blank\" onclick=\"javascript:window.open(this.href, '', 'left=50,top=50,width=600,height=350,toolbar=0');return false;\"\r\n\t\t\t\t\t\thref=\"\/\/www.facebook.com\/sharer.php?u=https%3A%2F%2Ffarefamiglia.it%2Fevents%2Fempowerment-di-coppia-2%2F\" title=\"Condividi su Facebook\"><i class=\"fa fab fa-facebook\"><\/i><\/a><\/div><div class='evo_sm LinkedIn'><a class=\"li evo_ss\" href=\"\/\/www.linkedin.com\/shareArticle?mini=true&#038;url=https%3A%2F%2Ffarefamiglia.it%2Fevents%2Fempowerment-di-coppia-2%2F&#038;title=EMPOWERMENT%20DI%20COPPIA&#038;summary=\" target=\"_blank\" title=\"Condividi su Linkedin\"><i class=\"fa fab fa-linkedin\"><\/i><\/a><\/div><div class='evo_sm copy'><a class=\"copy evo_ss\" data-l=\"https%3A%2F%2Ffarefamiglia.it%2Fevents%2Fempowerment-di-coppia-2%2F\" data-t=\"Event Link Copied to Clipboard!\" title=\"Copy Link\"><i class=\"fa fa-copy\"><\/i><\/a><\/div><div class='evo_sm EmailShare'><a class=\"em evo_ss\" href=\"mailto:?subject=EMPOWERMENT%20DI%20COPPIA&#038;body=Nome dell&#039;evento: EMPOWERMENT%20DI%20COPPIA%0AData Evento: Dicembre 3, 2022 9:30 Am - Dicembre 10, 2022 12:30 Am%0ALink: https%3A%2F%2Ffarefamiglia.it%2Fevents%2Fempowerment-di-coppia-2%2F%0A\" target=\"_blank\"><i class=\"fa fa-envelope\"><\/i><\/a><\/div><\/div><\/div><\/div><div class='evo_card_row_end evcal_close' title='Testo per il pulsante chiudi evento\u200e'><\/div><\/div><div class='clear end'><\/div><\/div><\/div><\/div>\n<div id=\"simple-translate\" class=\"simple-translate-system-theme\"><\/div>\t\t\t\t\t\t<\/div>\n\t\t\t\t<\/div>\n\t\t\t\t\t<\/div>\n\t\t<\/div>\n\t\t\t\t\t\t\t<\/div>\n\t\t<\/section>\n\t\t\t\t<section class=\"elementor-section elementor-inner-section elementor-element elementor-element-7c4c4ea3 elementor-section-boxed elementor-section-height-default elementor-section-height-default\" data-id=\"7c4c4ea3\" data-element_type=\"section\">\n\t\t\t\t\t\t<div class=\"elementor-container elementor-column-gap-default\">\n\t\t\t\t\t<div class=\"elementor-column elementor-col-100 elementor-inner-column elementor-element elementor-element-360c2803\" data-id=\"360c2803\" data-element_type=\"column\">\n\t\t\t<div class=\"elementor-widget-wrap elementor-element-populated\">\n\t\t\t\t\t\t\t\t<div class=\"elementor-element elementor-element-152da526 elementor-widget elementor-widget-spacer\" data-id=\"152da526\" data-element_type=\"widget\" data-widget_type=\"spacer.default\">\n\t\t\t\t<div class=\"elementor-widget-container\">\n\t\t\t\t\t<div class=\"elementor-spacer\">\n\t\t\t<div class=\"elementor-spacer-inner\"><\/div>\n\t\t<\/div>\n\t\t\t\t<\/div>\n\t\t\t\t<\/div>\n\t\t\t\t\t<\/div>\n\t\t<\/div>\n\t\t\t\t\t\t\t<\/div>\n\t\t<\/section>\n\t\t\t\t<section class=\"elementor-section elementor-inner-section elementor-element elementor-element-7ba4b503 elementor-reverse-mobile elementor-section-boxed elementor-section-height-default elementor-section-height-default\" data-id=\"7ba4b503\" data-element_type=\"section\">\n\t\t\t\t\t\t<div class=\"elementor-container elementor-column-gap-no\">\n\t\t\t\t\t<div class=\"elementor-column elementor-col-66 elementor-inner-column elementor-element elementor-element-3f2277c5\" data-id=\"3f2277c5\" data-element_type=\"column\">\n\t\t\t<div class=\"elementor-widget-wrap elementor-element-populated\">\n\t\t\t\t\t\t\t\t<div class=\"elementor-element elementor-element-4187525b elementor-widget__width-initial elementor-widget elementor-widget-text-path\" data-id=\"4187525b\" data-element_type=\"widget\" data-settings=\"{&quot;text&quot;:&quot;Evento on-line&quot;,&quot;align&quot;:&quot;left&quot;,&quot;text_path_direction&quot;:&quot;rtl&quot;,&quot;start_point&quot;:{&quot;unit&quot;:&quot;%&quot;,&quot;size&quot;:21,&quot;sizes&quot;:[]},&quot;link&quot;:{&quot;url&quot;:&quot;&quot;,&quot;is_external&quot;:&quot;&quot;,&quot;nofollow&quot;:&quot;&quot;,&quot;custom_attributes&quot;:&quot;&quot;}}\" data-widget_type=\"text-path.default\">\n\t\t\t\t<div class=\"elementor-widget-container\">\n\t\t\t\t\t<div class=\"e-text-path elementor-animation-wobble-horizontal\" data-text=\"Evento on-line\" data-url=\"\/\/farefamiglia.it\/whywoart\/elementor\/assets\/svg-paths\/line.svg\"><\/div>\n\t\t\t\t<\/div>\n\t\t\t\t<\/div>\n\t\t\t\t<div class=\"elementor-element elementor-element-699b7458 elementor-widget elementor-widget-text-editor\" data-id=\"699b7458\" data-element_type=\"widget\" data-widget_type=\"text-editor.default\">\n\t\t\t\t<div class=\"elementor-widget-container\">\n\t\t\t\t\t\t\t<b>WEBINAR<\/b>\n\n<span style=\"font-weight: 400;\">CRISI DI COPPIA:\n<\/span>\n\n<p><span style=\"font-weight: 200; font-size: 15px;\">risolvere dubbi, incertezze, o problemi che sembrano insormontabili, ritrovando l\u2019intesa e un rapporto sereno ed equilibrato.<\/span><\/p>\n\n<em>Due incontri di 4 ore:\u00a0 7 e 14 Gennaio<\/em>\n\n<p>Si richiede la partecipazione in coppia<\/p>\n\n<hr class=\"no_line\" style=\"margin: 0 auto 20px auto\"\/>\n\n<div class='ajde_evcal_calendar eventon_single_event eventon_event evo_sin_box sev cev color esty_2' ><div class='evo-data'   data-ux_val='3' data-exturl='' data-mapscroll='true' data-mapformat='roadmap' data-mapzoom='18' ><\/div><div class='evo_cal_data' data-sc='{\"excerpt\":\"no\",\"expanded\":\"no\",\"ux_val\":3,\"exturl\":\"\",\"mapscroll\":\"true\",\"mapformat\":\"roadmap\",\"mapzoom\":\"18\",\"maps_load\":\"yes\"}'><\/div><div id='evcal_list' class='eventon_events_list '><div id=\"event_426_0\" class=\"eventon_list_event evo_eventtop scheduled  event clrD event_426_0\" data-event_id=\"426\" data-ri=\"0r\" data-time=\"1673080200-1673652600\" data-colr=\"#425de3\" itemscope itemtype='http:\/\/schema.org\/Event'><div class=\"evo_event_schema\" style=\"display:none\" ><a itemprop='url'  href='https:\/\/farefamiglia.it\/events\/crisi-di-coppia\/'><\/a><meta itemprop='image' content=\"https:\/\/farefamiglia.it\/moowophi\/2022\/12\/event6-about-pic6.png\" \/><meta itemprop='startDate' content=\"2023-1-7T09:30+0:00\" \/><meta itemprop='endDate' content=\"2023-1-14T00:30+0:00\" \/><meta itemprop='eventStatus' content=\"https:\/\/schema.org\/EventScheduled\" \/><item style=\"display:none\" itemprop=\"eventAttendanceMode\" itemscope itemtype=\"https:\/\/schema.org\/OnlineEventAttendanceMode\"><\/item><div itemprop=\"offers\" itemscope itemtype=\"http:\/\/schema.org\/Offer\">\n\t\t\t\t        <div class=\"event-price\" itemprop=\"price\" content=\"149\">149<\/div>\n\t\t\t\t        <meta itemprop=\"priceCurrency\" content=\"\u20ac\">\n\t\t\t\t        <meta itemprop=\"url\" content=\"https:\/\/farefamiglia.it\/events\/crisi-di-coppia\/\">\n\t\t\t\t        <meta itemprop=\"availability\" content=\"http:\/\/schema.org\/InStock\">\n\t\t\t\t        <meta itemprop=\"validFrom\" content=\"2023-1-7T09:30+0:00\">\n\t\t\t\t    <\/div><script type=\"application\/ld+json\">{\"@context\": \"http:\/\/schema.org\",\"@type\": \"Event\",\n\t\t\t\t\"@id\": \"event_426_0\",\n\t\t\t\t\"eventAttendanceMode\":\"https:\/\/schema.org\/OnlineEventAttendanceMode\",\n\t\t\t\t\"eventStatus\":\"https:\/\/schema.org\/EventScheduled\",\n\t\t\t\t\"name\": \"CRISI DI COPPIA\",\n\t\t\t\t\"url\": \"https:\/\/farefamiglia.it\/events\/crisi-di-coppia\/\",\n\t\t\t\t\"startDate\": \"2023-1-7T09:30+0:00\",\n\t\t\t\t\"endDate\": \"2023-1-14T00:30+0:00\",\n\t\t\t\t\"image\":\"https:\/\/farefamiglia.it\/moowophi\/2022\/12\/event6-about-pic6.png\", \n\t\t\t\t\"description\":\"<p><\/p> \",\"offers\":{\"@type\":\"Offer\",\"price\":\"149\",\"priceCurrency\":\"\u20ac\",\"availability\":\"http:\/\/schema.org\/InStock\",\"validFrom\":\"2023-1-7T09:30+0:00\",\"url\":\"https:\/\/farefamiglia.it\/events\/crisi-di-coppia\/\"}}<\/script><\/div>\r\n\t\t\t\t<p class=\"desc_trig_outter\" style=\"\"><a data-gmap_status=\"null\" data-gmtrig=\"1\" data-exlk=\"0\" style=\"background-color: #425de3;\" id=\"evc_1673080200426\" class=\"hasFtIMG desc_trig completed-event 1 mul_val evcal_list_a\" data-ux_val=\"3\" data-ux_val_mob=\"-\"  ><span class='evoet_c1 evoet_cx '><span class='ev_ftImg' data-img='https:\/\/farefamiglia.it\/moowophi\/2022\/12\/event6-about-pic6.png' data-thumb='https:\/\/farefamiglia.it\/moowophi\/2022\/12\/event6-about-pic6-271x300.png' style='background-image:url(\"https:\/\/farefamiglia.it\/moowophi\/2022\/12\/event6-about-pic6-271x300.png\")' ><\/span><\/span><span class='evoet_c2 evoet_cx '><span class='evoet_dayblock evcal_cblock ' data-bgcolor='#425de3' data-smon='gennaio' data-syr='2023' data-bub=''><span class='evo_start '><em class='date'>07<\/em><em class='month'>gen<\/em><em class='time'><i t=\"y\">(gen 7)<\/i>9:30 am<\/em><\/span><span class='evo_end '><em class='date'>14<\/em><em class='time'><i t=\"y\">(gen 14)<\/i>12:30 am<\/em><\/span><\/span><\/span><span class='evoet_c3 evoet_cx evcal_desc hide_eventtopdata '><span class='evoet_title evcal_desc2 evcal_event_title ' itemprop='name'>CRISI DI COPPIA<\/span><span class='evoet_subtitle evo_below_title' ><span class='evcal_event_subtitle ' >Risolvere dubbi, incertezze, o problemi che sembrano insormontabili, ritrovando l\u2019intesa e un rapporto sereno ed equilibrato.<\/span><\/span><span class='evocd_timer evoet_b1'><span class='evocd_text timeexpired' data-ex_tx='L'evento ha gi\u00e0 avuto luogo'>L&#8217;evento ha gi\u00e0 avuto luogo<\/span><\/span><\/span><span class='evoet_data' data-d=\"{&quot;loc.n&quot;:&quot;&quot;,&quot;orgs&quot;:[],&quot;tags&quot;:{&quot;completed&quot;:&quot;Completed&quot;,&quot;vir&quot;:&quot;\\u200eEvento Virtuale\\u200e&quot;}}\" data-bgc=\"#425de3\" data-bggrad=\"\" ><\/span><\/a><\/p><div class='event_description evcal_eventcard ' style=\"display:none\"><div class='evocard_row'><div id='event_ftimage' class='evocard_box ftimage' data-c='' \n\t\t\t\t\tstyle=''><div class='evocard_main_image_hold' data-t='Loading Image..'><div class='evocard_main_image evobr15 evobgsc evobgpc evodfx evofx_jc_c evofx_ai_c evofz48 direct' style='height:400px; background-image:url();' data-f=\"https:\/\/farefamiglia.it\/moowophi\/2022\/12\/event6-about-pic6.png\" data-h=\"864\" data-w=\"780\" data-ratio=\"1.1076923076923\" data-event_id=\"426\" data-ri=\"0\"  data-t='Loading Image..'><span style='height:400px; background-image:url(https:\/\/farefamiglia.it\/moowophi\/2022\/12\/event6-about-pic6.png)'><\/span><\/div><\/div><\/div><\/div><div class='evocard_row'><div id='event_eventdetails' class='evocard_box eventdetails' data-c='ffff19' \n\t\t\t\t\tstyle='background-color:#ffff19'><div class='evo_metarow_details evorow evcal_evdata_row evcal_event_details'>\n\t\t\t\t\t\t\t\t<div class=\"event_excerpt\" style=\"display:none\"><h3 class=\"padb5 evo_h3\">\u200eDettagli dell&#039;evento\u200e<\/h3><p><\/p><\/div><span class='evcal_evdata_icons'><i class='fa fa-align-justify'><\/i><\/span>\n\t\t\t\t\t\t\t\t\n\t\t\t\t\t\t\t\t<div class='evcal_evdata_cell '>\n\t\t\t\t\t\t\t\t\t<div class='eventon_full_description'>\n\t\t\t\t\t\t\t\t\t\t<h3 class='padb5 evo_h3'><span class='evcal_evdata_icons'><i class='fa fa-align-justify'><\/i><\/span>\u200eDettagli dell&#039;evento\u200e<\/h3>\n\t\t\t\t\t\t\t\t\t\t<div class='eventon_desc_in' itemprop='description'>\n\t\t\t\t\t\t\t\t\t\t<p><\/p>\n<\/div><div class='clear'><\/div>\n\t\t\t\t\t\t\t\t\t<\/div>\n\t\t\t\t\t\t\t\t<\/div>\n\t\t\t\t\t\t\t<\/div><\/div><\/div><div class='evocard_row'><div id='event_customfield1' class='evocard_box customfield1' data-c='' \n\t\t\t\t\tstyle=''><div class='evo_metarow_cusF1 evorow evcal_evdata_row evcal_evrow_sm '>\n\t\t\t\t\t\t\t\t<span class='evcal_evdata_icons'><i class='fa fa-calendar-alt'><\/i><\/span>\n\t\t\t\t\t\t\t\t<div class='evcal_evdata_cell'>\t\t\t\t\t\t\t\n\t\t\t\t\t\t\t\t\t<h3 class='evo_h3'>Primo giorno: data e durata dell&#039;evento <\/h3><div class='evo_custom_content evo_data_val'><p>07\/01\/2023 (3 ore) dalle 09:30 alle 12:30<\/p>\n<\/div><\/div><\/div><\/div><\/div><div class='evocard_row'><div id='event_customfield2' class='evocard_box customfield2' data-c='' \n\t\t\t\t\tstyle=''><div class='evo_metarow_cusF2 evorow evcal_evdata_row evcal_evrow_sm '>\n\t\t\t\t\t\t\t\t<span class='evcal_evdata_icons'><i class='fa fa-calendar-days'><\/i><\/span>\n\t\t\t\t\t\t\t\t<div class='evcal_evdata_cell'>\t\t\t\t\t\t\t\n\t\t\t\t\t\t\t\t\t<h3 class='evo_h3'>Secondo giorno: data e durata dell&#039;evento <\/h3><div class='evo_custom_content evo_data_val'><p>14\/01\/2023 (3 ore) dalle 09:30 alle 12:30<\/p>\n<\/div><\/div><\/div><\/div><\/div><div class='evocard_row'><div id='event_evosch' class='evocard_box evosch' data-c='' \n\t\t\t\t\tstyle=''><div id='evo_schedule' class='evo_metarow_schedule evorow evcal_evdata_row bordb evcal_evrow_sm' data-event_id='426'>\r\n\t\t\t\t\t<span class='evcal_evdata_icons'><i class='fa fa-calendar-check-o'><\/i><\/span>\r\n\t\t\t\t\t<div class='evcal_evdata_cell'><h3 class='evo_h3'>Programma<\/h3><ul class='evosch_blocks_list'><ul class='evosch_nav'><li class='evoss_show' data-day='1' title='January 7, 2023'>Giorno 1<\/li><li class='' data-day='2' title='January 14, 2023'>Giorno 2<\/li><\/ul><ul class='evosch_oneday_schedule evoss_show evosch_date_1'><li class='date'>gennaio 7, 2023<\/li><li class='evoss_block evoss_show'><div class='c'><em class='time'>09:30<\/em> \r\n\t\t\t\t\t\t\t\t<span><b class=''>Saluti &#8211; Presentazioni<\/b><span class=''><i>09:30- 09:45<\/i><div class='ct'>I webinar saranno organizzati con 2 incontri da tre ore ciascuno, il sabato mattina dalle 9.30 alle 12.30\n\n\n\n<\/div><u>Relatori: <em class=\"speaker evolb_trigger\" data-lbvals=\"{&quot;lbc&quot;:&quot;evo_get_speaker&quot;,&quot;t&quot;:&quot;Speaker Details&quot;,&quot;ajax&quot;:&quot;yes&quot;,&quot;end&quot;:&quot;client&quot;,&quot;d&quot;:{&quot;eventid&quot;:&quot;426&quot;,&quot;speaker_id&quot;:29,&quot;uid&quot;:&quot;evo_get_speaker&quot;,&quot;action&quot;:&quot;evoss_get_speaker_details&quot;,&quot;load_new_content&quot;:true}}\" >Elena Impellizzeri, <\/em><em class=\"speaker evolb_trigger\" data-lbvals=\"{&quot;lbc&quot;:&quot;evo_get_speaker&quot;,&quot;t&quot;:&quot;Speaker Details&quot;,&quot;ajax&quot;:&quot;yes&quot;,&quot;end&quot;:&quot;client&quot;,&quot;d&quot;:{&quot;eventid&quot;:&quot;426&quot;,&quot;speaker_id&quot;:28,&quot;uid&quot;:&quot;evo_get_speaker&quot;,&quot;action&quot;:&quot;evoss_get_speaker_details&quot;,&quot;load_new_content&quot;:true}}\" >Elisa Messina, <\/em><em class=\"speaker evolb_trigger\" data-lbvals=\"{&quot;lbc&quot;:&quot;evo_get_speaker&quot;,&quot;t&quot;:&quot;Speaker Details&quot;,&quot;ajax&quot;:&quot;yes&quot;,&quot;end&quot;:&quot;client&quot;,&quot;d&quot;:{&quot;eventid&quot;:&quot;426&quot;,&quot;speaker_id&quot;:24,&quot;uid&quot;:&quot;evo_get_speaker&quot;,&quot;action&quot;:&quot;evoss_get_speaker_details&quot;,&quot;load_new_content&quot;:true}}\" >Monica Carta<\/em><\/u><\/span><\/span>\r\n\t\t\t\t\t\t\t\t<\/div><\/li><li class='evoss_block evoss_hide'><div class='c'><em class='time'>09:45<\/em> \r\n\t\t\t\t\t\t\t\t<span><b class=''>Gli elementi di crisi della coppia.<\/b><span class=''><i>09:45- 10:30<\/i><div class='ct'>L\u2019incastro im-perfetto. <\/BR>\nCenni sulla teoria dell\u2019Accoppiamento Strutturale (H. Maturana e F. Varela, 1987) e implicazioni nella prassi sociale.\n<\/div><u>Relatori: <em class=\"speaker evolb_trigger\" data-lbvals=\"{&quot;lbc&quot;:&quot;evo_get_speaker&quot;,&quot;t&quot;:&quot;Speaker Details&quot;,&quot;ajax&quot;:&quot;yes&quot;,&quot;end&quot;:&quot;client&quot;,&quot;d&quot;:{&quot;eventid&quot;:&quot;426&quot;,&quot;speaker_id&quot;:28,&quot;uid&quot;:&quot;evo_get_speaker&quot;,&quot;action&quot;:&quot;evoss_get_speaker_details&quot;,&quot;load_new_content&quot;:true}}\" >Elisa Messina<\/em><\/u><\/span><\/span>\r\n\t\t\t\t\t\t\t\t<\/div><\/li><li class='evoss_block evoss_hide'><div class='c'><em class='time'>10:30 <\/em> \r\n\t\t\t\t\t\t\t\t<span><b class=''>A che punto siamo<\/b><span class=''><i>10:30 &#8211; 11:15 <\/i><div class='ct'>Quando i cambiamenti destabilizzano<\/BR>\nCome superare il conflitto in modo costruttivo: strategie di coppia \n<\/div><u>Relatori: <em class=\"speaker evolb_trigger\" data-lbvals=\"{&quot;lbc&quot;:&quot;evo_get_speaker&quot;,&quot;t&quot;:&quot;Speaker Details&quot;,&quot;ajax&quot;:&quot;yes&quot;,&quot;end&quot;:&quot;client&quot;,&quot;d&quot;:{&quot;eventid&quot;:&quot;426&quot;,&quot;speaker_id&quot;:29,&quot;uid&quot;:&quot;evo_get_speaker&quot;,&quot;action&quot;:&quot;evoss_get_speaker_details&quot;,&quot;load_new_content&quot;:true}}\" >Elena Impellizzeri<\/em><\/u><\/span><\/span>\r\n\t\t\t\t\t\t\t\t<\/div><\/li><li class='evoss_block evoss_hide'><div class='c'><em class='time'>11:15 <\/em> \r\n\t\t\t\t\t\t\t\t<span><b class=''>Conflitto familiare nella coppia e nella rete familiare.<\/b><span class=''><i>11:15 &#8211; 12:00 <\/i><div class='ct'>Trattazione di casi pratici.\n\n<\/div><u>Relatori: <em class=\"speaker evolb_trigger\" data-lbvals=\"{&quot;lbc&quot;:&quot;evo_get_speaker&quot;,&quot;t&quot;:&quot;Speaker Details&quot;,&quot;ajax&quot;:&quot;yes&quot;,&quot;end&quot;:&quot;client&quot;,&quot;d&quot;:{&quot;eventid&quot;:&quot;426&quot;,&quot;speaker_id&quot;:24,&quot;uid&quot;:&quot;evo_get_speaker&quot;,&quot;action&quot;:&quot;evoss_get_speaker_details&quot;,&quot;load_new_content&quot;:true}}\" >Monica Carta<\/em><\/u><\/span><\/span>\r\n\t\t\t\t\t\t\t\t<\/div><\/li><li class='evoss_block evoss_hide'><div class='c'><em class='time'>12:00 <\/em> \r\n\t\t\t\t\t\t\t\t<span><b class=''>Spazio al dibattito<\/b><span class=''><i>12:00 &#8211; 12:30 <\/i><div class='ct'>Al termine di ogni intervento ampio spazio al dibattito e confronto con i partecipanti sui temi trattati.\n<\/div><u>Relatori: <em class=\"speaker evolb_trigger\" data-lbvals=\"{&quot;lbc&quot;:&quot;evo_get_speaker&quot;,&quot;t&quot;:&quot;Speaker Details&quot;,&quot;ajax&quot;:&quot;yes&quot;,&quot;end&quot;:&quot;client&quot;,&quot;d&quot;:{&quot;eventid&quot;:&quot;426&quot;,&quot;speaker_id&quot;:29,&quot;uid&quot;:&quot;evo_get_speaker&quot;,&quot;action&quot;:&quot;evoss_get_speaker_details&quot;,&quot;load_new_content&quot;:true}}\" >Elena Impellizzeri, <\/em><em class=\"speaker evolb_trigger\" data-lbvals=\"{&quot;lbc&quot;:&quot;evo_get_speaker&quot;,&quot;t&quot;:&quot;Speaker Details&quot;,&quot;ajax&quot;:&quot;yes&quot;,&quot;end&quot;:&quot;client&quot;,&quot;d&quot;:{&quot;eventid&quot;:&quot;426&quot;,&quot;speaker_id&quot;:28,&quot;uid&quot;:&quot;evo_get_speaker&quot;,&quot;action&quot;:&quot;evoss_get_speaker_details&quot;,&quot;load_new_content&quot;:true}}\" >Elisa Messina, <\/em><em class=\"speaker evolb_trigger\" data-lbvals=\"{&quot;lbc&quot;:&quot;evo_get_speaker&quot;,&quot;t&quot;:&quot;Speaker Details&quot;,&quot;ajax&quot;:&quot;yes&quot;,&quot;end&quot;:&quot;client&quot;,&quot;d&quot;:{&quot;eventid&quot;:&quot;426&quot;,&quot;speaker_id&quot;:24,&quot;uid&quot;:&quot;evo_get_speaker&quot;,&quot;action&quot;:&quot;evoss_get_speaker_details&quot;,&quot;load_new_content&quot;:true}}\" >Monica Carta<\/em><\/u><\/span><\/span>\r\n\t\t\t\t\t\t\t\t<\/div><\/li><\/ul><\/li><ul class='evosch_oneday_schedule  evosch_date_2'><li class='date'>gennaio 14, 2023<\/li><li class='evoss_block evoss_show'><div class='c'><em class='time'>09:30 <\/em> \r\n\t\t\t\t\t\t\t\t<span><b class=''>Dove eravamo rimasti<\/b><span class=''><i>09:30 &#8211; 09:45 <\/i><div class='ct'>Spunti di riflessione dal primo incontro  \n<\/div><u>Relatori: <em class=\"speaker evolb_trigger\" data-lbvals=\"{&quot;lbc&quot;:&quot;evo_get_speaker&quot;,&quot;t&quot;:&quot;Speaker Details&quot;,&quot;ajax&quot;:&quot;yes&quot;,&quot;end&quot;:&quot;client&quot;,&quot;d&quot;:{&quot;eventid&quot;:&quot;426&quot;,&quot;speaker_id&quot;:29,&quot;uid&quot;:&quot;evo_get_speaker&quot;,&quot;action&quot;:&quot;evoss_get_speaker_details&quot;,&quot;load_new_content&quot;:true}}\" >Elena Impellizzeri, <\/em><em class=\"speaker evolb_trigger\" data-lbvals=\"{&quot;lbc&quot;:&quot;evo_get_speaker&quot;,&quot;t&quot;:&quot;Speaker Details&quot;,&quot;ajax&quot;:&quot;yes&quot;,&quot;end&quot;:&quot;client&quot;,&quot;d&quot;:{&quot;eventid&quot;:&quot;426&quot;,&quot;speaker_id&quot;:28,&quot;uid&quot;:&quot;evo_get_speaker&quot;,&quot;action&quot;:&quot;evoss_get_speaker_details&quot;,&quot;load_new_content&quot;:true}}\" >Elisa Messina, <\/em><em class=\"speaker evolb_trigger\" data-lbvals=\"{&quot;lbc&quot;:&quot;evo_get_speaker&quot;,&quot;t&quot;:&quot;Speaker Details&quot;,&quot;ajax&quot;:&quot;yes&quot;,&quot;end&quot;:&quot;client&quot;,&quot;d&quot;:{&quot;eventid&quot;:&quot;426&quot;,&quot;speaker_id&quot;:24,&quot;uid&quot;:&quot;evo_get_speaker&quot;,&quot;action&quot;:&quot;evoss_get_speaker_details&quot;,&quot;load_new_content&quot;:true}}\" >Monica Carta<\/em><\/u><\/span><\/span>\r\n\t\t\t\t\t\t\t\t<\/div><\/li><li class='evoss_block evoss_hide'><div class='c'><em class='time'>09:45 <\/em> \r\n\t\t\t\t\t\t\t\t<span><b class=''>Dalla modalit\u00e0 attacco\/difesa all\u2019autoanalisi <\/b><span class=''><i>09:45 &#8211; 10:30 <\/i><div class='ct'>E alla consapevolezza di s\u00e9 e dell\u2019altro come premessa alla risoluzione del conflitto.\n\n<\/div><u>Relatori: <em class=\"speaker evolb_trigger\" data-lbvals=\"{&quot;lbc&quot;:&quot;evo_get_speaker&quot;,&quot;t&quot;:&quot;Speaker Details&quot;,&quot;ajax&quot;:&quot;yes&quot;,&quot;end&quot;:&quot;client&quot;,&quot;d&quot;:{&quot;eventid&quot;:&quot;426&quot;,&quot;speaker_id&quot;:28,&quot;uid&quot;:&quot;evo_get_speaker&quot;,&quot;action&quot;:&quot;evoss_get_speaker_details&quot;,&quot;load_new_content&quot;:true}}\" >Elisa Messina<\/em><\/u><\/span><\/span>\r\n\t\t\t\t\t\t\t\t<\/div><\/li><li class='evoss_block evoss_hide'><div class='c'><em class='time'>10:30 <\/em> \r\n\t\t\t\t\t\t\t\t<span><b class=''>Comunicazione efficace per una sintonia d\u2019insieme (dalla teoria alla pratica) momento interattivo<\/b><span class=''><i>10:30 &#8211; 11:15 <\/i><div class='ct'>Attivit\u00e0 ludiche per recuperare la sintonia<\/BR>\nRole playing: scambio di posizione all\u2019interno della coppia per comprendere l\u2019altro<\/BR>\nCondivisone finale note di fiducia: imparare a perdonarsi attraverso l\u2019ascolto \n<\/div><u>Relatori: <em class=\"speaker evolb_trigger\" data-lbvals=\"{&quot;lbc&quot;:&quot;evo_get_speaker&quot;,&quot;t&quot;:&quot;Speaker Details&quot;,&quot;ajax&quot;:&quot;yes&quot;,&quot;end&quot;:&quot;client&quot;,&quot;d&quot;:{&quot;eventid&quot;:&quot;426&quot;,&quot;speaker_id&quot;:29,&quot;uid&quot;:&quot;evo_get_speaker&quot;,&quot;action&quot;:&quot;evoss_get_speaker_details&quot;,&quot;load_new_content&quot;:true}}\" >Elena Impellizzeri<\/em><\/u><\/span><\/span>\r\n\t\t\t\t\t\t\t\t<\/div><\/li><li class='evoss_block evoss_hide'><div class='c'><em class='time'>11:15<\/em> \r\n\t\t\t\t\t\t\t\t<span><b class=''>Strumenti per la gestione dei conflitti. <\/b><span class=''><i>11:15- 12:00<\/i><div class='ct'>Trattazione di casi pratici.\n\n<\/div><u>Relatori: <em class=\"speaker evolb_trigger\" data-lbvals=\"{&quot;lbc&quot;:&quot;evo_get_speaker&quot;,&quot;t&quot;:&quot;Speaker Details&quot;,&quot;ajax&quot;:&quot;yes&quot;,&quot;end&quot;:&quot;client&quot;,&quot;d&quot;:{&quot;eventid&quot;:&quot;426&quot;,&quot;speaker_id&quot;:24,&quot;uid&quot;:&quot;evo_get_speaker&quot;,&quot;action&quot;:&quot;evoss_get_speaker_details&quot;,&quot;load_new_content&quot;:true}}\" >Monica Carta<\/em><\/u><\/span><\/span>\r\n\t\t\t\t\t\t\t\t<\/div><\/li><li class='evoss_block evoss_hide'><div class='c'><em class='time'>12:00<\/em> \r\n\t\t\t\t\t\t\t\t<span><b class=''>Finale insieme<\/b><span class=''><i>12:00- 12:30<\/i><div class='ct'>Tiriamo le somme<\/div><u>Relatori: <em class=\"speaker evolb_trigger\" data-lbvals=\"{&quot;lbc&quot;:&quot;evo_get_speaker&quot;,&quot;t&quot;:&quot;Speaker Details&quot;,&quot;ajax&quot;:&quot;yes&quot;,&quot;end&quot;:&quot;client&quot;,&quot;d&quot;:{&quot;eventid&quot;:&quot;426&quot;,&quot;speaker_id&quot;:29,&quot;uid&quot;:&quot;evo_get_speaker&quot;,&quot;action&quot;:&quot;evoss_get_speaker_details&quot;,&quot;load_new_content&quot;:true}}\" >Elena Impellizzeri, <\/em><em class=\"speaker evolb_trigger\" data-lbvals=\"{&quot;lbc&quot;:&quot;evo_get_speaker&quot;,&quot;t&quot;:&quot;Speaker Details&quot;,&quot;ajax&quot;:&quot;yes&quot;,&quot;end&quot;:&quot;client&quot;,&quot;d&quot;:{&quot;eventid&quot;:&quot;426&quot;,&quot;speaker_id&quot;:28,&quot;uid&quot;:&quot;evo_get_speaker&quot;,&quot;action&quot;:&quot;evoss_get_speaker_details&quot;,&quot;load_new_content&quot;:true}}\" >Elisa Messina, <\/em><em class=\"speaker evolb_trigger\" data-lbvals=\"{&quot;lbc&quot;:&quot;evo_get_speaker&quot;,&quot;t&quot;:&quot;Speaker Details&quot;,&quot;ajax&quot;:&quot;yes&quot;,&quot;end&quot;:&quot;client&quot;,&quot;d&quot;:{&quot;eventid&quot;:&quot;426&quot;,&quot;speaker_id&quot;:24,&quot;uid&quot;:&quot;evo_get_speaker&quot;,&quot;action&quot;:&quot;evoss_get_speaker_details&quot;,&quot;load_new_content&quot;:true}}\" >Monica Carta<\/em><\/u><\/span><\/span>\r\n\t\t\t\t\t\t\t\t<\/div><\/li><\/ul><\/li><\/ul><\/div><\/div><\/div><\/div><div class='evocard_row'><div id='event_evospk' class='evocard_box evospk' data-c='' \n\t\t\t\t\tstyle=''><div id='evo_speaker' class='evo_metarow_speaker evorow evcal_evdata_row bordb evcal_evrow_sm' data-event_id='426'>\r\n\t\t\t\t\t<span class='evcal_evdata_icons'><i class='fa fa-coffee'><\/i><\/span>\r\n\t\t\t\t\t<div class='evcal_evdata_cell'><h3 class='evo_h3'>Relatori dell&#039;evento<\/h3><ul class=\"evospk_boxes\">\t\t\t\t\t\r\n\t\t\t\t\t\t<li class=\"evospk_box\">\r\n\t\t\t\t\t\t\t<span class='evospk_img_box'>\r\n\t\t\t\t\t\t\t\t<span class=\"evospk_img\" style='background-image: url(https:\/\/farefamiglia.it\/moowophi\/2022\/12\/team_0000b_Elena_Impellizzeri-287x300.webp)'><\/span>\r\n\t\t\t\t\t\t\t<\/span>\r\n\t\t\t\t\t\t\t<h3 class=\"evo_h3\">Elena Impellizzeri<\/h3>\r\n\t\t\t\t\t\t\t\t<div class='evospk_hidden'>\r\n\t\t\t\t\t\t\t\t\t<div class='evoss_speaker_lb'>\r\n\t\t\t\t\t\t\t\t\t<div class=\"evospk_img\">\r\n\t\t\t\t\t\t\t\t\t\t<span style='background-image: url(https:\/\/farefamiglia.it\/moowophi\/2022\/12\/team_0000b_Elena_Impellizzeri-287x300.webp)'><\/span><\/div>\r\n\t\t\t\t\t\t\t\t\t<div class=\"evospk_info\">\r\n\t\t\t\t\t\t\t\t\t\t<h2>Elena Impellizzeri<\/h2>\r\n\t\t\t\t\t\t\t\t\t\t<p class='evo_speaker_title'>Pedagogista e Mediatrice familiare<\/p><div class='evo_speaker_desc'><p>Laureata in Pedagogia nel 2006 nei primi anni post universitari mi sono cimentata nel supporto socio psico educativo rivolto ai minori a rischio, lavorando sia in comunit\u00e0, che in un Centro Accoglienza per donne in difficolt\u00e0. \u00c8 stato soprattutto l\u2019interesse per il bambino e le sue esigenze che nel 2010 ho scelto di aprire un nido, baby parking e doposcuola, che ho gestito negli anni successivi curando le comunicazioni con la famiglia e la crescita dei piccoli iscritti. Con l\u2019intenzione di approfondire il nesso tra psicologia ed educazione, nel 2018 ho acquisito la Laurea in Scienze e Tecniche Psicologiche. Contemporaneamente ho proseguito con la libera professione, scegliendo di dedicarmi a supportare le famiglie nell\u2019affrontare le problematiche che si affacciano spesso nel corso dello sviluppo di bambini e ragazzi. Oggi amministro, con altri 2 genitori, il gruppo \u201cL\u2019Oasi dei Separati e non\u201d che si basa sull\u2019auto mutuo aiuto e che, con la collaborazione di esperti in ambito legale e psico-educativo, mira ad indirizzare a compiere le scelte migliori in ambito separativo, per il bene dei propri figli, insegnando ad abbassare la conflittualit\u00e0. Mi occupo di consulenza pedagogica individuale e genitoriale, collaborazione nella progettazione di Piani Educativi Individualizzati per bambini e ragazzi, ma anche consulenza e mediazione con le istituzioni scolastiche.<\/p>\n<\/div>\t\t\t\t\t\t\t\t\t<\/div>\r\n\t\t\t\t\t\t\t\t\t<\/div>\r\n\t\t\t\t\t\t\t\t<\/div>\r\n\t\t\t\t\t\t\t\r\n\t\t\t\t\t\t\t\t\t\t\t\t\t\t\t<p class='evospk_job_title'>Pedagogista e Mediatrice familiare<\/p>\r\n\t\t\t\t\t\t\t\t\t\t\t\t\t\t\r\n\t\t\t\t\t\t<\/li>\t\t\t\t\t\r\n\t\t\t\t\t\t\t\t\t\t\r\n\t\t\t\t\t\t<li class=\"evospk_box\">\r\n\t\t\t\t\t\t\t<span class='evospk_img_box'>\r\n\t\t\t\t\t\t\t\t<span class=\"evospk_img\" style='background-image: url(https:\/\/farefamiglia.it\/moowophi\/2022\/12\/team_0001_Elisa_Messina-292x300.webp)'><\/span>\r\n\t\t\t\t\t\t\t<\/span>\r\n\t\t\t\t\t\t\t<h3 class=\"evo_h3\">Elisa Messina<\/h3>\r\n\t\t\t\t\t\t\t\t<div class='evospk_hidden'>\r\n\t\t\t\t\t\t\t\t\t<div class='evoss_speaker_lb'>\r\n\t\t\t\t\t\t\t\t\t<div class=\"evospk_img\">\r\n\t\t\t\t\t\t\t\t\t\t<span style='background-image: url(https:\/\/farefamiglia.it\/moowophi\/2022\/12\/team_0001_Elisa_Messina-292x300.webp)'><\/span><\/div>\r\n\t\t\t\t\t\t\t\t\t<div class=\"evospk_info\">\r\n\t\t\t\t\t\t\t\t\t\t<h2>Elisa Messina<\/h2>\r\n\t\t\t\t\t\t\t\t\t\t<p class='evo_speaker_title'>Psicologa e Psicoterapeuta<\/p><div class='evo_speaker_desc'><p>Laureata in Psicologia a Padova e Specializzata in Psicoterapia a indirizzo Costruttivista, i miei ambiti di intervento clinico sono: ansia, attacchi di panico, depressione e terapia di coppia.<\/p>\n<p>Ho conseguito una formazione avanzata presso la Open Academy of Medicine sulle \u201csindromi funzionali corporee\u201d (psicosomatica). Nel 2020 ho fondato la Community Separarsi Serenamente per le coppie che vogliono affrontare la crisi relazionale con consapevolezza e garantire un benessere psico-affettivo ai figli nonostante le difficolt\u00e0 del momento. Sono autrice di innumerevoli contenuti online sulle relazioni e di un Manuale per iniziare a lavorare sulla propria \u2018rinascita relazionale\u2019.<\/p>\n<p>Insieme capiremo come funzionano le relazioni umane, cosa differenzia una buona relazione da una relazione insoddisfacente e cosa riduce il rischio di rotture e divorzi. Parleremo di comunicazione umana, della capacit\u00e0 di affrontare i problemi, del delicato passaggio da coppia a genitori e di tutte le trasformazioni che richiedono una capacit\u00e0 di cambiamento attivo.<\/p>\n<\/div><p class='evoss_url extra'><em>URL<\/em> <a target='_blank' href='https:\/\/www.separarsiserenamente.it\/'>https:\/\/www.separarsiserenamente.it\/<\/a><\/p>\t\t\t\t\t\t\t\t\t<\/div>\r\n\t\t\t\t\t\t\t\t\t<\/div>\r\n\t\t\t\t\t\t\t\t<\/div>\r\n\t\t\t\t\t\t\t\r\n\t\t\t\t\t\t\t\t\t\t\t\t\t\t\t<p class='evospk_job_title'>Psicologa e Psicoterapeuta<\/p>\r\n\t\t\t\t\t\t\t\t\t\t\t\t\t\t\r\n\t\t\t\t\t\t<\/li>\t\t\t\t\t\r\n\t\t\t\t\t\t\t\t\t\t\r\n\t\t\t\t\t\t<li class=\"evospk_box\">\r\n\t\t\t\t\t\t\t<span class='evospk_img_box'>\r\n\t\t\t\t\t\t\t\t<span class=\"evospk_img\" style='background-image: url(https:\/\/farefamiglia.it\/moowophi\/2022\/12\/monica-300x300.webp)'><\/span>\r\n\t\t\t\t\t\t\t<\/span>\r\n\t\t\t\t\t\t\t<h3 class=\"evo_h3\">Monica Carta<\/h3>\r\n\t\t\t\t\t\t\t\t<div class='evospk_hidden'>\r\n\t\t\t\t\t\t\t\t\t<div class='evoss_speaker_lb'>\r\n\t\t\t\t\t\t\t\t\t<div class=\"evospk_img\">\r\n\t\t\t\t\t\t\t\t\t\t<span style='background-image: url(https:\/\/farefamiglia.it\/moowophi\/2022\/12\/monica-300x300.webp)'><\/span><\/div>\r\n\t\t\t\t\t\t\t\t\t<div class=\"evospk_info\">\r\n\t\t\t\t\t\t\t\t\t\t<h2>Monica Carta<\/h2>\r\n\t\t\t\t\t\t\t\t\t\t<p class='evo_speaker_title'>Avvocato e Mediatrice Familiare<\/p><div class='evo_speaker_desc'><p>Laureata in giurisprudenza presso l\u2019Universit\u00e0 degli Studi di Catania, sono avvocato, mediatrice familiare e sociale e coordinatrice genitoriale.<br \/>\nL\u2019esperienza professionale, accompagnata dallo studio dei processi che regolano le relazioni umane, mi ha sempre pi\u00f9 convinta della complessit\u00e0 delle controversie familiari e delle complesse dinamiche che generano la rottura dei rapporti.<\/p>\n<p>Ed \u00e8 cos\u00ec che, certa dell\u2019importanza di un approccio non esclusivamente legale-giudiziale alla gestione delle controversie, soprattutto quelle riguardanti la famiglia, ho  integrato la mia formazione giuridica conseguendo nel 2018 il master biennale in Mediazione Familiare*, Penale, Penale Minorile e in ambito sanitario-lavorativo, presso l\u2019Associazione Me.Dia.Re. di Torino.<\/p>\n<p>Applicando da diversi anni questo approccio, con ottimi risultati, ho verificato come moltissime situazioni conflittuali, se prese in tempo, possono condurre ad un esito diverso.<\/p>\n<\/div><p class='evo_speaker_social'><a target='_blank' href='https:\/\/www.facebook.com\/monica.carta.94' class='fa fa-facebook'><\/a><\/p>\t\t\t\t\t\t\t\t\t<\/div>\r\n\t\t\t\t\t\t\t\t\t<\/div>\r\n\t\t\t\t\t\t\t\t<\/div>\r\n\t\t\t\t\t\t\t\r\n\t\t\t\t\t\t\t\t\t\t\t\t\t\t\t<p class='evospk_job_title'>Avvocato e Mediatrice Familiare<\/p>\r\n\t\t\t\t\t\t\t\t\t\t\t\t\t\t\r\n\t\t\t\t\t\t<\/li>\t\t\t\t\t\r\n\t\t\t\t\t<\/ul><div class=\"clear\"><\/div><\/div><\/div><\/div><\/div><div class='evocard_row'><div id='event_virtual' class='evocard_box virtual' data-c='' \n\t\t\t\t\tstyle=''>\t\t<div class='evo_metarow_virtual evorow evcal_evdata_row'>\n\t\t\t<span class='evcal_evdata_icons'><i class='fa fa-globe'><\/i><\/span>\n\t\t\t<div class='evcal_evdata_cell'>\n\t\t\t\t<h3 class='evo_h3'>\u200eDettagli dell&#039;evento virtuale\u200e<\/h3>\n\t\t\t\t\n\t\t\t\t\t\t\t\t\n\t\t\t\t<div class='evo_vir_pre_content' style='padding-bottom: 10px;'>\n\t\t\t\t\t\t\t\t\t\t\t\n\t\t\t\t<\/div>\t\t\t\n\t\t\t\t\n\t\t\t\t\t\t\t\t\n\t\t\t\t\t\t\t\t\n\t\t\t\t\t\t\t\t\t\n\t\t\t\t\n\t\t\t\t<div class='evo_vir_post_content'><p class='evo_vir_past_content'>\u200eL&#039;evento ha gi\u00e0 avuto luogo\u200e!<\/p><\/div>\t\t\t\t\n\t\t\t\t\t\t\t\t<div class='evo_vir_data evo_refresh_on_heartbeat' data-key=\"evo_vir_data\" data-refresh=\"1\" data-single=\"n\" data-stage=\"post\" data-refresh_main=\"y\" data-vir_type=\"zoom\" data-mod_joined=\"left\" data-ismod=\"n\" data-check_awaitmod=\"1\" ><\/div>\n\n\t\t\t\t\t\t\t\t\n\t\t\t<\/div>\n\t\t<\/div>\n\n\t\t<\/div><\/div><div class='evocard_row'><div id='event_addtocal' class='evocard_box addtocal' data-c='' \n\t\t\t\t\tstyle=''><div class='evo_metarow_ICS evorow evcal_evdata_row'>\n\t\t\t\t\t\t\t\t\t<span class='evcal_evdata_icons'><i class='fa fa-calendar-o'><\/i><\/span>\n\t\t\t\t\t\t\t\t\t<div class='evcal_evdata_cell'>\n\t\t\t\t\t\t\t\t\t\t<p><a href='\/\/www.google.com\/calendar\/event?action=TEMPLATE&amp;text=CRISI+DI+COPPIA&amp;dates=20230107T083000Z\/20230113T233000Z&amp;ctz=Europe\/Berlin&amp;details=CRISI+DI+COPPIA&amp;location=' target='_blank' class='evo_ics_gCal' title='Aggiungi al tuo Calendario Google'>Aggiungi al Calendario Google<\/a><\/p>\t\n\t\t\t\t\t\t\t\t\t<\/div>\n\t\t\t\t\t\t\t\t<\/div><\/div><\/div><div class='evocard_row'><div id='event_evosocial' class='evocard_box evosocial' data-c='' \n\t\t\t\t\tstyle=''><div class='evo_metarow_socialmedia evcal_evdata_row '><div class='evo_sm FacebookShare'><a class=\" evo_ss\" target=\"_blank\" onclick=\"javascript:window.open(this.href, '', 'left=50,top=50,width=600,height=350,toolbar=0');return false;\"\r\n\t\t\t\t\t\thref=\"\/\/www.facebook.com\/sharer.php?u=https%3A%2F%2Ffarefamiglia.it%2Fevents%2Fcrisi-di-coppia%2F\" title=\"Condividi su Facebook\"><i class=\"fa fab fa-facebook\"><\/i><\/a><\/div><div class='evo_sm LinkedIn'><a class=\"li evo_ss\" href=\"\/\/www.linkedin.com\/shareArticle?mini=true&#038;url=https%3A%2F%2Ffarefamiglia.it%2Fevents%2Fcrisi-di-coppia%2F&#038;title=CRISI%20DI%20COPPIA&#038;summary=\" target=\"_blank\" title=\"Condividi su Linkedin\"><i class=\"fa fab fa-linkedin\"><\/i><\/a><\/div><div class='evo_sm copy'><a class=\"copy evo_ss\" data-l=\"https%3A%2F%2Ffarefamiglia.it%2Fevents%2Fcrisi-di-coppia%2F\" data-t=\"Event Link Copied to Clipboard!\" title=\"Copy Link\"><i class=\"fa fa-copy\"><\/i><\/a><\/div><div class='evo_sm EmailShare'><a class=\"em evo_ss\" href=\"mailto:?subject=CRISI%20DI%20COPPIA&#038;body=Nome dell&#039;evento: CRISI%20DI%20COPPIA%0AData Evento: Gennaio 7, 2023 9:30 Am - Gennaio 14, 2023 12:30 Am%0ALink: https%3A%2F%2Ffarefamiglia.it%2Fevents%2Fcrisi-di-coppia%2F%0A\" target=\"_blank\"><i class=\"fa fa-envelope\"><\/i><\/a><\/div><\/div><\/div><\/div><div class='evo_card_row_end evcal_close' title='Testo per il pulsante chiudi evento\u200e'><\/div><\/div><div class='clear end'><\/div><\/div><\/div><\/div>\t\t\t\t\t\t<\/div>\n\t\t\t\t<\/div>\n\t\t\t\t\t<\/div>\n\t\t<\/div>\n\t\t\t\t<div class=\"elementor-column elementor-col-33 elementor-inner-column elementor-element elementor-element-96a6a56\" data-id=\"96a6a56\" data-element_type=\"column\" data-settings=\"{&quot;background_background&quot;:&quot;classic&quot;}\">\n\t\t\t<div class=\"elementor-widget-wrap elementor-element-populated\">\n\t\t\t\t\t\t\t\t<div class=\"elementor-element elementor-element-14515963 elementor-widget elementor-widget-text-editor\" data-id=\"14515963\" data-element_type=\"widget\" data-widget_type=\"text-editor.default\">\n\t\t\t\t<div class=\"elementor-widget-container\">\n\t\t\t\t\t\t\t<p><img loading=\"lazy\" decoding=\"async\" class=\"alignnone size-full wp-image-64\" src=\"https:\/\/farefamiglia.it\/moowophi\/2022\/12\/coppia_in_crisi-2.webp\" alt=\"\" width=\"86\" height=\"80\" \/><\/p><h5><span style=\"color: #000;\">CRISI DI COPPIA<\/span><\/h5><p><span style=\"font-weight: 400;\">Corso rivolto alle coppie che stanno affrontando un periodo di incertezza e dubbi, che stanno litigando frequentemente. <\/span><\/p>\t\t\t\t\t\t<\/div>\n\t\t\t\t<\/div>\n\t\t\t\t<div class=\"elementor-element elementor-element-7b15af12 elementor-widget elementor-widget-text-editor\" data-id=\"7b15af12\" data-element_type=\"widget\" data-widget_type=\"text-editor.default\">\n\t\t\t\t<div class=\"elementor-widget-container\">\n\t\t\t\t\t\t\t<span style=\"font-weight: 400;\">Clicca sull&#8217;evento per registrarti<\/span>\t\t\t\t\t\t<\/div>\n\t\t\t\t<\/div>\n\t\t\t\t\t<\/div>\n\t\t<\/div>\n\t\t\t\t\t\t\t<\/div>\n\t\t<\/section>\n\t\t\t\t<section class=\"elementor-section elementor-inner-section elementor-element elementor-element-669281b9 elementor-section-boxed elementor-section-height-default elementor-section-height-default\" data-id=\"669281b9\" data-element_type=\"section\">\n\t\t\t\t\t\t<div class=\"elementor-container elementor-column-gap-default\">\n\t\t\t\t\t<div class=\"elementor-column elementor-col-100 elementor-inner-column elementor-element elementor-element-43f504ba\" data-id=\"43f504ba\" data-element_type=\"column\">\n\t\t\t<div class=\"elementor-widget-wrap elementor-element-populated\">\n\t\t\t\t\t\t\t\t<div class=\"elementor-element elementor-element-52e04972 elementor-widget elementor-widget-spacer\" data-id=\"52e04972\" data-element_type=\"widget\" data-widget_type=\"spacer.default\">\n\t\t\t\t<div class=\"elementor-widget-container\">\n\t\t\t\t\t<div class=\"elementor-spacer\">\n\t\t\t<div class=\"elementor-spacer-inner\"><\/div>\n\t\t<\/div>\n\t\t\t\t<\/div>\n\t\t\t\t<\/div>\n\t\t\t\t\t<\/div>\n\t\t<\/div>\n\t\t\t\t\t\t\t<\/div>\n\t\t<\/section>\n\t\t\t\t<section class=\"elementor-section elementor-inner-section elementor-element elementor-element-2b9ec3e3 elementor-section-boxed elementor-section-height-default elementor-section-height-default\" data-id=\"2b9ec3e3\" data-element_type=\"section\">\n\t\t\t\t\t\t<div class=\"elementor-container elementor-column-gap-no\">\n\t\t\t\t\t<div class=\"elementor-column elementor-col-33 elementor-inner-column elementor-element elementor-element-233b83ed\" data-id=\"233b83ed\" data-element_type=\"column\" data-settings=\"{&quot;background_background&quot;:&quot;classic&quot;}\">\n\t\t\t<div class=\"elementor-widget-wrap elementor-element-populated\">\n\t\t\t\t\t\t\t\t<div class=\"elementor-element elementor-element-5457ffa6 elementor-widget elementor-widget-text-editor\" data-id=\"5457ffa6\" data-element_type=\"widget\" data-widget_type=\"text-editor.default\">\n\t\t\t\t<div class=\"elementor-widget-container\">\n\t\t\t\t\t\t\t<img loading=\"lazy\" decoding=\"async\" class=\"alignnone size-full wp-image-64\" src=\"https:\/\/farefamiglia.it\/moowophi\/2022\/09\/icone-famiglia_0012_Etero-figli-e-casa.png\" alt=\"\" width=\"86\" height=\"80\" \/>\n<h5><span style=\"color: #000;\">FARE FAMIGLIA<\/span><\/h5>\ncome costruire una famiglia felice, dalla teoria alla pratica\n\n&nbsp;\t\t\t\t\t\t<\/div>\n\t\t\t\t<\/div>\n\t\t\t\t<div class=\"elementor-element elementor-element-487f1a4a elementor-widget elementor-widget-text-editor\" data-id=\"487f1a4a\" data-element_type=\"widget\" data-widget_type=\"text-editor.default\">\n\t\t\t\t<div class=\"elementor-widget-container\">\n\t\t\t\t\t\t\t<span style=\"font-weight: 400;\">Clicca sull&#8217;evento per registrarti<\/span>\t\t\t\t\t\t<\/div>\n\t\t\t\t<\/div>\n\t\t\t\t\t<\/div>\n\t\t<\/div>\n\t\t\t\t<div class=\"elementor-column elementor-col-66 elementor-inner-column elementor-element elementor-element-6833997d\" data-id=\"6833997d\" data-element_type=\"column\">\n\t\t\t<div class=\"elementor-widget-wrap elementor-element-populated\">\n\t\t\t\t\t\t\t\t<div class=\"elementor-element elementor-element-5f54a079 elementor-widget__width-initial elementor-widget elementor-widget-text-path\" data-id=\"5f54a079\" data-element_type=\"widget\" data-settings=\"{&quot;text&quot;:&quot;Evento on-line&quot;,&quot;align&quot;:&quot;left&quot;,&quot;text_path_direction&quot;:&quot;rtl&quot;,&quot;start_point&quot;:{&quot;unit&quot;:&quot;%&quot;,&quot;size&quot;:27,&quot;sizes&quot;:[]},&quot;link&quot;:{&quot;url&quot;:&quot;&quot;,&quot;is_external&quot;:&quot;&quot;,&quot;nofollow&quot;:&quot;&quot;,&quot;custom_attributes&quot;:&quot;&quot;}}\" data-widget_type=\"text-path.default\">\n\t\t\t\t<div class=\"elementor-widget-container\">\n\t\t\t\t\t<div class=\"e-text-path elementor-animation-wobble-horizontal\" data-text=\"Evento on-line\" data-url=\"\/\/farefamiglia.it\/whywoart\/elementor\/assets\/svg-paths\/line.svg\"><\/div>\n\t\t\t\t<\/div>\n\t\t\t\t<\/div>\n\t\t\t\t<div class=\"elementor-element elementor-element-49a8853d elementor-widget elementor-widget-text-editor\" data-id=\"49a8853d\" data-element_type=\"widget\" data-widget_type=\"text-editor.default\">\n\t\t\t\t<div class=\"elementor-widget-container\">\n\t\t\t\t\t\t\tWEBINAR FARE FAMIGLIA\n\n<p style=\"font-weight: 200; font-size: 15px;\">\nCome costruire una famiglia felice, dalla teoria alla pratica<\/p>\n\n<p><em>Due incontri di 4 ore:\u00a0 04 e 11 Febbraio<\/em><\/p>\n\n<p>Si richiede la partecipazione in coppia<\/p>\n\n<hr class=\"no_line\" style=\"margin: 0 auto 20px auto\"\/>\n\n<div class='ajde_evcal_calendar eventon_single_event eventon_event evo_sin_box sev cev color esty_2' ><div class='evo-data'   data-ux_val='3' data-exturl='' data-mapscroll='true' data-mapformat='roadmap' data-mapzoom='18' ><\/div><div class='evo_cal_data' data-sc='{\"excerpt\":\"no\",\"expanded\":\"no\",\"ux_val\":3,\"exturl\":\"\",\"mapscroll\":\"true\",\"mapformat\":\"roadmap\",\"mapzoom\":\"18\",\"maps_load\":\"yes\"}'><\/div><div id='evcal_list' class='eventon_events_list '><div id=\"event_236_0\" class=\"eventon_list_event evo_eventtop scheduled  event clrD event_236_0\" data-event_id=\"236\" data-ri=\"0r\" data-time=\"1675499400-1676104200\" data-colr=\"#425de3\" itemscope itemtype='http:\/\/schema.org\/Event'><div class=\"evo_event_schema\" style=\"display:none\" ><a itemprop='url'  href='https:\/\/farefamiglia.it\/events\/empowerment-di-coppia\/'><\/a><meta itemprop='image' content=\"https:\/\/farefamiglia.it\/moowophi\/2022\/12\/event6-about-pic6.png\" \/><meta itemprop='startDate' content=\"2023-2-4T09:30+0:00\" \/><meta itemprop='endDate' content=\"2023-2-11T09:30+0:00\" \/><meta itemprop='eventStatus' content=\"https:\/\/schema.org\/EventScheduled\" \/><item style=\"display:none\" itemprop=\"eventAttendanceMode\" itemscope itemtype=\"https:\/\/schema.org\/OnlineEventAttendanceMode\"><\/item><div itemprop=\"offers\" itemscope itemtype=\"http:\/\/schema.org\/Offer\">\n\t\t\t\t        <div class=\"event-price\" itemprop=\"price\" content=\"149\">149<\/div>\n\t\t\t\t        <meta itemprop=\"priceCurrency\" content=\"\u20ac\">\n\t\t\t\t        <meta itemprop=\"url\" content=\"https:\/\/farefamiglia.it\/events\/empowerment-di-coppia\/\">\n\t\t\t\t        <meta itemprop=\"availability\" content=\"http:\/\/schema.org\/InStock\">\n\t\t\t\t        <meta itemprop=\"validFrom\" content=\"2023-2-4T09:30+0:00\">\n\t\t\t\t    <\/div><script type=\"application\/ld+json\">{\"@context\": \"http:\/\/schema.org\",\"@type\": \"Event\",\n\t\t\t\t\"@id\": \"event_236_0\",\n\t\t\t\t\"eventAttendanceMode\":\"https:\/\/schema.org\/OnlineEventAttendanceMode\",\n\t\t\t\t\"eventStatus\":\"https:\/\/schema.org\/EventScheduled\",\n\t\t\t\t\"name\": \"FARE FAMIGLIA\",\n\t\t\t\t\"url\": \"https:\/\/farefamiglia.it\/events\/empowerment-di-coppia\/\",\n\t\t\t\t\"startDate\": \"2023-2-4T09:30+0:00\",\n\t\t\t\t\"endDate\": \"2023-2-11T09:30+0:00\",\n\t\t\t\t\"image\":\"https:\/\/farefamiglia.it\/moowophi\/2022\/12\/event6-about-pic6.png\", \n\t\t\t\t\"description\":\"<p><\/p> \",\"offers\":{\"@type\":\"Offer\",\"price\":\"149\",\"priceCurrency\":\"\u20ac\",\"availability\":\"http:\/\/schema.org\/InStock\",\"validFrom\":\"2023-2-4T09:30+0:00\",\"url\":\"https:\/\/farefamiglia.it\/events\/empowerment-di-coppia\/\"}}<\/script><\/div>\r\n\t\t\t\t<p class=\"desc_trig_outter\" style=\"\"><a data-gmap_status=\"null\" data-gmtrig=\"1\" data-exlk=\"0\" style=\"background-color: #425de3;\" id=\"evc_1675499400236\" class=\"hasFtIMG desc_trig completed-event 1 mul_val evcal_list_a\" data-ux_val=\"3\" data-ux_val_mob=\"-\"  ><span class='evoet_c1 evoet_cx '><span class='ev_ftImg' data-img='https:\/\/farefamiglia.it\/moowophi\/2022\/12\/event6-about-pic6.png' data-thumb='https:\/\/farefamiglia.it\/moowophi\/2022\/12\/event6-about-pic6-271x300.png' style='background-image:url(\"https:\/\/farefamiglia.it\/moowophi\/2022\/12\/event6-about-pic6-271x300.png\")' ><\/span><\/span><span class='evoet_c2 evoet_cx '><span class='evoet_dayblock evcal_cblock ' data-bgcolor='#425de3' data-smon='febbraio' data-syr='2023' data-bub=''><span class='evo_start '><em class='date'>04<\/em><em class='month'>feb<\/em><em class='time'><i t=\"y\">(feb 4)<\/i>9:30 am<\/em><\/span><span class='evo_end '><em class='date'>11<\/em><em class='time'><i t=\"y\">(feb 11)<\/i>9:30 am<\/em><\/span><\/span><\/span><span class='evoet_c3 evoet_cx evcal_desc hide_eventtopdata '><span class='evoet_title evcal_desc2 evcal_event_title ' itemprop='name'>FARE FAMIGLIA<\/span><span class='evoet_subtitle evo_below_title' ><span class='evcal_event_subtitle ' >imparare a utilizzare gli strumenti per valorizzare e mantenere relazioni serene e durature, e una sessualit\u00e0 armoniosa e soddisfacente<\/span><\/span><span class='evocd_timer evoet_b1'><span class='evocd_text timeexpired' data-ex_tx='L'evento ha gi\u00e0 avuto luogo'>L&#8217;evento ha gi\u00e0 avuto luogo<\/span><\/span><\/span><span class='evoet_data' data-d=\"{&quot;loc.n&quot;:&quot;&quot;,&quot;orgs&quot;:[],&quot;tags&quot;:{&quot;completed&quot;:&quot;Completed&quot;,&quot;vir&quot;:&quot;\\u200eEvento Virtuale\\u200e&quot;}}\" data-bgc=\"#425de3\" data-bggrad=\"\" ><\/span><\/a><\/p><div class='event_description evcal_eventcard ' style=\"display:none\"><div class='evocard_row'><div id='event_ftimage' class='evocard_box ftimage' data-c='' \n\t\t\t\t\tstyle=''><div class='evocard_main_image_hold' data-t='Loading Image..'><div class='evocard_main_image evobr15 evobgsc evobgpc evodfx evofx_jc_c evofx_ai_c evofz48 direct' style='height:400px; background-image:url();' data-f=\"https:\/\/farefamiglia.it\/moowophi\/2022\/12\/event6-about-pic6.png\" data-h=\"864\" data-w=\"780\" data-ratio=\"1.1076923076923\" data-event_id=\"236\" data-ri=\"0\"  data-t='Loading Image..'><span style='height:400px; background-image:url(https:\/\/farefamiglia.it\/moowophi\/2022\/12\/event6-about-pic6.png)'><\/span><\/div><\/div><\/div><\/div><div class='evocard_row'><div id='event_eventdetails' class='evocard_box eventdetails' data-c='ffff19' \n\t\t\t\t\tstyle='background-color:#ffff19'><div class='evo_metarow_details evorow evcal_evdata_row evcal_event_details'>\n\t\t\t\t\t\t\t\t<div class=\"event_excerpt\" style=\"display:none\"><h3 class=\"padb5 evo_h3\">\u200eDettagli dell&#039;evento\u200e<\/h3><p><\/p><\/div><span class='evcal_evdata_icons'><i class='fa fa-align-justify'><\/i><\/span>\n\t\t\t\t\t\t\t\t\n\t\t\t\t\t\t\t\t<div class='evcal_evdata_cell '>\n\t\t\t\t\t\t\t\t\t<div class='eventon_full_description'>\n\t\t\t\t\t\t\t\t\t\t<h3 class='padb5 evo_h3'><span class='evcal_evdata_icons'><i class='fa fa-align-justify'><\/i><\/span>\u200eDettagli dell&#039;evento\u200e<\/h3>\n\t\t\t\t\t\t\t\t\t\t<div class='eventon_desc_in' itemprop='description'>\n\t\t\t\t\t\t\t\t\t\t<p><\/p>\n<\/div><div class='clear'><\/div>\n\t\t\t\t\t\t\t\t\t<\/div>\n\t\t\t\t\t\t\t\t<\/div>\n\t\t\t\t\t\t\t<\/div><\/div><\/div><div class='evocard_row'><div id='event_customfield1' class='evocard_box customfield1' data-c='' \n\t\t\t\t\tstyle=''><div class='evo_metarow_cusF1 evorow evcal_evdata_row evcal_evrow_sm '>\n\t\t\t\t\t\t\t\t<span class='evcal_evdata_icons'><i class='fa fa-calendar-alt'><\/i><\/span>\n\t\t\t\t\t\t\t\t<div class='evcal_evdata_cell'>\t\t\t\t\t\t\t\n\t\t\t\t\t\t\t\t\t<h3 class='evo_h3'>Primo giorno: data e durata dell&#039;evento <\/h3><div class='evo_custom_content evo_data_val'><p>04\/02\/2023 (3 ore) dalle 09:30 alle 12:30<\/p>\n<\/div><\/div><\/div><\/div><\/div><div class='evocard_row'><div id='event_customfield2' class='evocard_box customfield2' data-c='' \n\t\t\t\t\tstyle=''><div class='evo_metarow_cusF2 evorow evcal_evdata_row evcal_evrow_sm '>\n\t\t\t\t\t\t\t\t<span class='evcal_evdata_icons'><i class='fa fa-calendar-days'><\/i><\/span>\n\t\t\t\t\t\t\t\t<div class='evcal_evdata_cell'>\t\t\t\t\t\t\t\n\t\t\t\t\t\t\t\t\t<h3 class='evo_h3'>Secondo giorno: data e durata dell&#039;evento <\/h3><div class='evo_custom_content evo_data_val'><p>11\/02\/2023 (3 ore) dalle 09:30 alle 12:30<\/p>\n<\/div><\/div><\/div><\/div><\/div><div class='evocard_row'><div id='event_evosch' class='evocard_box evosch' data-c='' \n\t\t\t\t\tstyle=''><div id='evo_schedule' class='evo_metarow_schedule evorow evcal_evdata_row bordb evcal_evrow_sm' data-event_id='236'>\r\n\t\t\t\t\t<span class='evcal_evdata_icons'><i class='fa fa-calendar-check-o'><\/i><\/span>\r\n\t\t\t\t\t<div class='evcal_evdata_cell'><h3 class='evo_h3'>Programma<\/h3><ul class='evosch_blocks_list'><ul class='evosch_nav'><li class='evoss_show' data-day='1' title='February 4, 2023'>Giorno 1<\/li><li class='' data-day='2' title='February 11, 2023'>Giorno 2<\/li><\/ul><ul class='evosch_oneday_schedule evoss_show evosch_date_1'><li class='date'>febbraio 4, 2023<\/li><li class='evoss_block evoss_show'><div class='c'><em class='time'>09:30<\/em> \r\n\t\t\t\t\t\t\t\t<span><b class=''>Saluti &#8211; Presentazioni<\/b><span class=''><i>09:30- 09:45<\/i><div class='ct'>Saluti &#038; Presentazioni\n\n\n\n<\/div><u>Relatori: <em class=\"speaker evolb_trigger\" data-lbvals=\"{&quot;lbc&quot;:&quot;evo_get_speaker&quot;,&quot;t&quot;:&quot;Speaker Details&quot;,&quot;ajax&quot;:&quot;yes&quot;,&quot;end&quot;:&quot;client&quot;,&quot;d&quot;:{&quot;eventid&quot;:&quot;236&quot;,&quot;speaker_id&quot;:29,&quot;uid&quot;:&quot;evo_get_speaker&quot;,&quot;action&quot;:&quot;evoss_get_speaker_details&quot;,&quot;load_new_content&quot;:true}}\" >Elena Impellizzeri, <\/em><em class=\"speaker evolb_trigger\" data-lbvals=\"{&quot;lbc&quot;:&quot;evo_get_speaker&quot;,&quot;t&quot;:&quot;Speaker Details&quot;,&quot;ajax&quot;:&quot;yes&quot;,&quot;end&quot;:&quot;client&quot;,&quot;d&quot;:{&quot;eventid&quot;:&quot;236&quot;,&quot;speaker_id&quot;:28,&quot;uid&quot;:&quot;evo_get_speaker&quot;,&quot;action&quot;:&quot;evoss_get_speaker_details&quot;,&quot;load_new_content&quot;:true}}\" >Elisa Messina, <\/em><em class=\"speaker evolb_trigger\" data-lbvals=\"{&quot;lbc&quot;:&quot;evo_get_speaker&quot;,&quot;t&quot;:&quot;Speaker Details&quot;,&quot;ajax&quot;:&quot;yes&quot;,&quot;end&quot;:&quot;client&quot;,&quot;d&quot;:{&quot;eventid&quot;:&quot;236&quot;,&quot;speaker_id&quot;:24,&quot;uid&quot;:&quot;evo_get_speaker&quot;,&quot;action&quot;:&quot;evoss_get_speaker_details&quot;,&quot;load_new_content&quot;:true}}\" >Monica Carta<\/em><\/u><\/span><\/span>\r\n\t\t\t\t\t\t\t\t<\/div><\/li><li class='evoss_block evoss_hide'><div class='c'><em class='time'>09:45<\/em> \r\n\t\t\t\t\t\t\t\t<span><b class=''>Cenni dei diritti e doveri nascenti dal matrimonio, dalle convivenze e dalle unioni civili.<\/b><span class=''><i>09:45- 10:30<\/i><div class='ct'>Risvolti pratici nell\u2019impostazione della relazione e della famiglia: <\/br>\nil progetto coppia &#8211; famiglia. <\/br>\nDibattito confronto<\/div><u>Relatori: <em class=\"speaker evolb_trigger\" data-lbvals=\"{&quot;lbc&quot;:&quot;evo_get_speaker&quot;,&quot;t&quot;:&quot;Speaker Details&quot;,&quot;ajax&quot;:&quot;yes&quot;,&quot;end&quot;:&quot;client&quot;,&quot;d&quot;:{&quot;eventid&quot;:&quot;236&quot;,&quot;speaker_id&quot;:24,&quot;uid&quot;:&quot;evo_get_speaker&quot;,&quot;action&quot;:&quot;evoss_get_speaker_details&quot;,&quot;load_new_content&quot;:true}}\" >Monica Carta<\/em><\/u><\/span><\/span>\r\n\t\t\t\t\t\t\t\t<\/div><\/li><li class='evoss_block evoss_hide'><div class='c'><em class='time'>10:30 <\/em> \r\n\t\t\t\t\t\t\t\t<span><b class=''>Cenni storici, culturali e psicosociali. <\/b><span class=''><i>10:30 &#8211; 11:15 <\/i><div class='ct'>Le costruzioni personali e relazioni interpersonali secondo la Personal Construct Theory (G.A. Kelly, 1955).\n<\/div><u>Relatori: <em class=\"speaker evolb_trigger\" data-lbvals=\"{&quot;lbc&quot;:&quot;evo_get_speaker&quot;,&quot;t&quot;:&quot;Speaker Details&quot;,&quot;ajax&quot;:&quot;yes&quot;,&quot;end&quot;:&quot;client&quot;,&quot;d&quot;:{&quot;eventid&quot;:&quot;236&quot;,&quot;speaker_id&quot;:28,&quot;uid&quot;:&quot;evo_get_speaker&quot;,&quot;action&quot;:&quot;evoss_get_speaker_details&quot;,&quot;load_new_content&quot;:true}}\" >Elisa Messina<\/em><\/u><\/span><\/span>\r\n\t\t\t\t\t\t\t\t<\/div><\/li><li class='evoss_block evoss_hide'><div class='c'><em class='time'>11:15 <\/em> \r\n\t\t\t\t\t\t\t\t<span><b class=''>La ricetta per una relazione duratura: elementi chiave<\/b><span class=''><i>11:15 &#8211; 12:00 <\/i><div class='ct'>Ti presento il mio partner: quanto davvero ci conosciamo?<\/br>\nRole playing: giochi di ruolo per sperimentare quanto sappiamo dell\u2019altro\n<\/div><u>Relatori: <em class=\"speaker evolb_trigger\" data-lbvals=\"{&quot;lbc&quot;:&quot;evo_get_speaker&quot;,&quot;t&quot;:&quot;Speaker Details&quot;,&quot;ajax&quot;:&quot;yes&quot;,&quot;end&quot;:&quot;client&quot;,&quot;d&quot;:{&quot;eventid&quot;:&quot;236&quot;,&quot;speaker_id&quot;:29,&quot;uid&quot;:&quot;evo_get_speaker&quot;,&quot;action&quot;:&quot;evoss_get_speaker_details&quot;,&quot;load_new_content&quot;:true}}\" >Elena Impellizzeri<\/em><\/u><\/span><\/span>\r\n\t\t\t\t\t\t\t\t<\/div><\/li><li class='evoss_block evoss_hide'><div class='c'><em class='time'>12:00 <\/em> \r\n\t\t\t\t\t\t\t\t<span><b class=''>Spazio al dibattito<\/b><span class=''><i>12:00 &#8211; 12:30 <\/i><div class='ct'>Al termine di ogni intervento ampio spazio al dibattito e confronto con i partecipanti sui temi trattati.\n<\/div><u>Relatori: <em class=\"speaker evolb_trigger\" data-lbvals=\"{&quot;lbc&quot;:&quot;evo_get_speaker&quot;,&quot;t&quot;:&quot;Speaker Details&quot;,&quot;ajax&quot;:&quot;yes&quot;,&quot;end&quot;:&quot;client&quot;,&quot;d&quot;:{&quot;eventid&quot;:&quot;236&quot;,&quot;speaker_id&quot;:29,&quot;uid&quot;:&quot;evo_get_speaker&quot;,&quot;action&quot;:&quot;evoss_get_speaker_details&quot;,&quot;load_new_content&quot;:true}}\" >Elena Impellizzeri, <\/em><em class=\"speaker evolb_trigger\" data-lbvals=\"{&quot;lbc&quot;:&quot;evo_get_speaker&quot;,&quot;t&quot;:&quot;Speaker Details&quot;,&quot;ajax&quot;:&quot;yes&quot;,&quot;end&quot;:&quot;client&quot;,&quot;d&quot;:{&quot;eventid&quot;:&quot;236&quot;,&quot;speaker_id&quot;:28,&quot;uid&quot;:&quot;evo_get_speaker&quot;,&quot;action&quot;:&quot;evoss_get_speaker_details&quot;,&quot;load_new_content&quot;:true}}\" >Elisa Messina, <\/em><em class=\"speaker evolb_trigger\" data-lbvals=\"{&quot;lbc&quot;:&quot;evo_get_speaker&quot;,&quot;t&quot;:&quot;Speaker Details&quot;,&quot;ajax&quot;:&quot;yes&quot;,&quot;end&quot;:&quot;client&quot;,&quot;d&quot;:{&quot;eventid&quot;:&quot;236&quot;,&quot;speaker_id&quot;:24,&quot;uid&quot;:&quot;evo_get_speaker&quot;,&quot;action&quot;:&quot;evoss_get_speaker_details&quot;,&quot;load_new_content&quot;:true}}\" >Monica Carta<\/em><\/u><\/span><\/span>\r\n\t\t\t\t\t\t\t\t<\/div><\/li><\/ul><\/li><ul class='evosch_oneday_schedule  evosch_date_2'><li class='date'>febbraio 11, 2023<\/li><li class='evoss_block evoss_show'><div class='c'><em class='time'>09:30 <\/em> \r\n\t\t\t\t\t\t\t\t<span><b class=''>Dove eravamo rimasti<\/b><span class=''><i>09:30 &#8211; 09:45 <\/i><div class='ct'>Spunti di riflessione dal primo incontro  \n<\/div><u>Relatori: <em class=\"speaker evolb_trigger\" data-lbvals=\"{&quot;lbc&quot;:&quot;evo_get_speaker&quot;,&quot;t&quot;:&quot;Speaker Details&quot;,&quot;ajax&quot;:&quot;yes&quot;,&quot;end&quot;:&quot;client&quot;,&quot;d&quot;:{&quot;eventid&quot;:&quot;236&quot;,&quot;speaker_id&quot;:29,&quot;uid&quot;:&quot;evo_get_speaker&quot;,&quot;action&quot;:&quot;evoss_get_speaker_details&quot;,&quot;load_new_content&quot;:true}}\" >Elena Impellizzeri, <\/em><em class=\"speaker evolb_trigger\" data-lbvals=\"{&quot;lbc&quot;:&quot;evo_get_speaker&quot;,&quot;t&quot;:&quot;Speaker Details&quot;,&quot;ajax&quot;:&quot;yes&quot;,&quot;end&quot;:&quot;client&quot;,&quot;d&quot;:{&quot;eventid&quot;:&quot;236&quot;,&quot;speaker_id&quot;:28,&quot;uid&quot;:&quot;evo_get_speaker&quot;,&quot;action&quot;:&quot;evoss_get_speaker_details&quot;,&quot;load_new_content&quot;:true}}\" >Elisa Messina, <\/em><em class=\"speaker evolb_trigger\" data-lbvals=\"{&quot;lbc&quot;:&quot;evo_get_speaker&quot;,&quot;t&quot;:&quot;Speaker Details&quot;,&quot;ajax&quot;:&quot;yes&quot;,&quot;end&quot;:&quot;client&quot;,&quot;d&quot;:{&quot;eventid&quot;:&quot;236&quot;,&quot;speaker_id&quot;:24,&quot;uid&quot;:&quot;evo_get_speaker&quot;,&quot;action&quot;:&quot;evoss_get_speaker_details&quot;,&quot;load_new_content&quot;:true}}\" >Monica Carta<\/em><\/u><\/span><\/span>\r\n\t\t\t\t\t\t\t\t<\/div><\/li><li class='evoss_block evoss_hide'><div class='c'><em class='time'>09:45 <\/em> \r\n\t\t\t\t\t\t\t\t<span><b class=''>Dal progetto all\u2019attuazione: evoluzione dei rapporti nel corso della relazione. <\/b><span class=''><i>09:45 &#8211; 10:30 <\/i><div class='ct'>Nuovo significato alla luce dei principi normativi. trattazione di casi pratici. <\/br>\nDibattito confronto con i partecipanti.\n<\/div><u>Relatori: <em class=\"speaker evolb_trigger\" data-lbvals=\"{&quot;lbc&quot;:&quot;evo_get_speaker&quot;,&quot;t&quot;:&quot;Speaker Details&quot;,&quot;ajax&quot;:&quot;yes&quot;,&quot;end&quot;:&quot;client&quot;,&quot;d&quot;:{&quot;eventid&quot;:&quot;236&quot;,&quot;speaker_id&quot;:24,&quot;uid&quot;:&quot;evo_get_speaker&quot;,&quot;action&quot;:&quot;evoss_get_speaker_details&quot;,&quot;load_new_content&quot;:true}}\" >Monica Carta<\/em><\/u><\/span><\/span>\r\n\t\t\t\t\t\t\t\t<\/div><\/li><li class='evoss_block evoss_hide'><div class='c'><em class='time'>10:30 <\/em> \r\n\t\t\t\t\t\t\t\t<span><b class=''>Aspetti che favoriscono e impediscono uno sviluppo armonico relazionale<\/b><span class=''><i>10:30 &#8211; 11:15 <\/i><div class='ct'>Costruzioni di dipendenza e costruzioni di ruolo\nSurfare sulle onde di una relazione\n<\/div><u>Relatori: <em class=\"speaker evolb_trigger\" data-lbvals=\"{&quot;lbc&quot;:&quot;evo_get_speaker&quot;,&quot;t&quot;:&quot;Speaker Details&quot;,&quot;ajax&quot;:&quot;yes&quot;,&quot;end&quot;:&quot;client&quot;,&quot;d&quot;:{&quot;eventid&quot;:&quot;236&quot;,&quot;speaker_id&quot;:28,&quot;uid&quot;:&quot;evo_get_speaker&quot;,&quot;action&quot;:&quot;evoss_get_speaker_details&quot;,&quot;load_new_content&quot;:true}}\" >Elisa Messina<\/em><\/u><\/span><\/span>\r\n\t\t\t\t\t\t\t\t<\/div><\/li><li class='evoss_block evoss_hide'><div class='c'><em class='time'>11:15<\/em> \r\n\t\t\t\t\t\t\t\t<span><b class=''>Esercitiamoci a comunicare: <\/b><span class=''><i>11:15- 12:00<\/i><div class='ct'>L\u2019empatia \u00e8 innata o possiamo apprenderla?<\/br>\nGiochi di simulazione: affrontiamo insieme l\u2019imprevisto\n<\/div><u>Relatori: <em class=\"speaker evolb_trigger\" data-lbvals=\"{&quot;lbc&quot;:&quot;evo_get_speaker&quot;,&quot;t&quot;:&quot;Speaker Details&quot;,&quot;ajax&quot;:&quot;yes&quot;,&quot;end&quot;:&quot;client&quot;,&quot;d&quot;:{&quot;eventid&quot;:&quot;236&quot;,&quot;speaker_id&quot;:29,&quot;uid&quot;:&quot;evo_get_speaker&quot;,&quot;action&quot;:&quot;evoss_get_speaker_details&quot;,&quot;load_new_content&quot;:true}}\" >Elena Impellizzeri<\/em><\/u><\/span><\/span>\r\n\t\t\t\t\t\t\t\t<\/div><\/li><li class='evoss_block evoss_hide'><div class='c'><em class='time'>12:00<\/em> \r\n\t\t\t\t\t\t\t\t<span><b class=''>Finale insieme &#8211; tiriamo le somme<\/b><span class=''><i>12:00- 12:30<\/i><div class='ct'>Test per sperimentare la crescita personale<\/div><u>Relatori: <em class=\"speaker evolb_trigger\" data-lbvals=\"{&quot;lbc&quot;:&quot;evo_get_speaker&quot;,&quot;t&quot;:&quot;Speaker Details&quot;,&quot;ajax&quot;:&quot;yes&quot;,&quot;end&quot;:&quot;client&quot;,&quot;d&quot;:{&quot;eventid&quot;:&quot;236&quot;,&quot;speaker_id&quot;:29,&quot;uid&quot;:&quot;evo_get_speaker&quot;,&quot;action&quot;:&quot;evoss_get_speaker_details&quot;,&quot;load_new_content&quot;:true}}\" >Elena Impellizzeri, <\/em><em class=\"speaker evolb_trigger\" data-lbvals=\"{&quot;lbc&quot;:&quot;evo_get_speaker&quot;,&quot;t&quot;:&quot;Speaker Details&quot;,&quot;ajax&quot;:&quot;yes&quot;,&quot;end&quot;:&quot;client&quot;,&quot;d&quot;:{&quot;eventid&quot;:&quot;236&quot;,&quot;speaker_id&quot;:28,&quot;uid&quot;:&quot;evo_get_speaker&quot;,&quot;action&quot;:&quot;evoss_get_speaker_details&quot;,&quot;load_new_content&quot;:true}}\" >Elisa Messina, <\/em><em class=\"speaker evolb_trigger\" data-lbvals=\"{&quot;lbc&quot;:&quot;evo_get_speaker&quot;,&quot;t&quot;:&quot;Speaker Details&quot;,&quot;ajax&quot;:&quot;yes&quot;,&quot;end&quot;:&quot;client&quot;,&quot;d&quot;:{&quot;eventid&quot;:&quot;236&quot;,&quot;speaker_id&quot;:24,&quot;uid&quot;:&quot;evo_get_speaker&quot;,&quot;action&quot;:&quot;evoss_get_speaker_details&quot;,&quot;load_new_content&quot;:true}}\" >Monica Carta<\/em><\/u><\/span><\/span>\r\n\t\t\t\t\t\t\t\t<\/div><\/li><\/ul><\/li><\/ul><\/div><\/div><\/div><\/div><div class='evocard_row'><div id='event_evospk' class='evocard_box evospk' data-c='' \n\t\t\t\t\tstyle=''><div id='evo_speaker' class='evo_metarow_speaker evorow evcal_evdata_row bordb evcal_evrow_sm' data-event_id='236'>\r\n\t\t\t\t\t<span class='evcal_evdata_icons'><i class='fa fa-coffee'><\/i><\/span>\r\n\t\t\t\t\t<div class='evcal_evdata_cell'><h3 class='evo_h3'>Relatori dell&#039;evento<\/h3><ul class=\"evospk_boxes\">\t\t\t\t\t\r\n\t\t\t\t\t\t<li class=\"evospk_box\">\r\n\t\t\t\t\t\t\t<span class='evospk_img_box'>\r\n\t\t\t\t\t\t\t\t<span class=\"evospk_img\" style='background-image: url(https:\/\/farefamiglia.it\/moowophi\/2022\/12\/team_0000b_Elena_Impellizzeri-287x300.webp)'><\/span>\r\n\t\t\t\t\t\t\t<\/span>\r\n\t\t\t\t\t\t\t<h3 class=\"evo_h3\">Elena Impellizzeri<\/h3>\r\n\t\t\t\t\t\t\t\t<div class='evospk_hidden'>\r\n\t\t\t\t\t\t\t\t\t<div class='evoss_speaker_lb'>\r\n\t\t\t\t\t\t\t\t\t<div class=\"evospk_img\">\r\n\t\t\t\t\t\t\t\t\t\t<span style='background-image: url(https:\/\/farefamiglia.it\/moowophi\/2022\/12\/team_0000b_Elena_Impellizzeri-287x300.webp)'><\/span><\/div>\r\n\t\t\t\t\t\t\t\t\t<div class=\"evospk_info\">\r\n\t\t\t\t\t\t\t\t\t\t<h2>Elena Impellizzeri<\/h2>\r\n\t\t\t\t\t\t\t\t\t\t<p class='evo_speaker_title'>Pedagogista e Mediatrice familiare<\/p><div class='evo_speaker_desc'><p>Laureata in Pedagogia nel 2006 nei primi anni post universitari mi sono cimentata nel supporto socio psico educativo rivolto ai minori a rischio, lavorando sia in comunit\u00e0, che in un Centro Accoglienza per donne in difficolt\u00e0. \u00c8 stato soprattutto l\u2019interesse per il bambino e le sue esigenze che nel 2010 ho scelto di aprire un nido, baby parking e doposcuola, che ho gestito negli anni successivi curando le comunicazioni con la famiglia e la crescita dei piccoli iscritti. Con l\u2019intenzione di approfondire il nesso tra psicologia ed educazione, nel 2018 ho acquisito la Laurea in Scienze e Tecniche Psicologiche. Contemporaneamente ho proseguito con la libera professione, scegliendo di dedicarmi a supportare le famiglie nell\u2019affrontare le problematiche che si affacciano spesso nel corso dello sviluppo di bambini e ragazzi. Oggi amministro, con altri 2 genitori, il gruppo \u201cL\u2019Oasi dei Separati e non\u201d che si basa sull\u2019auto mutuo aiuto e che, con la collaborazione di esperti in ambito legale e psico-educativo, mira ad indirizzare a compiere le scelte migliori in ambito separativo, per il bene dei propri figli, insegnando ad abbassare la conflittualit\u00e0. Mi occupo di consulenza pedagogica individuale e genitoriale, collaborazione nella progettazione di Piani Educativi Individualizzati per bambini e ragazzi, ma anche consulenza e mediazione con le istituzioni scolastiche.<\/p>\n<\/div>\t\t\t\t\t\t\t\t\t<\/div>\r\n\t\t\t\t\t\t\t\t\t<\/div>\r\n\t\t\t\t\t\t\t\t<\/div>\r\n\t\t\t\t\t\t\t\r\n\t\t\t\t\t\t\t\t\t\t\t\t\t\t\t<p class='evospk_job_title'>Pedagogista e Mediatrice familiare<\/p>\r\n\t\t\t\t\t\t\t\t\t\t\t\t\t\t\r\n\t\t\t\t\t\t<\/li>\t\t\t\t\t\r\n\t\t\t\t\t\t\t\t\t\t\r\n\t\t\t\t\t\t<li class=\"evospk_box\">\r\n\t\t\t\t\t\t\t<span class='evospk_img_box'>\r\n\t\t\t\t\t\t\t\t<span class=\"evospk_img\" style='background-image: url(https:\/\/farefamiglia.it\/moowophi\/2022\/12\/team_0001_Elisa_Messina-292x300.webp)'><\/span>\r\n\t\t\t\t\t\t\t<\/span>\r\n\t\t\t\t\t\t\t<h3 class=\"evo_h3\">Elisa Messina<\/h3>\r\n\t\t\t\t\t\t\t\t<div class='evospk_hidden'>\r\n\t\t\t\t\t\t\t\t\t<div class='evoss_speaker_lb'>\r\n\t\t\t\t\t\t\t\t\t<div class=\"evospk_img\">\r\n\t\t\t\t\t\t\t\t\t\t<span style='background-image: url(https:\/\/farefamiglia.it\/moowophi\/2022\/12\/team_0001_Elisa_Messina-292x300.webp)'><\/span><\/div>\r\n\t\t\t\t\t\t\t\t\t<div class=\"evospk_info\">\r\n\t\t\t\t\t\t\t\t\t\t<h2>Elisa Messina<\/h2>\r\n\t\t\t\t\t\t\t\t\t\t<p class='evo_speaker_title'>Psicologa e Psicoterapeuta<\/p><div class='evo_speaker_desc'><p>Laureata in Psicologia a Padova e Specializzata in Psicoterapia a indirizzo Costruttivista, i miei ambiti di intervento clinico sono: ansia, attacchi di panico, depressione e terapia di coppia.<\/p>\n<p>Ho conseguito una formazione avanzata presso la Open Academy of Medicine sulle \u201csindromi funzionali corporee\u201d (psicosomatica). Nel 2020 ho fondato la Community Separarsi Serenamente per le coppie che vogliono affrontare la crisi relazionale con consapevolezza e garantire un benessere psico-affettivo ai figli nonostante le difficolt\u00e0 del momento. Sono autrice di innumerevoli contenuti online sulle relazioni e di un Manuale per iniziare a lavorare sulla propria \u2018rinascita relazionale\u2019.<\/p>\n<p>Insieme capiremo come funzionano le relazioni umane, cosa differenzia una buona relazione da una relazione insoddisfacente e cosa riduce il rischio di rotture e divorzi. Parleremo di comunicazione umana, della capacit\u00e0 di affrontare i problemi, del delicato passaggio da coppia a genitori e di tutte le trasformazioni che richiedono una capacit\u00e0 di cambiamento attivo.<\/p>\n<\/div><p class='evoss_url extra'><em>URL<\/em> <a target='_blank' href='https:\/\/www.separarsiserenamente.it\/'>https:\/\/www.separarsiserenamente.it\/<\/a><\/p>\t\t\t\t\t\t\t\t\t<\/div>\r\n\t\t\t\t\t\t\t\t\t<\/div>\r\n\t\t\t\t\t\t\t\t<\/div>\r\n\t\t\t\t\t\t\t\r\n\t\t\t\t\t\t\t\t\t\t\t\t\t\t\t<p class='evospk_job_title'>Psicologa e Psicoterapeuta<\/p>\r\n\t\t\t\t\t\t\t\t\t\t\t\t\t\t\r\n\t\t\t\t\t\t<\/li>\t\t\t\t\t\r\n\t\t\t\t\t\t\t\t\t\t\r\n\t\t\t\t\t\t<li class=\"evospk_box\">\r\n\t\t\t\t\t\t\t<span class='evospk_img_box'>\r\n\t\t\t\t\t\t\t\t<span class=\"evospk_img\" style='background-image: url(https:\/\/farefamiglia.it\/moowophi\/2022\/12\/monica-300x300.webp)'><\/span>\r\n\t\t\t\t\t\t\t<\/span>\r\n\t\t\t\t\t\t\t<h3 class=\"evo_h3\">Monica Carta<\/h3>\r\n\t\t\t\t\t\t\t\t<div class='evospk_hidden'>\r\n\t\t\t\t\t\t\t\t\t<div class='evoss_speaker_lb'>\r\n\t\t\t\t\t\t\t\t\t<div class=\"evospk_img\">\r\n\t\t\t\t\t\t\t\t\t\t<span style='background-image: url(https:\/\/farefamiglia.it\/moowophi\/2022\/12\/monica-300x300.webp)'><\/span><\/div>\r\n\t\t\t\t\t\t\t\t\t<div class=\"evospk_info\">\r\n\t\t\t\t\t\t\t\t\t\t<h2>Monica Carta<\/h2>\r\n\t\t\t\t\t\t\t\t\t\t<p class='evo_speaker_title'>Avvocato e Mediatrice Familiare<\/p><div class='evo_speaker_desc'><p>Laureata in giurisprudenza presso l\u2019Universit\u00e0 degli Studi di Catania, sono avvocato, mediatrice familiare e sociale e coordinatrice genitoriale.<br \/>\nL\u2019esperienza professionale, accompagnata dallo studio dei processi che regolano le relazioni umane, mi ha sempre pi\u00f9 convinta della complessit\u00e0 delle controversie familiari e delle complesse dinamiche che generano la rottura dei rapporti.<\/p>\n<p>Ed \u00e8 cos\u00ec che, certa dell\u2019importanza di un approccio non esclusivamente legale-giudiziale alla gestione delle controversie, soprattutto quelle riguardanti la famiglia, ho  integrato la mia formazione giuridica conseguendo nel 2018 il master biennale in Mediazione Familiare*, Penale, Penale Minorile e in ambito sanitario-lavorativo, presso l\u2019Associazione Me.Dia.Re. di Torino.<\/p>\n<p>Applicando da diversi anni questo approccio, con ottimi risultati, ho verificato come moltissime situazioni conflittuali, se prese in tempo, possono condurre ad un esito diverso.<\/p>\n<\/div><p class='evo_speaker_social'><a target='_blank' href='https:\/\/www.facebook.com\/monica.carta.94' class='fa fa-facebook'><\/a><\/p>\t\t\t\t\t\t\t\t\t<\/div>\r\n\t\t\t\t\t\t\t\t\t<\/div>\r\n\t\t\t\t\t\t\t\t<\/div>\r\n\t\t\t\t\t\t\t\r\n\t\t\t\t\t\t\t\t\t\t\t\t\t\t\t<p class='evospk_job_title'>Avvocato e Mediatrice Familiare<\/p>\r\n\t\t\t\t\t\t\t\t\t\t\t\t\t\t\r\n\t\t\t\t\t\t<\/li>\t\t\t\t\t\r\n\t\t\t\t\t<\/ul><div class=\"clear\"><\/div><\/div><\/div><\/div><\/div><div class='evocard_row'><div id='event_virtual' class='evocard_box virtual' data-c='' \n\t\t\t\t\tstyle=''>\t\t<div class='evo_metarow_virtual evorow evcal_evdata_row'>\n\t\t\t<span class='evcal_evdata_icons'><i class='fa fa-globe'><\/i><\/span>\n\t\t\t<div class='evcal_evdata_cell'>\n\t\t\t\t<h3 class='evo_h3'>\u200eDettagli dell&#039;evento virtuale\u200e<\/h3>\n\t\t\t\t\n\t\t\t\t\t\t\t\t\n\t\t\t\t<div class='evo_vir_pre_content' style='padding-bottom: 10px;'>\n\t\t\t\t\t\t\t\t\t\t\t\n\t\t\t\t<\/div>\t\t\t\n\t\t\t\t\n\t\t\t\t\t\t\t\t\n\t\t\t\t\t\t\t\t\n\t\t\t\t\t\t\t\t\t\n\t\t\t\t\n\t\t\t\t<div class='evo_vir_post_content'><p class='evo_vir_past_content'>\u200eL&#039;evento ha gi\u00e0 avuto luogo\u200e!<\/p><\/div>\t\t\t\t\n\t\t\t\t\t\t\t\t<div class='evo_vir_data evo_refresh_on_heartbeat' data-key=\"evo_vir_data\" data-refresh=\"1\" data-single=\"n\" data-stage=\"post\" data-refresh_main=\"y\" data-vir_type=\"zoom\" data-mod_joined=\"left\" data-ismod=\"n\" data-check_awaitmod=\"1\" ><\/div>\n\n\t\t\t\t\t\t\t\t\n\t\t\t<\/div>\n\t\t<\/div>\n\n\t\t<\/div><\/div><div class='evocard_row'><div id='event_addtocal' class='evocard_box addtocal' data-c='' \n\t\t\t\t\tstyle=''><div class='evo_metarow_ICS evorow evcal_evdata_row'>\n\t\t\t\t\t\t\t\t\t<span class='evcal_evdata_icons'><i class='fa fa-calendar-o'><\/i><\/span>\n\t\t\t\t\t\t\t\t\t<div class='evcal_evdata_cell'>\n\t\t\t\t\t\t\t\t\t\t<p><a href='\/\/www.google.com\/calendar\/event?action=TEMPLATE&amp;text=FARE+FAMIGLIA&amp;dates=20230204T083000Z\/20230211T083000Z&amp;ctz=Europe\/Berlin&amp;details=FARE+FAMIGLIA&amp;location=' target='_blank' class='evo_ics_gCal' title='Aggiungi al tuo Calendario Google'>Aggiungi al Calendario Google<\/a><\/p>\t\n\t\t\t\t\t\t\t\t\t<\/div>\n\t\t\t\t\t\t\t\t<\/div><\/div><\/div><div class='evocard_row'><div id='event_evosocial' class='evocard_box evosocial' data-c='' \n\t\t\t\t\tstyle=''><div class='evo_metarow_socialmedia evcal_evdata_row '><div class='evo_sm FacebookShare'><a class=\" evo_ss\" target=\"_blank\" onclick=\"javascript:window.open(this.href, '', 'left=50,top=50,width=600,height=350,toolbar=0');return false;\"\r\n\t\t\t\t\t\thref=\"\/\/www.facebook.com\/sharer.php?u=https%3A%2F%2Ffarefamiglia.it%2Fevents%2Fempowerment-di-coppia%2F\" title=\"Condividi su Facebook\"><i class=\"fa fab fa-facebook\"><\/i><\/a><\/div><div class='evo_sm LinkedIn'><a class=\"li evo_ss\" href=\"\/\/www.linkedin.com\/shareArticle?mini=true&#038;url=https%3A%2F%2Ffarefamiglia.it%2Fevents%2Fempowerment-di-coppia%2F&#038;title=FARE%20FAMIGLIA&#038;summary=\" target=\"_blank\" title=\"Condividi su Linkedin\"><i class=\"fa fab fa-linkedin\"><\/i><\/a><\/div><div class='evo_sm copy'><a class=\"copy evo_ss\" data-l=\"https%3A%2F%2Ffarefamiglia.it%2Fevents%2Fempowerment-di-coppia%2F\" data-t=\"Event Link Copied to Clipboard!\" title=\"Copy Link\"><i class=\"fa fa-copy\"><\/i><\/a><\/div><div class='evo_sm EmailShare'><a class=\"em evo_ss\" href=\"mailto:?subject=FARE%20FAMIGLIA&#038;body=Nome dell&#039;evento: FARE%20FAMIGLIA%0AData Evento: Febbraio 4, 2023 9:30 Am - Febbraio 11, 2023 9:30 Am%0ALink: https%3A%2F%2Ffarefamiglia.it%2Fevents%2Fempowerment-di-coppia%2F%0A\" target=\"_blank\"><i class=\"fa fa-envelope\"><\/i><\/a><\/div><\/div><\/div><\/div><div class='evo_card_row_end evcal_close' title='Testo per il pulsante chiudi evento\u200e'><\/div><\/div><div class='clear end'><\/div><\/div><\/div><\/div>\t\t\t\t\t\t<\/div>\n\t\t\t\t<\/div>\n\t\t\t\t\t<\/div>\n\t\t<\/div>\n\t\t\t\t\t\t\t<\/div>\n\t\t<\/section>\n\t\t\t\t<section class=\"elementor-section elementor-inner-section elementor-element elementor-element-6515d8cc elementor-section-boxed elementor-section-height-default elementor-section-height-default\" data-id=\"6515d8cc\" data-element_type=\"section\">\n\t\t\t\t\t\t<div class=\"elementor-container elementor-column-gap-default\">\n\t\t\t\t\t<div class=\"elementor-column elementor-col-100 elementor-inner-column elementor-element elementor-element-18d2b928\" data-id=\"18d2b928\" data-element_type=\"column\">\n\t\t\t<div class=\"elementor-widget-wrap elementor-element-populated\">\n\t\t\t\t\t\t\t\t<div class=\"elementor-element elementor-element-6d4bc31d elementor-widget elementor-widget-spacer\" data-id=\"6d4bc31d\" data-element_type=\"widget\" data-widget_type=\"spacer.default\">\n\t\t\t\t<div class=\"elementor-widget-container\">\n\t\t\t\t\t<div class=\"elementor-spacer\">\n\t\t\t<div class=\"elementor-spacer-inner\"><\/div>\n\t\t<\/div>\n\t\t\t\t<\/div>\n\t\t\t\t<\/div>\n\t\t\t\t\t<\/div>\n\t\t<\/div>\n\t\t\t\t\t\t\t<\/div>\n\t\t<\/section>\n\t\t\t\t<section class=\"elementor-section elementor-inner-section elementor-element elementor-element-45f5f764 elementor-reverse-mobile elementor-section-boxed elementor-section-height-default elementor-section-height-default\" data-id=\"45f5f764\" data-element_type=\"section\">\n\t\t\t\t\t\t<div class=\"elementor-container elementor-column-gap-no\">\n\t\t\t\t\t<div class=\"elementor-column elementor-col-66 elementor-inner-column elementor-element elementor-element-4aa0db6f\" data-id=\"4aa0db6f\" data-element_type=\"column\">\n\t\t\t<div class=\"elementor-widget-wrap elementor-element-populated\">\n\t\t\t\t\t\t\t\t<div class=\"elementor-element elementor-element-46798e63 elementor-widget__width-initial elementor-widget elementor-widget-text-path\" data-id=\"46798e63\" data-element_type=\"widget\" data-settings=\"{&quot;text&quot;:&quot;Evento live&quot;,&quot;align&quot;:&quot;left&quot;,&quot;text_path_direction&quot;:&quot;rtl&quot;,&quot;start_point&quot;:{&quot;unit&quot;:&quot;%&quot;,&quot;size&quot;:21,&quot;sizes&quot;:[]},&quot;link&quot;:{&quot;url&quot;:&quot;&quot;,&quot;is_external&quot;:&quot;&quot;,&quot;nofollow&quot;:&quot;&quot;,&quot;custom_attributes&quot;:&quot;&quot;}}\" data-widget_type=\"text-path.default\">\n\t\t\t\t<div class=\"elementor-widget-container\">\n\t\t\t\t\t<div class=\"e-text-path elementor-animation-wobble-horizontal\" data-text=\"Evento live\" data-url=\"\/\/farefamiglia.it\/whywoart\/elementor\/assets\/svg-paths\/line.svg\"><\/div>\n\t\t\t\t<\/div>\n\t\t\t\t<\/div>\n\t\t\t\t<div class=\"elementor-element elementor-element-6629cdd8 elementor-widget elementor-widget-text-editor\" data-id=\"6629cdd8\" data-element_type=\"widget\" data-widget_type=\"text-editor.default\">\n\t\t\t\t<div class=\"elementor-widget-container\">\n\t\t\t\t\t\t\t<p>CATANIA &#8211; EVENTO LIVE &#8211; FARE FAMIGLIA<\/p>\n\n<p><span style=\"font-weight: 200; font-size: 15px;\">\nCome costruire una famiglia felice, dalla teoria alla pratica con role playing su casi concreti.\nIl corso si svolge nell\u2019arco di un weekend, tra role playing, relazioni e confronti tra i partecipanti e le relatrici &#8211; Gli argomenti verranno affrontati in modalit\u00e0 divulgativa e interattiva con i partecipanti, offrendo una visione integrata degli stessi sotto il profilo psicologico, relazionale e giuridico<\/span><\/p>\n\n<p><em>Due incontri di 4 ore:\u00a0 04 e 05 Marzo<\/em><\/p>\n\n<p>Si richiede la partecipazione in coppia<\/p>\n\n<hr class=\"no_line\" style=\"margin: 0 auto 20px auto\"\/>\n\n<div class='ajde_evcal_calendar eventon_single_event eventon_event evo_sin_box sev cev color esty_2' ><div class='evo-data'   data-ux_val='3' data-exturl='' data-mapscroll='true' data-mapformat='roadmap' data-mapzoom='18' ><\/div><div class='evo_cal_data' data-sc='{\"excerpt\":\"no\",\"expanded\":\"no\",\"ux_val\":3,\"exturl\":\"\",\"mapscroll\":\"true\",\"mapformat\":\"roadmap\",\"mapzoom\":\"18\",\"maps_load\":\"yes\"}'><\/div><div id='evcal_list' class='eventon_events_list '><div id=\"event_468_0\" class=\"eventon_list_event evo_eventtop scheduled  event clrD event_468_0\" data-event_id=\"468\" data-ri=\"0r\" data-time=\"1677916800-1678039200\" data-colr=\"#425de3\" itemscope itemtype='http:\/\/schema.org\/Event'><div class=\"evo_event_schema\" style=\"display:none\" ><a itemprop='url'  href='https:\/\/farefamiglia.it\/events\/fare-famiglia-live-catania\/'><\/a><meta itemprop='image' content=\"https:\/\/farefamiglia.it\/moowophi\/2022\/12\/event6-about-pic6.png\" \/><meta itemprop='startDate' content=\"2023-3-4T09:00+0:00\" \/><meta itemprop='endDate' content=\"2023-3-5T19:00+0:00\" \/><meta itemprop='eventStatus' content=\"https:\/\/schema.org\/EventScheduled\" \/><item style=\"display:none\" itemprop=\"location\" itemscope itemtype=\"http:\/\/schema.org\/Place\"><span itemprop=\"name\">Hotel Nettuno<\/span><span itemprop=\"address\" itemscope itemtype=\"http:\/\/schema.org\/PostalAddress\"><item itemprop=\"streetAddress\">Viale Ruggero di Lauria, 121 &#8211; Catania<\/item><\/span><\/item><item style=\"display:none\" itemprop=\"eventAttendanceMode\" itemscope itemtype=\"https:\/\/schema.org\/OnlineEventAttendanceMode\"><\/item><div itemprop=\"offers\" itemscope itemtype=\"http:\/\/schema.org\/Offer\">\n\t\t\t\t        <div class=\"event-price\" itemprop=\"price\" content=\"599\">599<\/div>\n\t\t\t\t        <meta itemprop=\"priceCurrency\" content=\"\u20ac\">\n\t\t\t\t        <meta itemprop=\"url\" content=\"https:\/\/farefamiglia.it\/events\/fare-famiglia-live-catania\/\">\n\t\t\t\t        <meta itemprop=\"availability\" content=\"http:\/\/schema.org\/InStock\">\n\t\t\t\t        <meta itemprop=\"validFrom\" content=\"2023-3-4T09:00+0:00\">\n\t\t\t\t    <\/div><script type=\"application\/ld+json\">{\"@context\": \"http:\/\/schema.org\",\"@type\": \"Event\",\n\t\t\t\t\"@id\": \"event_468_0\",\n\t\t\t\t\"eventAttendanceMode\":\"https:\/\/schema.org\/OnlineEventAttendanceMode\",\n\t\t\t\t\"eventStatus\":\"https:\/\/schema.org\/EventScheduled\",\n\t\t\t\t\"name\": \"FARE FAMIGLIA (LIVE) CATANIA\",\n\t\t\t\t\"url\": \"https:\/\/farefamiglia.it\/events\/fare-famiglia-live-catania\/\",\n\t\t\t\t\"startDate\": \"2023-3-4T09:00+0:00\",\n\t\t\t\t\"endDate\": \"2023-3-5T19:00+0:00\",\n\t\t\t\t\"image\":\"https:\/\/farefamiglia.it\/moowophi\/2022\/12\/event6-about-pic6.png\", \n\t\t\t\t\"description\":\"<p><\/p> \",\"location\":[{\"@type\":\"Place\",\"name\":\"Hotel Nettuno\",\"address\":{\"@type\": \"PostalAddress\",\"streetAddress\":\"Viale Ruggero di Lauria, 121 - Catania\"}}],\"offers\":{\"@type\":\"Offer\",\"price\":\"599\",\"priceCurrency\":\"\u20ac\",\"availability\":\"http:\/\/schema.org\/InStock\",\"validFrom\":\"2023-3-4T09:00+0:00\",\"url\":\"https:\/\/farefamiglia.it\/events\/fare-famiglia-live-catania\/\"}}<\/script><\/div>\r\n\t\t\t\t<p class=\"desc_trig_outter\" style=\"\"><a data-gmtrig=\"1\" data-exlk=\"0\" style=\"background-color: #425de3;\" id=\"evc_1677916800468\" class=\"hasFtIMG desc_trig completed-event 1 mul_val evcal_list_a\" data-ux_val=\"3\" data-ux_val_mob=\"-\"  ><span class='evoet_c1 evoet_cx '><span class='ev_ftImg' data-img='https:\/\/farefamiglia.it\/moowophi\/2022\/12\/event6-about-pic6.png' data-thumb='https:\/\/farefamiglia.it\/moowophi\/2022\/12\/event6-about-pic6-271x300.png' style='background-image:url(\"https:\/\/farefamiglia.it\/moowophi\/2022\/12\/event6-about-pic6-271x300.png\")' ><\/span><\/span><span class='evoet_c2 evoet_cx '><span class='evoet_dayblock evcal_cblock ' data-bgcolor='#425de3' data-smon='marzo' data-syr='2023' data-bub=''><span class='evo_start '><em class='date'>04<\/em><em class='month'>mar<\/em><em class='time'><i t=\"y\">(mar 4)<\/i>9:00 am<\/em><\/span><span class='evo_end '><em class='date'>05<\/em><em class='time'><i t=\"y\">(mar 5)<\/i>7:00 pm<\/em><\/span><\/span><\/span><span class='evoet_c3 evoet_cx evcal_desc hide_eventtopdata '><span class='evoet_title evcal_desc2 evcal_event_title ' itemprop='name'>FARE FAMIGLIA (LIVE) CATANIA<\/span><span class='event_location_attrs'  data-location_address=\"Viale Ruggero di Lauria, 121 - Catania\" data-location_type=\"lonlat\" data-location_name=\"Hotel Nettuno\" data-location_url=\"https:\/\/farefamiglia.it\/event-location\/hotel-nettuno\/\" data-location_status=\"true\" data-latlng=\"37.522731,15.1149743\"><\/span><span class='evoet_subtitle evo_below_title' ><span class='evcal_event_subtitle ' >imparare a utilizzare gli strumenti per valorizzare e mantenere relazioni serene e durature, e una sessualit\u00e0 armoniosa e soddisfacente<\/span><\/span><span class='evocd_timer evoet_b1'><span class='evocd_text timeexpired' data-ex_tx='L'evento ha gi\u00e0 avuto luogo'>L&#8217;evento ha gi\u00e0 avuto luogo<\/span><\/span><\/span><span class='evoet_data' data-d=\"{&quot;loc.n&quot;:&quot;Hotel Nettuno&quot;,&quot;orgs&quot;:[],&quot;tags&quot;:{&quot;completed&quot;:&quot;Completed&quot;,&quot;vir&quot;:&quot;\\u200eEvento Virtuale\\u200e&quot;}}\" data-bgc=\"#425de3\" data-bggrad=\"\" ><\/span><\/a><\/p><div class='event_description evcal_eventcard ' style=\"display:none\"><div class='evocard_row'><div id='event_ftimage' class='evocard_box ftimage' data-c='' \n\t\t\t\t\tstyle=''><div class='evocard_main_image_hold' data-t='Loading Image..'><div class='evocard_main_image evobr15 evobgsc evobgpc evodfx evofx_jc_c evofx_ai_c evofz48 direct' style='height:400px; background-image:url();' data-f=\"https:\/\/farefamiglia.it\/moowophi\/2022\/12\/event6-about-pic6.png\" data-h=\"864\" data-w=\"780\" data-ratio=\"1.1076923076923\" data-event_id=\"468\" data-ri=\"0\"  data-t='Loading Image..'><span style='height:400px; background-image:url(https:\/\/farefamiglia.it\/moowophi\/2022\/12\/event6-about-pic6.png)'><\/span><\/div><\/div><\/div><\/div><div class='evocard_row'><div id='event_eventdetails' class='evocard_box eventdetails' data-c='ffff19' \n\t\t\t\t\tstyle='background-color:#ffff19'><div class='evo_metarow_details evorow evcal_evdata_row evcal_event_details'>\n\t\t\t\t\t\t\t\t<div class=\"event_excerpt\" style=\"display:none\"><h3 class=\"padb5 evo_h3\">\u200eDettagli dell&#039;evento\u200e<\/h3><p><\/p><\/div><span class='evcal_evdata_icons'><i class='fa fa-align-justify'><\/i><\/span>\n\t\t\t\t\t\t\t\t\n\t\t\t\t\t\t\t\t<div class='evcal_evdata_cell '>\n\t\t\t\t\t\t\t\t\t<div class='eventon_full_description'>\n\t\t\t\t\t\t\t\t\t\t<h3 class='padb5 evo_h3'><span class='evcal_evdata_icons'><i class='fa fa-align-justify'><\/i><\/span>\u200eDettagli dell&#039;evento\u200e<\/h3>\n\t\t\t\t\t\t\t\t\t\t<div class='eventon_desc_in' itemprop='description'>\n\t\t\t\t\t\t\t\t\t\t<p><\/p>\n<\/div><div class='clear'><\/div>\n\t\t\t\t\t\t\t\t\t<\/div>\n\t\t\t\t\t\t\t\t<\/div>\n\t\t\t\t\t\t\t<\/div><\/div><\/div><div class='evocard_row'><div id='event_customfield1' class='evocard_box customfield1' data-c='' \n\t\t\t\t\tstyle=''><div class='evo_metarow_cusF1 evorow evcal_evdata_row evcal_evrow_sm '>\n\t\t\t\t\t\t\t\t<span class='evcal_evdata_icons'><i class='fa fa-calendar-alt'><\/i><\/span>\n\t\t\t\t\t\t\t\t<div class='evcal_evdata_cell'>\t\t\t\t\t\t\t\n\t\t\t\t\t\t\t\t\t<h3 class='evo_h3'>Primo giorno: data e durata dell&#039;evento <\/h3><div class='evo_custom_content evo_data_val'><p>04\/03\/2023 (7 h 30 m) dalle 12:00 alle 19:30<\/p>\n<\/div><\/div><\/div><\/div><\/div><div class='evocard_row'><div id='event_customfield2' class='evocard_box customfield2' data-c='' \n\t\t\t\t\tstyle=''><div class='evo_metarow_cusF2 evorow evcal_evdata_row evcal_evrow_sm '>\n\t\t\t\t\t\t\t\t<span class='evcal_evdata_icons'><i class='fa fa-calendar-days'><\/i><\/span>\n\t\t\t\t\t\t\t\t<div class='evcal_evdata_cell'>\t\t\t\t\t\t\t\n\t\t\t\t\t\t\t\t\t<h3 class='evo_h3'>Secondo giorno: data e durata dell&#039;evento <\/h3><div class='evo_custom_content evo_data_val'><p>05\/03\/2023 (6 h 30 m) dalle 10:30 alle 17:00<\/p>\n<\/div><\/div><\/div><\/div><\/div><div class='evocard_row'><div id='event_evosch' class='evocard_box evosch' data-c='' \n\t\t\t\t\tstyle=''><div id='evo_schedule' class='evo_metarow_schedule evorow evcal_evdata_row bordb evcal_evrow_sm' data-event_id='468'>\r\n\t\t\t\t\t<span class='evcal_evdata_icons'><i class='fa fa-calendar-check-o'><\/i><\/span>\r\n\t\t\t\t\t<div class='evcal_evdata_cell'><h3 class='evo_h3'>Programma<\/h3><ul class='evosch_blocks_list'><ul class='evosch_nav'><li class='evoss_show' data-day='1' title='March 4, 2023'>Giorno 1<\/li><li class='' data-day='2' title='March 5, 2023'>Giorno 2<\/li><\/ul><ul class='evosch_oneday_schedule evoss_show evosch_date_1'><li class='date'>marzo 4, 2023<\/li><li class='evoss_block evoss_show'><div class='c'><em class='time'>12:00<\/em> \r\n\t\t\t\t\t\t\t\t<span><b class=''>Saluti &#8211; Presentazioni<\/b><span class=''><i>12:00- 13:15<\/i><div class='ct'>Accoglienza dei partecipanti &#8211; Momento interattivo: conosciamo le nostre coppie attraverso il role playing\n\n\n\n\n<\/div><u>Relatori: <em class=\"speaker evolb_trigger\" data-lbvals=\"{&quot;lbc&quot;:&quot;evo_get_speaker&quot;,&quot;t&quot;:&quot;Speaker Details&quot;,&quot;ajax&quot;:&quot;yes&quot;,&quot;end&quot;:&quot;client&quot;,&quot;d&quot;:{&quot;eventid&quot;:&quot;468&quot;,&quot;speaker_id&quot;:29,&quot;uid&quot;:&quot;evo_get_speaker&quot;,&quot;action&quot;:&quot;evoss_get_speaker_details&quot;,&quot;load_new_content&quot;:true}}\" >Elena Impellizzeri, <\/em><em class=\"speaker evolb_trigger\" data-lbvals=\"{&quot;lbc&quot;:&quot;evo_get_speaker&quot;,&quot;t&quot;:&quot;Speaker Details&quot;,&quot;ajax&quot;:&quot;yes&quot;,&quot;end&quot;:&quot;client&quot;,&quot;d&quot;:{&quot;eventid&quot;:&quot;468&quot;,&quot;speaker_id&quot;:28,&quot;uid&quot;:&quot;evo_get_speaker&quot;,&quot;action&quot;:&quot;evoss_get_speaker_details&quot;,&quot;load_new_content&quot;:true}}\" >Elisa Messina, <\/em><em class=\"speaker evolb_trigger\" data-lbvals=\"{&quot;lbc&quot;:&quot;evo_get_speaker&quot;,&quot;t&quot;:&quot;Speaker Details&quot;,&quot;ajax&quot;:&quot;yes&quot;,&quot;end&quot;:&quot;client&quot;,&quot;d&quot;:{&quot;eventid&quot;:&quot;468&quot;,&quot;speaker_id&quot;:24,&quot;uid&quot;:&quot;evo_get_speaker&quot;,&quot;action&quot;:&quot;evoss_get_speaker_details&quot;,&quot;load_new_content&quot;:true}}\" >Monica Carta<\/em><\/u><\/span><\/span>\r\n\t\t\t\t\t\t\t\t<\/div><\/li><li class='evoss_block evoss_hide'><div class='c'><em class='time'>13:30<\/em> \r\n\t\t\t\t\t\t\t\t<span><b class=''>Pranzo conviviale<\/b><span class=''><i>13:30- 16:00<\/i><div class='ct'>Pranzo conviviale<\/div><u>Relatori: <em class=\"speaker evolb_trigger\" data-lbvals=\"{&quot;lbc&quot;:&quot;evo_get_speaker&quot;,&quot;t&quot;:&quot;Speaker Details&quot;,&quot;ajax&quot;:&quot;yes&quot;,&quot;end&quot;:&quot;client&quot;,&quot;d&quot;:{&quot;eventid&quot;:&quot;468&quot;,&quot;speaker_id&quot;:29,&quot;uid&quot;:&quot;evo_get_speaker&quot;,&quot;action&quot;:&quot;evoss_get_speaker_details&quot;,&quot;load_new_content&quot;:true}}\" >Elena Impellizzeri, <\/em><em class=\"speaker evolb_trigger\" data-lbvals=\"{&quot;lbc&quot;:&quot;evo_get_speaker&quot;,&quot;t&quot;:&quot;Speaker Details&quot;,&quot;ajax&quot;:&quot;yes&quot;,&quot;end&quot;:&quot;client&quot;,&quot;d&quot;:{&quot;eventid&quot;:&quot;468&quot;,&quot;speaker_id&quot;:28,&quot;uid&quot;:&quot;evo_get_speaker&quot;,&quot;action&quot;:&quot;evoss_get_speaker_details&quot;,&quot;load_new_content&quot;:true}}\" >Elisa Messina, <\/em><em class=\"speaker evolb_trigger\" data-lbvals=\"{&quot;lbc&quot;:&quot;evo_get_speaker&quot;,&quot;t&quot;:&quot;Speaker Details&quot;,&quot;ajax&quot;:&quot;yes&quot;,&quot;end&quot;:&quot;client&quot;,&quot;d&quot;:{&quot;eventid&quot;:&quot;468&quot;,&quot;speaker_id&quot;:24,&quot;uid&quot;:&quot;evo_get_speaker&quot;,&quot;action&quot;:&quot;evoss_get_speaker_details&quot;,&quot;load_new_content&quot;:true}}\" >Monica Carta<\/em><\/u><\/span><\/span>\r\n\t\t\t\t\t\t\t\t<\/div><\/li><li class='evoss_block evoss_hide'><div class='c'><em class='time'>16:00<\/em> \r\n\t\t\t\t\t\t\t\t<span><b class=''>Cenni dei diritti e doveri nascenti dal matrimonio<\/b><span class=''><i>16:00- 16:45<\/i><div class='ct'>Dalle convivenze e dalle unioni civili. <\/br>\nRisvolti pratici nell\u2019impostazione della relazione e della famiglia: <\/br>\nil progetto coppia &#8211; famiglia.\n\n<\/div><u>Relatori: <em class=\"speaker evolb_trigger\" data-lbvals=\"{&quot;lbc&quot;:&quot;evo_get_speaker&quot;,&quot;t&quot;:&quot;Speaker Details&quot;,&quot;ajax&quot;:&quot;yes&quot;,&quot;end&quot;:&quot;client&quot;,&quot;d&quot;:{&quot;eventid&quot;:&quot;468&quot;,&quot;speaker_id&quot;:24,&quot;uid&quot;:&quot;evo_get_speaker&quot;,&quot;action&quot;:&quot;evoss_get_speaker_details&quot;,&quot;load_new_content&quot;:true}}\" >Monica Carta<\/em><\/u><\/span><\/span>\r\n\t\t\t\t\t\t\t\t<\/div><\/li><li class='evoss_block evoss_hide'><div class='c'><em class='time'>16:45 <\/em> \r\n\t\t\t\t\t\t\t\t<span><b class=''>Cenni storici, culturali e psicosociali.<\/b><span class=''><i>16:45 &#8211; 17:30<\/i><div class='ct'>Cenni storici, culturali e psicosociali. <br\/>Le costruzioni personali e relazioni interpersonali secondo la Personal Construct Theory (G.A. Kelly, 1955).\n\n<\/div><u>Relatori: <em class=\"speaker evolb_trigger\" data-lbvals=\"{&quot;lbc&quot;:&quot;evo_get_speaker&quot;,&quot;t&quot;:&quot;Speaker Details&quot;,&quot;ajax&quot;:&quot;yes&quot;,&quot;end&quot;:&quot;client&quot;,&quot;d&quot;:{&quot;eventid&quot;:&quot;468&quot;,&quot;speaker_id&quot;:28,&quot;uid&quot;:&quot;evo_get_speaker&quot;,&quot;action&quot;:&quot;evoss_get_speaker_details&quot;,&quot;load_new_content&quot;:true}}\" >Elisa Messina<\/em><\/u><\/span><\/span>\r\n\t\t\t\t\t\t\t\t<\/div><\/li><li class='evoss_block evoss_hide'><div class='c'><em class='time'>17:30<\/em> \r\n\t\t\t\t\t\t\t\t<span><b class=''>Sperimentiamo la coppia<\/b><span class=''><i>17:30- 18:15<\/i><div class='ct'>Dalla pratica alla teoria\nuomini e donne: siamo davvero cos\u00ec diversi? differenti stili comunicativi\n\n<\/div><u>Relatori: <em class=\"speaker evolb_trigger\" data-lbvals=\"{&quot;lbc&quot;:&quot;evo_get_speaker&quot;,&quot;t&quot;:&quot;Speaker Details&quot;,&quot;ajax&quot;:&quot;yes&quot;,&quot;end&quot;:&quot;client&quot;,&quot;d&quot;:{&quot;eventid&quot;:&quot;468&quot;,&quot;speaker_id&quot;:29,&quot;uid&quot;:&quot;evo_get_speaker&quot;,&quot;action&quot;:&quot;evoss_get_speaker_details&quot;,&quot;load_new_content&quot;:true}}\" >Elena Impellizzeri<\/em><\/u><\/span><\/span>\r\n\t\t\t\t\t\t\t\t<\/div><\/li><li class='evoss_block evoss_hide'><div class='c'><em class='time'>18:15<\/em> \r\n\t\t\t\t\t\t\t\t<span><b class=''>Finale insieme<\/b><span class=''><i>18:15- 19:30<\/i><div class='ct'>Finale insieme: dibattito-confronto sui temi trattati &#8211; role playing\n<\/div><u>Relatori: <em class=\"speaker evolb_trigger\" data-lbvals=\"{&quot;lbc&quot;:&quot;evo_get_speaker&quot;,&quot;t&quot;:&quot;Speaker Details&quot;,&quot;ajax&quot;:&quot;yes&quot;,&quot;end&quot;:&quot;client&quot;,&quot;d&quot;:{&quot;eventid&quot;:&quot;468&quot;,&quot;speaker_id&quot;:29,&quot;uid&quot;:&quot;evo_get_speaker&quot;,&quot;action&quot;:&quot;evoss_get_speaker_details&quot;,&quot;load_new_content&quot;:true}}\" >Elena Impellizzeri, <\/em><em class=\"speaker evolb_trigger\" data-lbvals=\"{&quot;lbc&quot;:&quot;evo_get_speaker&quot;,&quot;t&quot;:&quot;Speaker Details&quot;,&quot;ajax&quot;:&quot;yes&quot;,&quot;end&quot;:&quot;client&quot;,&quot;d&quot;:{&quot;eventid&quot;:&quot;468&quot;,&quot;speaker_id&quot;:28,&quot;uid&quot;:&quot;evo_get_speaker&quot;,&quot;action&quot;:&quot;evoss_get_speaker_details&quot;,&quot;load_new_content&quot;:true}}\" >Elisa Messina, <\/em><em class=\"speaker evolb_trigger\" data-lbvals=\"{&quot;lbc&quot;:&quot;evo_get_speaker&quot;,&quot;t&quot;:&quot;Speaker Details&quot;,&quot;ajax&quot;:&quot;yes&quot;,&quot;end&quot;:&quot;client&quot;,&quot;d&quot;:{&quot;eventid&quot;:&quot;468&quot;,&quot;speaker_id&quot;:24,&quot;uid&quot;:&quot;evo_get_speaker&quot;,&quot;action&quot;:&quot;evoss_get_speaker_details&quot;,&quot;load_new_content&quot;:true}}\" >Monica Carta<\/em><\/u><\/span><\/span>\r\n\t\t\t\t\t\t\t\t<\/div><\/li><li class='evoss_block evoss_hide'><div class='c'><em class='time'>19:30<\/em> \r\n\t\t\t\t\t\t\t\t<span><b class=''>Serata libera<\/b><span class=''><i>19:30- 00:00<\/i><div class='ct'>Serata libera<\/br>\nPernottamento in hotel<\/div><\/span><\/span>\r\n\t\t\t\t\t\t\t\t<\/div><\/li><\/ul><\/li><ul class='evosch_oneday_schedule  evosch_date_2'><li class='date'>marzo 5, 2023<\/li><li class='evoss_block evoss_show'><div class='c'><em class='time'>10:00 am<\/em> \r\n\t\t\t\t\t\t\t\t<span><b class=''>Colazione<\/b><span class=''><i>10:00 am- 10:30 AM<\/i><div class='ct'>Colazione in hotel<\/div><\/span><\/span>\r\n\t\t\t\t\t\t\t\t<\/div><\/li><li class='evoss_block evoss_hide'><div class='c'><em class='time'>10:30 <\/em> \r\n\t\t\t\t\t\t\t\t<span><b class=''>Dal progetto all\u2019attuazione: evoluzione dei rapporti nel corso della relazione.<\/b><span class=''><i>10:30 &#8211; 11:15<\/i><div class='ct'> Nuovo significato alla luce dei principi normativi. <\/br>\nTrattazione di casi pratici. <\/br>\nDibattito confronto con i partecipanti.\n<\/div><u>Relatori: <em class=\"speaker evolb_trigger\" data-lbvals=\"{&quot;lbc&quot;:&quot;evo_get_speaker&quot;,&quot;t&quot;:&quot;Speaker Details&quot;,&quot;ajax&quot;:&quot;yes&quot;,&quot;end&quot;:&quot;client&quot;,&quot;d&quot;:{&quot;eventid&quot;:&quot;468&quot;,&quot;speaker_id&quot;:24,&quot;uid&quot;:&quot;evo_get_speaker&quot;,&quot;action&quot;:&quot;evoss_get_speaker_details&quot;,&quot;load_new_content&quot;:true}}\" >Monica Carta<\/em><\/u><\/span><\/span>\r\n\t\t\t\t\t\t\t\t<\/div><\/li><li class='evoss_block evoss_hide'><div class='c'><em class='time'>11:15 <\/em> \r\n\t\t\t\t\t\t\t\t<span><b class=''> Aspetti che favoriscono e impediscono uno sviluppo armonico relazionale: <\/b><span class=''><i>11:15 &#8211; 12:15 <\/i><div class='ct'>Aspetti che favoriscono e impediscono uno sviluppo armonico relazionale: <br\/>\n&#8211; costruzioni di dipendenza e costruzioni di ruolo <br\/>\n&#8211; surfare sulle onde di una relazione <br\/>\n&#8211; sessualit\u00e0: fra esperienza, ruolo, e identit\u00e0 <br\/>\n\n<\/div><u>Relatori: <em class=\"speaker evolb_trigger\" data-lbvals=\"{&quot;lbc&quot;:&quot;evo_get_speaker&quot;,&quot;t&quot;:&quot;Speaker Details&quot;,&quot;ajax&quot;:&quot;yes&quot;,&quot;end&quot;:&quot;client&quot;,&quot;d&quot;:{&quot;eventid&quot;:&quot;468&quot;,&quot;speaker_id&quot;:28,&quot;uid&quot;:&quot;evo_get_speaker&quot;,&quot;action&quot;:&quot;evoss_get_speaker_details&quot;,&quot;load_new_content&quot;:true}}\" >Elisa Messina<\/em><\/u><\/span><\/span>\r\n\t\t\t\t\t\t\t\t<\/div><\/li><li class='evoss_block evoss_hide'><div class='c'><em class='time'>12:00<\/em> \r\n\t\t\t\t\t\t\t\t<span><b class=''>Parliamone insieme<\/b><span class=''><i>12:00- 12:45 <\/i><div class='ct'>&#8211; Ascolto, comprensione e confronto.<<\/br>\n&#8211; Esercizi per allenare la propria capacit\u00e0 di dialogo con l\u2019altro ed imparare a non perdersi: role playing\n\n<\/div><u>Relatori: <em class=\"speaker evolb_trigger\" data-lbvals=\"{&quot;lbc&quot;:&quot;evo_get_speaker&quot;,&quot;t&quot;:&quot;Speaker Details&quot;,&quot;ajax&quot;:&quot;yes&quot;,&quot;end&quot;:&quot;client&quot;,&quot;d&quot;:{&quot;eventid&quot;:&quot;468&quot;,&quot;speaker_id&quot;:29,&quot;uid&quot;:&quot;evo_get_speaker&quot;,&quot;action&quot;:&quot;evoss_get_speaker_details&quot;,&quot;load_new_content&quot;:true}}\" >Elena Impellizzeri, <\/em><em class=\"speaker evolb_trigger\" data-lbvals=\"{&quot;lbc&quot;:&quot;evo_get_speaker&quot;,&quot;t&quot;:&quot;Speaker Details&quot;,&quot;ajax&quot;:&quot;yes&quot;,&quot;end&quot;:&quot;client&quot;,&quot;d&quot;:{&quot;eventid&quot;:&quot;468&quot;,&quot;speaker_id&quot;:28,&quot;uid&quot;:&quot;evo_get_speaker&quot;,&quot;action&quot;:&quot;evoss_get_speaker_details&quot;,&quot;load_new_content&quot;:true}}\" >Elisa Messina, <\/em><em class=\"speaker evolb_trigger\" data-lbvals=\"{&quot;lbc&quot;:&quot;evo_get_speaker&quot;,&quot;t&quot;:&quot;Speaker Details&quot;,&quot;ajax&quot;:&quot;yes&quot;,&quot;end&quot;:&quot;client&quot;,&quot;d&quot;:{&quot;eventid&quot;:&quot;468&quot;,&quot;speaker_id&quot;:24,&quot;uid&quot;:&quot;evo_get_speaker&quot;,&quot;action&quot;:&quot;evoss_get_speaker_details&quot;,&quot;load_new_content&quot;:true}}\" >Monica Carta<\/em><\/u><\/span><\/span>\r\n\t\t\t\t\t\t\t\t<\/div><\/li><li class='evoss_block evoss_hide'><div class='c'><em class='time'>13:00<\/em> \r\n\t\t\t\t\t\t\t\t<span><b class=''>Pranzo conviviale<\/b><span class=''><i>13:00- 14:00<\/i><div class='ct'>Pranzo conviviale\n<\/div><u>Relatori: <em class=\"speaker evolb_trigger\" data-lbvals=\"{&quot;lbc&quot;:&quot;evo_get_speaker&quot;,&quot;t&quot;:&quot;Speaker Details&quot;,&quot;ajax&quot;:&quot;yes&quot;,&quot;end&quot;:&quot;client&quot;,&quot;d&quot;:{&quot;eventid&quot;:&quot;468&quot;,&quot;speaker_id&quot;:29,&quot;uid&quot;:&quot;evo_get_speaker&quot;,&quot;action&quot;:&quot;evoss_get_speaker_details&quot;,&quot;load_new_content&quot;:true}}\" >Elena Impellizzeri, <\/em><em class=\"speaker evolb_trigger\" data-lbvals=\"{&quot;lbc&quot;:&quot;evo_get_speaker&quot;,&quot;t&quot;:&quot;Speaker Details&quot;,&quot;ajax&quot;:&quot;yes&quot;,&quot;end&quot;:&quot;client&quot;,&quot;d&quot;:{&quot;eventid&quot;:&quot;468&quot;,&quot;speaker_id&quot;:28,&quot;uid&quot;:&quot;evo_get_speaker&quot;,&quot;action&quot;:&quot;evoss_get_speaker_details&quot;,&quot;load_new_content&quot;:true}}\" >Elisa Messina, <\/em><em class=\"speaker evolb_trigger\" data-lbvals=\"{&quot;lbc&quot;:&quot;evo_get_speaker&quot;,&quot;t&quot;:&quot;Speaker Details&quot;,&quot;ajax&quot;:&quot;yes&quot;,&quot;end&quot;:&quot;client&quot;,&quot;d&quot;:{&quot;eventid&quot;:&quot;468&quot;,&quot;speaker_id&quot;:24,&quot;uid&quot;:&quot;evo_get_speaker&quot;,&quot;action&quot;:&quot;evoss_get_speaker_details&quot;,&quot;load_new_content&quot;:true}}\" >Monica Carta<\/em><\/u><\/span><\/span>\r\n\t\t\t\t\t\t\t\t<\/div><\/li><li class='evoss_block evoss_hide'><div class='c'><em class='time'>15:00<\/em> \r\n\t\t\t\t\t\t\t\t<span><b class=''>Le modalit\u00e0 di comunicazione efficace<\/b><span class=''><i>15:00- 16:00<\/i><div class='ct'>&#8211; Come creare delle modalit\u00e0 di comunicazione efficace: ascolto, comprensione e confronto.<br\/>\n&#8211; Esercizi per allenare la propria capacit\u00e0 di dialogo con l\u2019altro ed imparare a non perdersi: role playing\n<\/div><u>Relatori: <em class=\"speaker evolb_trigger\" data-lbvals=\"{&quot;lbc&quot;:&quot;evo_get_speaker&quot;,&quot;t&quot;:&quot;Speaker Details&quot;,&quot;ajax&quot;:&quot;yes&quot;,&quot;end&quot;:&quot;client&quot;,&quot;d&quot;:{&quot;eventid&quot;:&quot;468&quot;,&quot;speaker_id&quot;:29,&quot;uid&quot;:&quot;evo_get_speaker&quot;,&quot;action&quot;:&quot;evoss_get_speaker_details&quot;,&quot;load_new_content&quot;:true}}\" >Elena Impellizzeri<\/em><\/u><\/span><\/span>\r\n\t\t\t\t\t\t\t\t<\/div><\/li><li class='evoss_block evoss_hide'><div class='c'><em class='time'>16:00<\/em> \r\n\t\t\t\t\t\t\t\t<span><b class=''>Finale insieme<\/b><span class=''><i>16:00- 17:00<\/i><div class='ct'>Test sulle competenze di coppia acquisite, da svolgere e poi discutere in gruppo per confrontare quanto appreso nel corso.\n<\/div><u>Relatori: <em class=\"speaker evolb_trigger\" data-lbvals=\"{&quot;lbc&quot;:&quot;evo_get_speaker&quot;,&quot;t&quot;:&quot;Speaker Details&quot;,&quot;ajax&quot;:&quot;yes&quot;,&quot;end&quot;:&quot;client&quot;,&quot;d&quot;:{&quot;eventid&quot;:&quot;468&quot;,&quot;speaker_id&quot;:29,&quot;uid&quot;:&quot;evo_get_speaker&quot;,&quot;action&quot;:&quot;evoss_get_speaker_details&quot;,&quot;load_new_content&quot;:true}}\" >Elena Impellizzeri, <\/em><em class=\"speaker evolb_trigger\" data-lbvals=\"{&quot;lbc&quot;:&quot;evo_get_speaker&quot;,&quot;t&quot;:&quot;Speaker Details&quot;,&quot;ajax&quot;:&quot;yes&quot;,&quot;end&quot;:&quot;client&quot;,&quot;d&quot;:{&quot;eventid&quot;:&quot;468&quot;,&quot;speaker_id&quot;:28,&quot;uid&quot;:&quot;evo_get_speaker&quot;,&quot;action&quot;:&quot;evoss_get_speaker_details&quot;,&quot;load_new_content&quot;:true}}\" >Elisa Messina, <\/em><em class=\"speaker evolb_trigger\" data-lbvals=\"{&quot;lbc&quot;:&quot;evo_get_speaker&quot;,&quot;t&quot;:&quot;Speaker Details&quot;,&quot;ajax&quot;:&quot;yes&quot;,&quot;end&quot;:&quot;client&quot;,&quot;d&quot;:{&quot;eventid&quot;:&quot;468&quot;,&quot;speaker_id&quot;:24,&quot;uid&quot;:&quot;evo_get_speaker&quot;,&quot;action&quot;:&quot;evoss_get_speaker_details&quot;,&quot;load_new_content&quot;:true}}\" >Monica Carta<\/em><\/u><\/span><\/span>\r\n\t\t\t\t\t\t\t\t<\/div><\/li><\/ul><\/li><\/ul><\/div><\/div><\/div><\/div><div class='evocard_row'><div id='event_evospk' class='evocard_box evospk' data-c='' \n\t\t\t\t\tstyle=''><div id='evo_speaker' class='evo_metarow_speaker evorow evcal_evdata_row bordb evcal_evrow_sm' data-event_id='468'>\r\n\t\t\t\t\t<span class='evcal_evdata_icons'><i class='fa fa-coffee'><\/i><\/span>\r\n\t\t\t\t\t<div class='evcal_evdata_cell'><h3 class='evo_h3'>Relatori dell&#039;evento<\/h3><ul class=\"evospk_boxes\">\t\t\t\t\t\r\n\t\t\t\t\t\t<li class=\"evospk_box\">\r\n\t\t\t\t\t\t\t<span class='evospk_img_box'>\r\n\t\t\t\t\t\t\t\t<span class=\"evospk_img\" style='background-image: url(https:\/\/farefamiglia.it\/moowophi\/2022\/12\/team_0000b_Elena_Impellizzeri-287x300.webp)'><\/span>\r\n\t\t\t\t\t\t\t<\/span>\r\n\t\t\t\t\t\t\t<h3 class=\"evo_h3\">Elena Impellizzeri<\/h3>\r\n\t\t\t\t\t\t\t\t<div class='evospk_hidden'>\r\n\t\t\t\t\t\t\t\t\t<div class='evoss_speaker_lb'>\r\n\t\t\t\t\t\t\t\t\t<div class=\"evospk_img\">\r\n\t\t\t\t\t\t\t\t\t\t<span style='background-image: url(https:\/\/farefamiglia.it\/moowophi\/2022\/12\/team_0000b_Elena_Impellizzeri-287x300.webp)'><\/span><\/div>\r\n\t\t\t\t\t\t\t\t\t<div class=\"evospk_info\">\r\n\t\t\t\t\t\t\t\t\t\t<h2>Elena Impellizzeri<\/h2>\r\n\t\t\t\t\t\t\t\t\t\t<p class='evo_speaker_title'>Pedagogista e Mediatrice familiare<\/p><div class='evo_speaker_desc'><p>Laureata in Pedagogia nel 2006 nei primi anni post universitari mi sono cimentata nel supporto socio psico educativo rivolto ai minori a rischio, lavorando sia in comunit\u00e0, che in un Centro Accoglienza per donne in difficolt\u00e0. \u00c8 stato soprattutto l\u2019interesse per il bambino e le sue esigenze che nel 2010 ho scelto di aprire un nido, baby parking e doposcuola, che ho gestito negli anni successivi curando le comunicazioni con la famiglia e la crescita dei piccoli iscritti. Con l\u2019intenzione di approfondire il nesso tra psicologia ed educazione, nel 2018 ho acquisito la Laurea in Scienze e Tecniche Psicologiche. Contemporaneamente ho proseguito con la libera professione, scegliendo di dedicarmi a supportare le famiglie nell\u2019affrontare le problematiche che si affacciano spesso nel corso dello sviluppo di bambini e ragazzi. Oggi amministro, con altri 2 genitori, il gruppo \u201cL\u2019Oasi dei Separati e non\u201d che si basa sull\u2019auto mutuo aiuto e che, con la collaborazione di esperti in ambito legale e psico-educativo, mira ad indirizzare a compiere le scelte migliori in ambito separativo, per il bene dei propri figli, insegnando ad abbassare la conflittualit\u00e0. Mi occupo di consulenza pedagogica individuale e genitoriale, collaborazione nella progettazione di Piani Educativi Individualizzati per bambini e ragazzi, ma anche consulenza e mediazione con le istituzioni scolastiche.<\/p>\n<\/div>\t\t\t\t\t\t\t\t\t<\/div>\r\n\t\t\t\t\t\t\t\t\t<\/div>\r\n\t\t\t\t\t\t\t\t<\/div>\r\n\t\t\t\t\t\t\t\r\n\t\t\t\t\t\t\t\t\t\t\t\t\t\t\t<p class='evospk_job_title'>Pedagogista e Mediatrice familiare<\/p>\r\n\t\t\t\t\t\t\t\t\t\t\t\t\t\t\r\n\t\t\t\t\t\t<\/li>\t\t\t\t\t\r\n\t\t\t\t\t\t\t\t\t\t\r\n\t\t\t\t\t\t<li class=\"evospk_box\">\r\n\t\t\t\t\t\t\t<span class='evospk_img_box'>\r\n\t\t\t\t\t\t\t\t<span class=\"evospk_img\" style='background-image: url(https:\/\/farefamiglia.it\/moowophi\/2022\/12\/team_0001_Elisa_Messina-292x300.webp)'><\/span>\r\n\t\t\t\t\t\t\t<\/span>\r\n\t\t\t\t\t\t\t<h3 class=\"evo_h3\">Elisa Messina<\/h3>\r\n\t\t\t\t\t\t\t\t<div class='evospk_hidden'>\r\n\t\t\t\t\t\t\t\t\t<div class='evoss_speaker_lb'>\r\n\t\t\t\t\t\t\t\t\t<div class=\"evospk_img\">\r\n\t\t\t\t\t\t\t\t\t\t<span style='background-image: url(https:\/\/farefamiglia.it\/moowophi\/2022\/12\/team_0001_Elisa_Messina-292x300.webp)'><\/span><\/div>\r\n\t\t\t\t\t\t\t\t\t<div class=\"evospk_info\">\r\n\t\t\t\t\t\t\t\t\t\t<h2>Elisa Messina<\/h2>\r\n\t\t\t\t\t\t\t\t\t\t<p class='evo_speaker_title'>Psicologa e Psicoterapeuta<\/p><div class='evo_speaker_desc'><p>Laureata in Psicologia a Padova e Specializzata in Psicoterapia a indirizzo Costruttivista, i miei ambiti di intervento clinico sono: ansia, attacchi di panico, depressione e terapia di coppia.<\/p>\n<p>Ho conseguito una formazione avanzata presso la Open Academy of Medicine sulle \u201csindromi funzionali corporee\u201d (psicosomatica). Nel 2020 ho fondato la Community Separarsi Serenamente per le coppie che vogliono affrontare la crisi relazionale con consapevolezza e garantire un benessere psico-affettivo ai figli nonostante le difficolt\u00e0 del momento. Sono autrice di innumerevoli contenuti online sulle relazioni e di un Manuale per iniziare a lavorare sulla propria \u2018rinascita relazionale\u2019.<\/p>\n<p>Insieme capiremo come funzionano le relazioni umane, cosa differenzia una buona relazione da una relazione insoddisfacente e cosa riduce il rischio di rotture e divorzi. Parleremo di comunicazione umana, della capacit\u00e0 di affrontare i problemi, del delicato passaggio da coppia a genitori e di tutte le trasformazioni che richiedono una capacit\u00e0 di cambiamento attivo.<\/p>\n<\/div><p class='evoss_url extra'><em>URL<\/em> <a target='_blank' href='https:\/\/www.separarsiserenamente.it\/'>https:\/\/www.separarsiserenamente.it\/<\/a><\/p>\t\t\t\t\t\t\t\t\t<\/div>\r\n\t\t\t\t\t\t\t\t\t<\/div>\r\n\t\t\t\t\t\t\t\t<\/div>\r\n\t\t\t\t\t\t\t\r\n\t\t\t\t\t\t\t\t\t\t\t\t\t\t\t<p class='evospk_job_title'>Psicologa e Psicoterapeuta<\/p>\r\n\t\t\t\t\t\t\t\t\t\t\t\t\t\t\r\n\t\t\t\t\t\t<\/li>\t\t\t\t\t\r\n\t\t\t\t\t\t\t\t\t\t\r\n\t\t\t\t\t\t<li class=\"evospk_box\">\r\n\t\t\t\t\t\t\t<span class='evospk_img_box'>\r\n\t\t\t\t\t\t\t\t<span class=\"evospk_img\" style='background-image: url(https:\/\/farefamiglia.it\/moowophi\/2022\/12\/monica-300x300.webp)'><\/span>\r\n\t\t\t\t\t\t\t<\/span>\r\n\t\t\t\t\t\t\t<h3 class=\"evo_h3\">Monica Carta<\/h3>\r\n\t\t\t\t\t\t\t\t<div class='evospk_hidden'>\r\n\t\t\t\t\t\t\t\t\t<div class='evoss_speaker_lb'>\r\n\t\t\t\t\t\t\t\t\t<div class=\"evospk_img\">\r\n\t\t\t\t\t\t\t\t\t\t<span style='background-image: url(https:\/\/farefamiglia.it\/moowophi\/2022\/12\/monica-300x300.webp)'><\/span><\/div>\r\n\t\t\t\t\t\t\t\t\t<div class=\"evospk_info\">\r\n\t\t\t\t\t\t\t\t\t\t<h2>Monica Carta<\/h2>\r\n\t\t\t\t\t\t\t\t\t\t<p class='evo_speaker_title'>Avvocato e Mediatrice Familiare<\/p><div class='evo_speaker_desc'><p>Laureata in giurisprudenza presso l\u2019Universit\u00e0 degli Studi di Catania, sono avvocato, mediatrice familiare e sociale e coordinatrice genitoriale.<br \/>\nL\u2019esperienza professionale, accompagnata dallo studio dei processi che regolano le relazioni umane, mi ha sempre pi\u00f9 convinta della complessit\u00e0 delle controversie familiari e delle complesse dinamiche che generano la rottura dei rapporti.<\/p>\n<p>Ed \u00e8 cos\u00ec che, certa dell\u2019importanza di un approccio non esclusivamente legale-giudiziale alla gestione delle controversie, soprattutto quelle riguardanti la famiglia, ho  integrato la mia formazione giuridica conseguendo nel 2018 il master biennale in Mediazione Familiare*, Penale, Penale Minorile e in ambito sanitario-lavorativo, presso l\u2019Associazione Me.Dia.Re. di Torino.<\/p>\n<p>Applicando da diversi anni questo approccio, con ottimi risultati, ho verificato come moltissime situazioni conflittuali, se prese in tempo, possono condurre ad un esito diverso.<\/p>\n<\/div><p class='evo_speaker_social'><a target='_blank' href='https:\/\/www.facebook.com\/monica.carta.94' class='fa fa-facebook'><\/a><\/p>\t\t\t\t\t\t\t\t\t<\/div>\r\n\t\t\t\t\t\t\t\t\t<\/div>\r\n\t\t\t\t\t\t\t\t<\/div>\r\n\t\t\t\t\t\t\t\r\n\t\t\t\t\t\t\t\t\t\t\t\t\t\t\t<p class='evospk_job_title'>Avvocato e Mediatrice Familiare<\/p>\r\n\t\t\t\t\t\t\t\t\t\t\t\t\t\t\r\n\t\t\t\t\t\t<\/li>\t\t\t\t\t\r\n\t\t\t\t\t<\/ul><div class=\"clear\"><\/div><\/div><\/div><\/div><\/div><div class='evocard_row'><div id='event_addtocal' class='evocard_box addtocal' data-c='' \n\t\t\t\t\tstyle=''><div class='evo_metarow_ICS evorow evcal_evdata_row'>\n\t\t\t\t\t\t\t\t\t<span class='evcal_evdata_icons'><i class='fa fa-calendar-o'><\/i><\/span>\n\t\t\t\t\t\t\t\t\t<div class='evcal_evdata_cell'>\n\t\t\t\t\t\t\t\t\t\t<p><a href='\/\/www.google.com\/calendar\/event?action=TEMPLATE&amp;text=FARE+FAMIGLIA+%28LIVE%29+CATANIA&amp;dates=20230304T080000Z\/20230305T180000Z&amp;ctz=Europe\/Berlin&amp;details=FARE+FAMIGLIA+%28LIVE%29+CATANIA&amp;location=Hotel+NettunoViale+Ruggero+di+Lauria%2C+121+-+Catania' target='_blank' class='evo_ics_gCal' title='Aggiungi al tuo Calendario Google'>Aggiungi al Calendario Google<\/a><\/p>\t\n\t\t\t\t\t\t\t\t\t<\/div>\n\t\t\t\t\t\t\t\t<\/div><\/div><\/div><div class='evocard_row'><div id='event_location' class='evocard_box location' data-c='' \n\t\t\t\t\tstyle=''><div class='evcal_evdata_row evo_metarow_time_location evorow '>\n\t\t\n\t\t\t<span class='evcal_evdata_icons'><i class='fa fa-map-marker'><\/i><\/span>\n\t\t\t<div class='evcal_evdata_cell' data-loc_tax_id='31'><h3 class='evo_h3 evodfx'><span class='evcal_evdata_icons'><i class='fa fa-map-marker'><\/i><\/span><a target=\"_blank\" href=\"https:\/\/www.hotel-nettuno.it\/\">Localit\u00e0\u200e<\/a><\/h3><p class='evo_location_name'><a target=\"_blank\" href=\"https:\/\/www.hotel-nettuno.it\/\">Hotel Nettuno<\/a><\/p><p class='evo_location_address'><a target=\"_blank\" href=\"https:\/\/www.hotel-nettuno.it\/\">Viale Ruggero di Lauria, 121 &#8211; Catania<\/a><\/p><div class='padt10'><span class='evo_btn_arr evolb_trigger' data-lbvals=\"{&quot;lbc&quot;:&quot;evo_location_lb_31&quot;,&quot;lbac&quot;:&quot;lb_max&quot;,&quot;t&quot;:&quot;Hotel Nettuno&quot;,&quot;ajax&quot;:&quot;yes&quot;,&quot;ajax_type&quot;:&quot;endpoint&quot;,&quot;ajax_action&quot;:&quot;eventon_get_tax_card_content&quot;,&quot;end&quot;:&quot;client&quot;,&quot;d&quot;:{&quot;lang&quot;:&quot;L1&quot;,&quot;term_id&quot;:31,&quot;tax&quot;:&quot;event_location&quot;,&quot;load_lbcontent&quot;:true},&quot;uid&quot;:&quot;eventon_get_tax_card_content&quot;}\" >Other Events<i class='fa fa-chevron-right'><\/i><\/span><\/div><\/div>\n\t\t\n\t<\/div><\/div><\/div><div class='evocard_row'><div id='event_locImg' class='evocard_box locImg' data-c='' \n\t\t\t\t\tstyle=''><div class='evcal_evdata_row evo_metarow_locImg evorow evo_gal_box tvi' style='height:400px; padding:0'  id='432_locimg' >\n\t<div class='evo_gal_main_img' style='background-image:url(https:\/\/farefamiglia.it\/moowophi\/2023\/01\/hotel_nettuno.jpg); height:100%; width:100%'>\n\t<div class='evo_locimg_over'>\n\t\t<div class='evo_locimg_over_in'><\/div>\n\t<\/div>\n\t<div class='evo_gal_bottom evo_locimg_bottom '>\n\t\t<div class='evo_gal_icons evo_locimg_left'><div class='evo_gal_icon evo_locimg_gal on evo_transit_all evo_trans_sc1_05' data-index='1' data-u='https:\/\/farefamiglia.it\/moowophi\/2023\/01\/hotel_nettuno.jpg'>\n\t\t\t\t<span class='locimg_1' style='background-image:url(https:\/\/farefamiglia.it\/moowophi\/2023\/01\/hotel_nettuno-150x150.jpg)'><\/span>\n\t\t\t<\/div><\/div>\n\t\t<div class='evo_locimg_right'>\n\t\t\t<h3 class='evo_h3 evo_locimg_title'>Hotel Nettuno<\/h3>\n\t\t\t\n\t\t<\/div>\t\t\t\t\t\t\t\t\n\t<\/div>\n\t<\/div>\n\t<\/div><\/div><\/div><div class='evocard_row'><div id='event_gmap' class='evocard_box gmap' data-c='' \n\t\t\t\t\tstyle=''><div class='evo_metarow_gmap evcal_evdata_row evorow evcal_gmaps evc167791680069f37c2c9be47468_gmap place' id='evc167791680069f37c2c9be47468_gmap' style='max-width:none' data-address=\"Viale Ruggero di Lauria, 121 - Catania\" data-latlng=\"37.522731,15.1149743\" data-location_type=\"place\" data-scroll=\"yes\" data-mty=\"roadmap\" data-zoom=\"18\" data-mapIcon=\"\" data-delay=\"400\" data-map_canvas_id=\"evc167791680069f37c2c9be47468_gmap\" >\n\t\t<span class='evo_map_load_out evoposr evodb evobr15'>\n\t\t<i class='fa fa-map-marker evoposa'><\/i><span class='evo_map_load evoposr evodb'>\t\t\t\t\t\n\t\t\t\t\t<i class='a'><\/i>\n\t\t\t\t\t<i class='b'><\/i>\n\t\t\t\t\t<i class='c'><\/i>\n\t\t\t\t\t<i class='d'><\/i>\n\t\t\t\t\t<i class='e'><\/i>\n\t\t\t\t\t<i class='f'><\/i>\n\t\t\t\t<\/span><\/span><\/div><\/div><\/div><div class='evocard_row'><div id='event_evosocial' class='evocard_box evosocial' data-c='' \n\t\t\t\t\tstyle=''><div class='evo_metarow_socialmedia evcal_evdata_row '><div class='evo_sm FacebookShare'><a class=\" evo_ss\" target=\"_blank\" onclick=\"javascript:window.open(this.href, '', 'left=50,top=50,width=600,height=350,toolbar=0');return false;\"\r\n\t\t\t\t\t\thref=\"\/\/www.facebook.com\/sharer.php?u=https%3A%2F%2Ffarefamiglia.it%2Fevents%2Ffare-famiglia-live-catania%2F\" title=\"Condividi su Facebook\"><i class=\"fa fab fa-facebook\"><\/i><\/a><\/div><div class='evo_sm LinkedIn'><a class=\"li evo_ss\" href=\"\/\/www.linkedin.com\/shareArticle?mini=true&#038;url=https%3A%2F%2Ffarefamiglia.it%2Fevents%2Ffare-famiglia-live-catania%2F&#038;title=FARE%20FAMIGLIA%20%28LIVE%29%20CATANIA&#038;summary=\" target=\"_blank\" title=\"Condividi su Linkedin\"><i class=\"fa fab fa-linkedin\"><\/i><\/a><\/div><div class='evo_sm copy'><a class=\"copy evo_ss\" data-l=\"https%3A%2F%2Ffarefamiglia.it%2Fevents%2Ffare-famiglia-live-catania%2F\" data-t=\"Event Link Copied to Clipboard!\" title=\"Copy Link\"><i class=\"fa fa-copy\"><\/i><\/a><\/div><div class='evo_sm EmailShare'><a class=\"em evo_ss\" href=\"mailto:?subject=FARE%20FAMIGLIA%20%28LIVE%29%20CATANIA&#038;body=Nome dell&#039;evento: FARE%20FAMIGLIA%20%28LIVE%29%20CATANIA%0AData Evento: Marzo 4, 2023 9:00 Am - Marzo 5, 2023 7:00 Pm%0ALink: https%3A%2F%2Ffarefamiglia.it%2Fevents%2Ffare-famiglia-live-catania%2F%0A\" target=\"_blank\"><i class=\"fa fa-envelope\"><\/i><\/a><\/div><\/div><\/div><\/div><div class='evocard_row'><div id='event_getdirection' class='evocard_box getdirection' data-c='' \n\t\t\t\t\tstyle=''><div class='evo_metarow_getDr evorow evcal_evdata_row evcal_evrow_sm getdirections'>\n\t\t<form action='https:\/\/maps.google.com\/maps' method='get' target='_blank'>\n\t\t\t<input type='hidden' name='daddr' value=\"Viale Ruggero di Lauria, 121 - Catania\"\/> \n\t\t\t<div class='evo_get_direction_content evo_fx_dr_r evogap10'>\n\t\t\t\t<span class='evogetdir_header evodfx evofx_dr_r evofx_ai_c marr10'>\n\t\t\t\t\t<i class='mainicon fa fa-road'><\/i> \n\t\t\t\t\t<h3 class='evo_h3' style='padding-bottom:5px;'>Get Directions<\/h3>\n\t\t\t\t<\/span>\n\t\t\t\t<span class='evogetdir_field evodfx evofx_1_1 evo_fx_dr_c evow100p'>\t\t\t\t\t\n\t\t\t\t\t<input class='evoInput evotac' type='text' name='saddr' placeholder='\u200eDigita il tuo indirizzo per ottenere indicazioni stradali\u200e' value='' style='margin:10px 0;'\/>\n\t\t\t\t<\/span>\n\t\t\t\t<button type='submit' class='evo_get_direction_button evo_btn_arr_circ dfx fx_ai_c' title='\u200eClicca qui per ottenere indicazioni stradali\u200e'><i class='fa fa-chevron-right'><\/i> <\/button>\n\t\t\t<\/div>\n\t\t<\/form>\n\t<\/div><\/div><\/div><div class='evo_card_row_end evcal_close' title='Testo per il pulsante chiudi evento\u200e'><\/div><\/div><div class='clear end'><\/div><\/div><\/div><\/div>\t\t\t\t\t\t<\/div>\n\t\t\t\t<\/div>\n\t\t\t\t\t<\/div>\n\t\t<\/div>\n\t\t\t\t<div class=\"elementor-column elementor-col-33 elementor-inner-column elementor-element elementor-element-13b26d9\" data-id=\"13b26d9\" data-element_type=\"column\" data-settings=\"{&quot;background_background&quot;:&quot;classic&quot;}\">\n\t\t\t<div class=\"elementor-widget-wrap elementor-element-populated\">\n\t\t\t\t\t\t\t\t<div class=\"elementor-element elementor-element-5e3a7163 elementor-widget elementor-widget-text-editor\" data-id=\"5e3a7163\" data-element_type=\"widget\" data-widget_type=\"text-editor.default\">\n\t\t\t\t<div class=\"elementor-widget-container\">\n\t\t\t\t\t\t\t<img loading=\"lazy\" decoding=\"async\" class=\"alignnone size-full wp-image-64\" src=\"https:\/\/bck.farefamiglia.it\/moowophi\/2022\/09\/icone-famiglia_0012_Etero-figli-e-casa.png\" alt=\"\" width=\"86\" height=\"80\" \/>\n<h5><span style=\"color: #000;\">FARE FAMIGLIA<\/span><\/h5>\nI corsi in presenza si svolgono nell\u2019arco di un weekend, tra role playing, relazioni e confronti tra i partecipanti e le relatrici &#8211; Gli argomenti verranno affrontati in modalit\u00e0 divulgativa e interattiva con i partecipanti, offrendo una visione integrata degli stessi sotto il profilo psicologico, relazionale e giuridico\n\n<em><\/em>\t\t\t\t\t\t<\/div>\n\t\t\t\t<\/div>\n\t\t\t\t<div class=\"elementor-element elementor-element-db133bb elementor-widget elementor-widget-text-editor\" data-id=\"db133bb\" data-element_type=\"widget\" data-widget_type=\"text-editor.default\">\n\t\t\t\t<div class=\"elementor-widget-container\">\n\t\t\t\t\t\t\t<span style=\"font-weight: 400;\">Clicca sull&#8217;evento per registrarti<\/span>\t\t\t\t\t\t<\/div>\n\t\t\t\t<\/div>\n\t\t\t\t\t<\/div>\n\t\t<\/div>\n\t\t\t\t\t\t\t<\/div>\n\t\t<\/section>\n\t\t\t\t<section class=\"elementor-section elementor-inner-section elementor-element elementor-element-ae0b03e elementor-section-boxed elementor-section-height-default elementor-section-height-default\" data-id=\"ae0b03e\" data-element_type=\"section\">\n\t\t\t\t\t\t<div class=\"elementor-container elementor-column-gap-default\">\n\t\t\t\t\t<div class=\"elementor-column elementor-col-100 elementor-inner-column elementor-element elementor-element-55ee780\" data-id=\"55ee780\" data-element_type=\"column\">\n\t\t\t<div class=\"elementor-widget-wrap elementor-element-populated\">\n\t\t\t\t\t\t\t\t<div class=\"elementor-element elementor-element-78dd470 elementor-widget elementor-widget-spacer\" data-id=\"78dd470\" data-element_type=\"widget\" data-widget_type=\"spacer.default\">\n\t\t\t\t<div class=\"elementor-widget-container\">\n\t\t\t\t\t<div class=\"elementor-spacer\">\n\t\t\t<div class=\"elementor-spacer-inner\"><\/div>\n\t\t<\/div>\n\t\t\t\t<\/div>\n\t\t\t\t<\/div>\n\t\t\t\t\t<\/div>\n\t\t<\/div>\n\t\t\t\t\t\t\t<\/div>\n\t\t<\/section>\n\t\t\t\t<section class=\"elementor-section elementor-inner-section elementor-element elementor-element-e9bc0dc elementor-section-boxed elementor-section-height-default elementor-section-height-default\" data-id=\"e9bc0dc\" data-element_type=\"section\">\n\t\t\t\t\t\t<div class=\"elementor-container elementor-column-gap-no\">\n\t\t\t\t\t<div class=\"elementor-column elementor-col-33 elementor-inner-column elementor-element elementor-element-64ed89c\" data-id=\"64ed89c\" data-element_type=\"column\" data-settings=\"{&quot;background_background&quot;:&quot;classic&quot;}\">\n\t\t\t<div class=\"elementor-widget-wrap elementor-element-populated\">\n\t\t\t\t\t\t\t\t<div class=\"elementor-element elementor-element-43a2459 elementor-widget elementor-widget-menu-anchor\" data-id=\"43a2459\" data-element_type=\"widget\" data-widget_type=\"menu-anchor.default\">\n\t\t\t\t<div class=\"elementor-widget-container\">\n\t\t\t\t\t<div id=\"eventi\" class=\"elementor-menu-anchor\"><\/div>\n\t\t\t\t<\/div>\n\t\t\t\t<\/div>\n\t\t\t\t<div class=\"elementor-element elementor-element-102909a elementor-widget elementor-widget-menu-anchor\" data-id=\"102909a\" data-element_type=\"widget\" data-widget_type=\"menu-anchor.default\">\n\t\t\t\t<div class=\"elementor-widget-container\">\n\t\t\t\t\t<div id=\"evento_13_maggio\" class=\"elementor-menu-anchor\"><\/div>\n\t\t\t\t<\/div>\n\t\t\t\t<\/div>\n\t\t\t\t<div class=\"elementor-element elementor-element-e774f78 elementor-widget elementor-widget-text-editor\" data-id=\"e774f78\" data-element_type=\"widget\" data-widget_type=\"text-editor.default\">\n\t\t\t\t<div class=\"elementor-widget-container\">\n\t\t\t\t\t\t\t<img loading=\"lazy\" decoding=\"async\" class=\"alignnone size-full wp-image-64\" src=\"https:\/\/farefamiglia.it\/moowophi\/2022\/12\/coppia_in_crisi-2.webp\" alt=\"\" width=\"86\" height=\"80\" \/>\n<h5><span style=\"color: #000;\">CRISI DI COPPIA<\/span><\/h5>\n<span style=\"font-weight: 400;\">Corso rivolto alle coppie che stanno affrontando un periodo di incertezza e dubbi che stanno litigando frequentemente. <\/span>\t\t\t\t\t\t<\/div>\n\t\t\t\t<\/div>\n\t\t\t\t<div class=\"elementor-element elementor-element-baac023 elementor-widget elementor-widget-text-editor\" data-id=\"baac023\" data-element_type=\"widget\" data-widget_type=\"text-editor.default\">\n\t\t\t\t<div class=\"elementor-widget-container\">\n\t\t\t\t\t\t\t<span style=\"font-weight: 400;\">Clicca sull&#8217;evento per registrarti<\/span>\t\t\t\t\t\t<\/div>\n\t\t\t\t<\/div>\n\t\t\t\t\t<\/div>\n\t\t<\/div>\n\t\t\t\t<div class=\"elementor-column elementor-col-66 elementor-inner-column elementor-element elementor-element-03fb0eb\" data-id=\"03fb0eb\" data-element_type=\"column\">\n\t\t\t<div class=\"elementor-widget-wrap elementor-element-populated\">\n\t\t\t\t\t\t\t\t<div class=\"elementor-element elementor-element-e313ccb elementor-widget__width-initial elementor-widget elementor-widget-text-path\" data-id=\"e313ccb\" data-element_type=\"widget\" data-settings=\"{&quot;text&quot;:&quot;Evento on-line&quot;,&quot;align&quot;:&quot;left&quot;,&quot;text_path_direction&quot;:&quot;rtl&quot;,&quot;start_point&quot;:{&quot;unit&quot;:&quot;%&quot;,&quot;size&quot;:27,&quot;sizes&quot;:[]},&quot;link&quot;:{&quot;url&quot;:&quot;&quot;,&quot;is_external&quot;:&quot;&quot;,&quot;nofollow&quot;:&quot;&quot;,&quot;custom_attributes&quot;:&quot;&quot;}}\" data-widget_type=\"text-path.default\">\n\t\t\t\t<div class=\"elementor-widget-container\">\n\t\t\t\t\t<div class=\"e-text-path elementor-animation-wobble-horizontal\" data-text=\"Evento on-line\" data-url=\"\/\/farefamiglia.it\/whywoart\/elementor\/assets\/svg-paths\/line.svg\"><\/div>\n\t\t\t\t<\/div>\n\t\t\t\t<\/div>\n\t\t\t\t<div class=\"elementor-element elementor-element-275b43a elementor-widget elementor-widget-text-editor\" data-id=\"275b43a\" data-element_type=\"widget\" data-widget_type=\"text-editor.default\">\n\t\t\t\t<div class=\"elementor-widget-container\">\n\t\t\t\t\t\t\t<b>WEBINAR<\/b>\n<span style=\"font-weight: 400;\">CRISI DI COPPIA:<\/span>\n<p style=\"font-weight: 200; font-size: 15px;\">risolvere dubbi, incertezze, o problemi che sembrano insormontabili, ritrovando l\u2019intesa e un rapporto sereno ed equilibrato.<\/p>\n<p><em>Due incontri di 4 ore:\u00a0 13 e 14 Maggio<\/em><\/p>\n\n<p>Si richiede la partecipazione in coppia<\/p>\n\n<hr class=\"no_line\" style=\"margin: 0 auto 20px auto\"\/>\n\n<div class='ajde_evcal_calendar eventon_single_event eventon_event evo_sin_box sev cev color esty_2' ><div class='evo-data'   data-ux_val='3' data-exturl='' data-mapscroll='true' data-mapformat='roadmap' data-mapzoom='18' ><\/div><div class='evo_cal_data' data-sc='{\"excerpt\":\"no\",\"expanded\":\"no\",\"ux_val\":3,\"exturl\":\"\",\"mapscroll\":\"true\",\"mapformat\":\"roadmap\",\"mapzoom\":\"18\",\"maps_load\":\"yes\"}'><\/div><div id='evcal_list' class='eventon_events_list '><div id=\"event_629_0\" class=\"eventon_list_event evo_eventtop scheduled  event clrD event_629_0\" data-event_id=\"629\" data-ri=\"0r\" data-time=\"1683963000-1684049400\" data-colr=\"#425de3\" itemscope itemtype='http:\/\/schema.org\/Event'><div class=\"evo_event_schema\" style=\"display:none\" ><a itemprop='url'  href='https:\/\/farefamiglia.it\/events\/fare-famiglia\/'><\/a><meta itemprop='image' content=\"https:\/\/farefamiglia.it\/moowophi\/2022\/12\/event6-about-pic6.png\" \/><meta itemprop='startDate' content=\"2023-5-13T09:30+0:00\" \/><meta itemprop='endDate' content=\"2023-5-14T09:30+0:00\" \/><meta itemprop='eventStatus' content=\"https:\/\/schema.org\/EventScheduled\" \/><item style=\"display:none\" itemprop=\"eventAttendanceMode\" itemscope itemtype=\"https:\/\/schema.org\/OnlineEventAttendanceMode\"><\/item><div itemprop=\"offers\" itemscope itemtype=\"http:\/\/schema.org\/Offer\">\n\t\t\t\t        <div class=\"event-price\" itemprop=\"price\" content=\"149\">149<\/div>\n\t\t\t\t        <meta itemprop=\"priceCurrency\" content=\"\u20ac\">\n\t\t\t\t        <meta itemprop=\"url\" content=\"https:\/\/farefamiglia.it\/events\/fare-famiglia\/\">\n\t\t\t\t        <meta itemprop=\"availability\" content=\"http:\/\/schema.org\/InStock\">\n\t\t\t\t        <meta itemprop=\"validFrom\" content=\"2023-5-13T09:30+0:00\">\n\t\t\t\t    <\/div><script type=\"application\/ld+json\">{\"@context\": \"http:\/\/schema.org\",\"@type\": \"Event\",\n\t\t\t\t\"@id\": \"event_629_0\",\n\t\t\t\t\"eventAttendanceMode\":\"https:\/\/schema.org\/OnlineEventAttendanceMode\",\n\t\t\t\t\"eventStatus\":\"https:\/\/schema.org\/EventScheduled\",\n\t\t\t\t\"name\": \"FARE FAMIGLIA\",\n\t\t\t\t\"url\": \"https:\/\/farefamiglia.it\/events\/fare-famiglia\/\",\n\t\t\t\t\"startDate\": \"2023-5-13T09:30+0:00\",\n\t\t\t\t\"endDate\": \"2023-5-14T09:30+0:00\",\n\t\t\t\t\"image\":\"https:\/\/farefamiglia.it\/moowophi\/2022\/12\/event6-about-pic6.png\", \n\t\t\t\t\"description\":\"<p><\/p> \",\"offers\":{\"@type\":\"Offer\",\"price\":\"149\",\"priceCurrency\":\"\u20ac\",\"availability\":\"http:\/\/schema.org\/InStock\",\"validFrom\":\"2023-5-13T09:30+0:00\",\"url\":\"https:\/\/farefamiglia.it\/events\/fare-famiglia\/\"}}<\/script><\/div>\r\n\t\t\t\t<p class=\"desc_trig_outter\" style=\"\"><a data-gmap_status=\"null\" data-gmtrig=\"1\" data-exlk=\"0\" style=\"background-color: #425de3;\" id=\"evc_1683963000629\" class=\"hasFtIMG desc_trig completed-event 1 mul_val evcal_list_a\" data-ux_val=\"3\" data-ux_val_mob=\"-\"  ><span class='evoet_c1 evoet_cx '><span class='ev_ftImg' data-img='https:\/\/farefamiglia.it\/moowophi\/2022\/12\/event6-about-pic6.png' data-thumb='https:\/\/farefamiglia.it\/moowophi\/2022\/12\/event6-about-pic6-271x300.png' style='background-image:url(\"https:\/\/farefamiglia.it\/moowophi\/2022\/12\/event6-about-pic6-271x300.png\")' ><\/span><\/span><span class='evoet_c2 evoet_cx '><span class='evoet_dayblock evcal_cblock ' data-bgcolor='#425de3' data-smon='maggio' data-syr='2023' data-bub=''><span class='evo_start '><em class='date'>13<\/em><em class='month'>mag<\/em><em class='time'><i t=\"y\">(mag 13)<\/i>9:30 am<\/em><\/span><span class='evo_end '><em class='date'>14<\/em><em class='time'><i t=\"y\">(mag 14)<\/i>9:30 am<\/em><\/span><\/span><\/span><span class='evoet_c3 evoet_cx evcal_desc hide_eventtopdata '><span class='evoet_title evcal_desc2 evcal_event_title ' itemprop='name'>FARE FAMIGLIA<\/span><span class='evoet_subtitle evo_below_title' ><span class='evcal_event_subtitle ' >imparare a utilizzare gli strumenti per valorizzare e mantenere relazioni serene e durature, e una sessualit\u00e0 armoniosa e soddisfacente<\/span><\/span><span class='evocd_timer evoet_b1'><span class='evocd_text timeexpired' data-ex_tx='L'evento ha gi\u00e0 avuto luogo'>L&#8217;evento ha gi\u00e0 avuto luogo<\/span><\/span><\/span><span class='evoet_data' data-d=\"{&quot;loc.n&quot;:&quot;&quot;,&quot;orgs&quot;:[],&quot;tags&quot;:{&quot;completed&quot;:&quot;Completed&quot;,&quot;vir&quot;:&quot;\\u200eEvento Virtuale\\u200e&quot;}}\" data-bgc=\"#425de3\" data-bggrad=\"\" ><\/span><\/a><\/p><div class='event_description evcal_eventcard ' style=\"display:none\"><div class='evocard_row'><div id='event_ftimage' class='evocard_box ftimage' data-c='' \n\t\t\t\t\tstyle=''><div class='evocard_main_image_hold' data-t='Loading Image..'><div class='evocard_main_image evobr15 evobgsc evobgpc evodfx evofx_jc_c evofx_ai_c evofz48 direct' style='height:400px; background-image:url();' data-f=\"https:\/\/farefamiglia.it\/moowophi\/2022\/12\/event6-about-pic6.png\" data-h=\"864\" data-w=\"780\" data-ratio=\"1.1076923076923\" data-event_id=\"629\" data-ri=\"0\"  data-t='Loading Image..'><span style='height:400px; background-image:url(https:\/\/farefamiglia.it\/moowophi\/2022\/12\/event6-about-pic6.png)'><\/span><\/div><\/div><\/div><\/div><div class='evocard_row'><div id='event_eventdetails' class='evocard_box eventdetails' data-c='ffff19' \n\t\t\t\t\tstyle='background-color:#ffff19'><div class='evo_metarow_details evorow evcal_evdata_row evcal_event_details'>\n\t\t\t\t\t\t\t\t<div class=\"event_excerpt\" style=\"display:none\"><h3 class=\"padb5 evo_h3\">\u200eDettagli dell&#039;evento\u200e<\/h3><p><\/p><\/div><span class='evcal_evdata_icons'><i class='fa fa-align-justify'><\/i><\/span>\n\t\t\t\t\t\t\t\t\n\t\t\t\t\t\t\t\t<div class='evcal_evdata_cell '>\n\t\t\t\t\t\t\t\t\t<div class='eventon_full_description'>\n\t\t\t\t\t\t\t\t\t\t<h3 class='padb5 evo_h3'><span class='evcal_evdata_icons'><i class='fa fa-align-justify'><\/i><\/span>\u200eDettagli dell&#039;evento\u200e<\/h3>\n\t\t\t\t\t\t\t\t\t\t<div class='eventon_desc_in' itemprop='description'>\n\t\t\t\t\t\t\t\t\t\t<p><\/p>\n<\/div><div class='clear'><\/div>\n\t\t\t\t\t\t\t\t\t<\/div>\n\t\t\t\t\t\t\t\t<\/div>\n\t\t\t\t\t\t\t<\/div><\/div><\/div><div class='evocard_row'><div id='event_customfield1' class='evocard_box customfield1' data-c='' \n\t\t\t\t\tstyle=''><div class='evo_metarow_cusF1 evorow evcal_evdata_row evcal_evrow_sm '>\n\t\t\t\t\t\t\t\t<span class='evcal_evdata_icons'><i class='fa fa-calendar-alt'><\/i><\/span>\n\t\t\t\t\t\t\t\t<div class='evcal_evdata_cell'>\t\t\t\t\t\t\t\n\t\t\t\t\t\t\t\t\t<h3 class='evo_h3'>Primo giorno: data e durata dell&#039;evento <\/h3><div class='evo_custom_content evo_data_val'><p>13\/05\/2023 dalle 09:30 alle 12:30<\/p>\n<\/div><\/div><\/div><\/div><\/div><div class='evocard_row'><div id='event_customfield2' class='evocard_box customfield2' data-c='' \n\t\t\t\t\tstyle=''><div class='evo_metarow_cusF2 evorow evcal_evdata_row evcal_evrow_sm '>\n\t\t\t\t\t\t\t\t<span class='evcal_evdata_icons'><i class='fa fa-calendar-days'><\/i><\/span>\n\t\t\t\t\t\t\t\t<div class='evcal_evdata_cell'>\t\t\t\t\t\t\t\n\t\t\t\t\t\t\t\t\t<h3 class='evo_h3'>Secondo giorno: data e durata dell&#039;evento <\/h3><div class='evo_custom_content evo_data_val'><p>14\/05\/2023 dalle 09:30 alle 12:30<\/p>\n<\/div><\/div><\/div><\/div><\/div><div class='evocard_row'><div id='event_evosch' class='evocard_box evosch' data-c='' \n\t\t\t\t\tstyle=''><div id='evo_schedule' class='evo_metarow_schedule evorow evcal_evdata_row bordb evcal_evrow_sm' data-event_id='629'>\r\n\t\t\t\t\t<span class='evcal_evdata_icons'><i class='fa fa-calendar-check-o'><\/i><\/span>\r\n\t\t\t\t\t<div class='evcal_evdata_cell'><h3 class='evo_h3'>Programma<\/h3><ul class='evosch_blocks_list'><ul class='evosch_nav'><li class='evoss_show' data-day='1' title='May 13, 2023'>Giorno 1<\/li><li class='' data-day='2' title='May 14, 2023'>Giorno 2<\/li><\/ul><ul class='evosch_oneday_schedule evoss_show evosch_date_1'><li class='date'>maggio 13, 2023<\/li><li class='evoss_block evoss_show'><div class='c'><em class='time'>09:00<\/em> \r\n\t\t\t\t\t\t\t\t<span><b class=''>Saluti e presentazioni<\/b><span class=''><i>09:00- 09:45<\/i><div class='ct'><\/div><u>Relatori: <em class=\"speaker evolb_trigger\" data-lbvals=\"{&quot;lbc&quot;:&quot;evo_get_speaker&quot;,&quot;t&quot;:&quot;Speaker Details&quot;,&quot;ajax&quot;:&quot;yes&quot;,&quot;end&quot;:&quot;client&quot;,&quot;d&quot;:{&quot;eventid&quot;:&quot;629&quot;,&quot;speaker_id&quot;:29,&quot;uid&quot;:&quot;evo_get_speaker&quot;,&quot;action&quot;:&quot;evoss_get_speaker_details&quot;,&quot;load_new_content&quot;:true}}\" >Elena Impellizzeri, <\/em><em class=\"speaker evolb_trigger\" data-lbvals=\"{&quot;lbc&quot;:&quot;evo_get_speaker&quot;,&quot;t&quot;:&quot;Speaker Details&quot;,&quot;ajax&quot;:&quot;yes&quot;,&quot;end&quot;:&quot;client&quot;,&quot;d&quot;:{&quot;eventid&quot;:&quot;629&quot;,&quot;speaker_id&quot;:28,&quot;uid&quot;:&quot;evo_get_speaker&quot;,&quot;action&quot;:&quot;evoss_get_speaker_details&quot;,&quot;load_new_content&quot;:true}}\" >Elisa Messina, <\/em><em class=\"speaker evolb_trigger\" data-lbvals=\"{&quot;lbc&quot;:&quot;evo_get_speaker&quot;,&quot;t&quot;:&quot;Speaker Details&quot;,&quot;ajax&quot;:&quot;yes&quot;,&quot;end&quot;:&quot;client&quot;,&quot;d&quot;:{&quot;eventid&quot;:&quot;629&quot;,&quot;speaker_id&quot;:24,&quot;uid&quot;:&quot;evo_get_speaker&quot;,&quot;action&quot;:&quot;evoss_get_speaker_details&quot;,&quot;load_new_content&quot;:true}}\" >Monica Carta<\/em><\/u><\/span><\/span>\r\n\t\t\t\t\t\t\t\t<\/div><\/li><li class='evoss_block evoss_hide'><div class='c'><em class='time'>09:45<\/em> \r\n\t\t\t\t\t\t\t\t<span><b class=''>Cenni dei diritti e doveri nascenti dal matrimonio, dalle convivenze e dalle unioni civili.<\/b><span class=''><i>09:45- 10:30<\/i><div class='ct'>Risvolti pratici nell\u2019impostazione della relazione e della famiglia: <\/br>\nil progetto coppia &#8211; famiglia. <\/br>\nDibattito confronto<\/div><u>Relatori: <em class=\"speaker evolb_trigger\" data-lbvals=\"{&quot;lbc&quot;:&quot;evo_get_speaker&quot;,&quot;t&quot;:&quot;Speaker Details&quot;,&quot;ajax&quot;:&quot;yes&quot;,&quot;end&quot;:&quot;client&quot;,&quot;d&quot;:{&quot;eventid&quot;:&quot;629&quot;,&quot;speaker_id&quot;:24,&quot;uid&quot;:&quot;evo_get_speaker&quot;,&quot;action&quot;:&quot;evoss_get_speaker_details&quot;,&quot;load_new_content&quot;:true}}\" >Monica Carta<\/em><\/u><\/span><\/span>\r\n\t\t\t\t\t\t\t\t<\/div><\/li><li class='evoss_block evoss_hide'><div class='c'><em class='time'>10:30 <\/em> \r\n\t\t\t\t\t\t\t\t<span><b class=''>Cenni storici, culturali e psicosociali. <\/b><span class=''><i>10:30 &#8211; 11:15 <\/i><div class='ct'>Le costruzioni personali e relazioni interpersonali secondo la Personal Construct Theory (G.A. Kelly, 1955).\n<\/div><u>Relatori: <em class=\"speaker evolb_trigger\" data-lbvals=\"{&quot;lbc&quot;:&quot;evo_get_speaker&quot;,&quot;t&quot;:&quot;Speaker Details&quot;,&quot;ajax&quot;:&quot;yes&quot;,&quot;end&quot;:&quot;client&quot;,&quot;d&quot;:{&quot;eventid&quot;:&quot;629&quot;,&quot;speaker_id&quot;:28,&quot;uid&quot;:&quot;evo_get_speaker&quot;,&quot;action&quot;:&quot;evoss_get_speaker_details&quot;,&quot;load_new_content&quot;:true}}\" >Elisa Messina<\/em><\/u><\/span><\/span>\r\n\t\t\t\t\t\t\t\t<\/div><\/li><li class='evoss_block evoss_hide'><div class='c'><em class='time'>11:15 <\/em> \r\n\t\t\t\t\t\t\t\t<span><b class=''>La ricetta per una relazione duratura: elementi chiave<\/b><span class=''><i>11:15 &#8211; 12:00 <\/i><div class='ct'>Ti presento il mio partner: quanto davvero ci conosciamo?<\/br>\nRole playing: giochi di ruolo per sperimentare quanto sappiamo dell\u2019altro\n<\/div><u>Relatori: <em class=\"speaker evolb_trigger\" data-lbvals=\"{&quot;lbc&quot;:&quot;evo_get_speaker&quot;,&quot;t&quot;:&quot;Speaker Details&quot;,&quot;ajax&quot;:&quot;yes&quot;,&quot;end&quot;:&quot;client&quot;,&quot;d&quot;:{&quot;eventid&quot;:&quot;629&quot;,&quot;speaker_id&quot;:29,&quot;uid&quot;:&quot;evo_get_speaker&quot;,&quot;action&quot;:&quot;evoss_get_speaker_details&quot;,&quot;load_new_content&quot;:true}}\" >Elena Impellizzeri<\/em><\/u><\/span><\/span>\r\n\t\t\t\t\t\t\t\t<\/div><\/li><li class='evoss_block evoss_hide'><div class='c'><em class='time'>12:00 <\/em> \r\n\t\t\t\t\t\t\t\t<span><b class=''>Spazio al dibattito<\/b><span class=''><i>12:00 &#8211; 12:30 <\/i><div class='ct'>Al termine di ogni intervento ampio spazio al dibattito e confronto con i partecipanti sui temi trattati.\n<\/div><u>Relatori: <em class=\"speaker evolb_trigger\" data-lbvals=\"{&quot;lbc&quot;:&quot;evo_get_speaker&quot;,&quot;t&quot;:&quot;Speaker Details&quot;,&quot;ajax&quot;:&quot;yes&quot;,&quot;end&quot;:&quot;client&quot;,&quot;d&quot;:{&quot;eventid&quot;:&quot;629&quot;,&quot;speaker_id&quot;:29,&quot;uid&quot;:&quot;evo_get_speaker&quot;,&quot;action&quot;:&quot;evoss_get_speaker_details&quot;,&quot;load_new_content&quot;:true}}\" >Elena Impellizzeri, <\/em><em class=\"speaker evolb_trigger\" data-lbvals=\"{&quot;lbc&quot;:&quot;evo_get_speaker&quot;,&quot;t&quot;:&quot;Speaker Details&quot;,&quot;ajax&quot;:&quot;yes&quot;,&quot;end&quot;:&quot;client&quot;,&quot;d&quot;:{&quot;eventid&quot;:&quot;629&quot;,&quot;speaker_id&quot;:28,&quot;uid&quot;:&quot;evo_get_speaker&quot;,&quot;action&quot;:&quot;evoss_get_speaker_details&quot;,&quot;load_new_content&quot;:true}}\" >Elisa Messina, <\/em><em class=\"speaker evolb_trigger\" data-lbvals=\"{&quot;lbc&quot;:&quot;evo_get_speaker&quot;,&quot;t&quot;:&quot;Speaker Details&quot;,&quot;ajax&quot;:&quot;yes&quot;,&quot;end&quot;:&quot;client&quot;,&quot;d&quot;:{&quot;eventid&quot;:&quot;629&quot;,&quot;speaker_id&quot;:24,&quot;uid&quot;:&quot;evo_get_speaker&quot;,&quot;action&quot;:&quot;evoss_get_speaker_details&quot;,&quot;load_new_content&quot;:true}}\" >Monica Carta<\/em><\/u><\/span><\/span>\r\n\t\t\t\t\t\t\t\t<\/div><\/li><\/ul><\/li><ul class='evosch_oneday_schedule  evosch_date_2'><li class='date'>maggio 14, 2023<\/li><li class='evoss_block evoss_show'><div class='c'><em class='time'>9:30<\/em> \r\n\t\t\t\t\t\t\t\t<span><b class=''>Dove eravamo rimasti<\/b><span class=''><i>9:30- 9:45<\/i><div class='ct'><\/div><u>Relatori: <em class=\"speaker evolb_trigger\" data-lbvals=\"{&quot;lbc&quot;:&quot;evo_get_speaker&quot;,&quot;t&quot;:&quot;Speaker Details&quot;,&quot;ajax&quot;:&quot;yes&quot;,&quot;end&quot;:&quot;client&quot;,&quot;d&quot;:{&quot;eventid&quot;:&quot;629&quot;,&quot;speaker_id&quot;:29,&quot;uid&quot;:&quot;evo_get_speaker&quot;,&quot;action&quot;:&quot;evoss_get_speaker_details&quot;,&quot;load_new_content&quot;:true}}\" >Elena Impellizzeri, <\/em><em class=\"speaker evolb_trigger\" data-lbvals=\"{&quot;lbc&quot;:&quot;evo_get_speaker&quot;,&quot;t&quot;:&quot;Speaker Details&quot;,&quot;ajax&quot;:&quot;yes&quot;,&quot;end&quot;:&quot;client&quot;,&quot;d&quot;:{&quot;eventid&quot;:&quot;629&quot;,&quot;speaker_id&quot;:28,&quot;uid&quot;:&quot;evo_get_speaker&quot;,&quot;action&quot;:&quot;evoss_get_speaker_details&quot;,&quot;load_new_content&quot;:true}}\" >Elisa Messina, <\/em><em class=\"speaker evolb_trigger\" data-lbvals=\"{&quot;lbc&quot;:&quot;evo_get_speaker&quot;,&quot;t&quot;:&quot;Speaker Details&quot;,&quot;ajax&quot;:&quot;yes&quot;,&quot;end&quot;:&quot;client&quot;,&quot;d&quot;:{&quot;eventid&quot;:&quot;629&quot;,&quot;speaker_id&quot;:24,&quot;uid&quot;:&quot;evo_get_speaker&quot;,&quot;action&quot;:&quot;evoss_get_speaker_details&quot;,&quot;load_new_content&quot;:true}}\" >Monica Carta<\/em><\/u><\/span><\/span>\r\n\t\t\t\t\t\t\t\t<\/div><\/li><li class='evoss_block evoss_hide'><div class='c'><em class='time'>09:45 <\/em> \r\n\t\t\t\t\t\t\t\t<span><b class=''>Dal progetto all\u2019attuazione: evoluzione dei rapporti nel corso della relazione. <\/b><span class=''><i>09:45 &#8211; 10:30 <\/i><div class='ct'>Nuovo significato alla luce dei principi normativi. trattazione di casi pratici. <\/br>\nDibattito confronto con i partecipanti.\n<\/div><u>Relatori: <em class=\"speaker evolb_trigger\" data-lbvals=\"{&quot;lbc&quot;:&quot;evo_get_speaker&quot;,&quot;t&quot;:&quot;Speaker Details&quot;,&quot;ajax&quot;:&quot;yes&quot;,&quot;end&quot;:&quot;client&quot;,&quot;d&quot;:{&quot;eventid&quot;:&quot;629&quot;,&quot;speaker_id&quot;:24,&quot;uid&quot;:&quot;evo_get_speaker&quot;,&quot;action&quot;:&quot;evoss_get_speaker_details&quot;,&quot;load_new_content&quot;:true}}\" >Monica Carta<\/em><\/u><\/span><\/span>\r\n\t\t\t\t\t\t\t\t<\/div><\/li><li class='evoss_block evoss_hide'><div class='c'><em class='time'>10:30 <\/em> \r\n\t\t\t\t\t\t\t\t<span><b class=''>Aspetti che favoriscono e impediscono uno sviluppo armonico relazionale<\/b><span class=''><i>10:30 &#8211; 11:15 <\/i><div class='ct'>Costruzioni di dipendenza e costruzioni di ruolo\nSurfare sulle onde di una relazione\n<\/div><u>Relatori: <em class=\"speaker evolb_trigger\" data-lbvals=\"{&quot;lbc&quot;:&quot;evo_get_speaker&quot;,&quot;t&quot;:&quot;Speaker Details&quot;,&quot;ajax&quot;:&quot;yes&quot;,&quot;end&quot;:&quot;client&quot;,&quot;d&quot;:{&quot;eventid&quot;:&quot;629&quot;,&quot;speaker_id&quot;:28,&quot;uid&quot;:&quot;evo_get_speaker&quot;,&quot;action&quot;:&quot;evoss_get_speaker_details&quot;,&quot;load_new_content&quot;:true}}\" >Elisa Messina<\/em><\/u><\/span><\/span>\r\n\t\t\t\t\t\t\t\t<\/div><\/li><li class='evoss_block evoss_hide'><div class='c'><em class='time'>11:15<\/em> \r\n\t\t\t\t\t\t\t\t<span><b class=''>Esercitiamoci a comunicare: <\/b><span class=''><i>11:15- 12:00<\/i><div class='ct'>L\u2019empatia \u00e8 innata o possiamo apprenderla?<\/br>\nGiochi di simulazione: affrontiamo insieme l\u2019imprevisto\n<\/div><u>Relatori: <em class=\"speaker evolb_trigger\" data-lbvals=\"{&quot;lbc&quot;:&quot;evo_get_speaker&quot;,&quot;t&quot;:&quot;Speaker Details&quot;,&quot;ajax&quot;:&quot;yes&quot;,&quot;end&quot;:&quot;client&quot;,&quot;d&quot;:{&quot;eventid&quot;:&quot;629&quot;,&quot;speaker_id&quot;:29,&quot;uid&quot;:&quot;evo_get_speaker&quot;,&quot;action&quot;:&quot;evoss_get_speaker_details&quot;,&quot;load_new_content&quot;:true}}\" >Elena Impellizzeri<\/em><\/u><\/span><\/span>\r\n\t\t\t\t\t\t\t\t<\/div><\/li><li class='evoss_block evoss_hide'><div class='c'><em class='time'>12:00<\/em> \r\n\t\t\t\t\t\t\t\t<span><b class=''>Finale insieme &#8211; tiriamo le somme<\/b><span class=''><i>12:00- 12:30<\/i><div class='ct'>Test per sperimentare la crescita personale<\/div><u>Relatori: <em class=\"speaker evolb_trigger\" data-lbvals=\"{&quot;lbc&quot;:&quot;evo_get_speaker&quot;,&quot;t&quot;:&quot;Speaker Details&quot;,&quot;ajax&quot;:&quot;yes&quot;,&quot;end&quot;:&quot;client&quot;,&quot;d&quot;:{&quot;eventid&quot;:&quot;629&quot;,&quot;speaker_id&quot;:29,&quot;uid&quot;:&quot;evo_get_speaker&quot;,&quot;action&quot;:&quot;evoss_get_speaker_details&quot;,&quot;load_new_content&quot;:true}}\" >Elena Impellizzeri, <\/em><em class=\"speaker evolb_trigger\" data-lbvals=\"{&quot;lbc&quot;:&quot;evo_get_speaker&quot;,&quot;t&quot;:&quot;Speaker Details&quot;,&quot;ajax&quot;:&quot;yes&quot;,&quot;end&quot;:&quot;client&quot;,&quot;d&quot;:{&quot;eventid&quot;:&quot;629&quot;,&quot;speaker_id&quot;:28,&quot;uid&quot;:&quot;evo_get_speaker&quot;,&quot;action&quot;:&quot;evoss_get_speaker_details&quot;,&quot;load_new_content&quot;:true}}\" >Elisa Messina, <\/em><em class=\"speaker evolb_trigger\" data-lbvals=\"{&quot;lbc&quot;:&quot;evo_get_speaker&quot;,&quot;t&quot;:&quot;Speaker Details&quot;,&quot;ajax&quot;:&quot;yes&quot;,&quot;end&quot;:&quot;client&quot;,&quot;d&quot;:{&quot;eventid&quot;:&quot;629&quot;,&quot;speaker_id&quot;:24,&quot;uid&quot;:&quot;evo_get_speaker&quot;,&quot;action&quot;:&quot;evoss_get_speaker_details&quot;,&quot;load_new_content&quot;:true}}\" >Monica Carta<\/em><\/u><\/span><\/span>\r\n\t\t\t\t\t\t\t\t<\/div><\/li><\/ul><\/li><\/ul><\/div><\/div><\/div><\/div><div class='evocard_row'><div id='event_evospk' class='evocard_box evospk' data-c='' \n\t\t\t\t\tstyle=''><div id='evo_speaker' class='evo_metarow_speaker evorow evcal_evdata_row bordb evcal_evrow_sm' data-event_id='629'>\r\n\t\t\t\t\t<span class='evcal_evdata_icons'><i class='fa fa-coffee'><\/i><\/span>\r\n\t\t\t\t\t<div class='evcal_evdata_cell'><h3 class='evo_h3'>Relatori dell&#039;evento<\/h3><ul class=\"evospk_boxes\">\t\t\t\t\t\r\n\t\t\t\t\t\t<li class=\"evospk_box\">\r\n\t\t\t\t\t\t\t<span class='evospk_img_box'>\r\n\t\t\t\t\t\t\t\t<span class=\"evospk_img\" style='background-image: url(https:\/\/farefamiglia.it\/moowophi\/2022\/12\/team_0000b_Elena_Impellizzeri-287x300.webp)'><\/span>\r\n\t\t\t\t\t\t\t<\/span>\r\n\t\t\t\t\t\t\t<h3 class=\"evo_h3\">Elena Impellizzeri<\/h3>\r\n\t\t\t\t\t\t\t\t<div class='evospk_hidden'>\r\n\t\t\t\t\t\t\t\t\t<div class='evoss_speaker_lb'>\r\n\t\t\t\t\t\t\t\t\t<div class=\"evospk_img\">\r\n\t\t\t\t\t\t\t\t\t\t<span style='background-image: url(https:\/\/farefamiglia.it\/moowophi\/2022\/12\/team_0000b_Elena_Impellizzeri-287x300.webp)'><\/span><\/div>\r\n\t\t\t\t\t\t\t\t\t<div class=\"evospk_info\">\r\n\t\t\t\t\t\t\t\t\t\t<h2>Elena Impellizzeri<\/h2>\r\n\t\t\t\t\t\t\t\t\t\t<p class='evo_speaker_title'>Pedagogista e Mediatrice familiare<\/p><div class='evo_speaker_desc'><p>Laureata in Pedagogia nel 2006 nei primi anni post universitari mi sono cimentata nel supporto socio psico educativo rivolto ai minori a rischio, lavorando sia in comunit\u00e0, che in un Centro Accoglienza per donne in difficolt\u00e0. \u00c8 stato soprattutto l\u2019interesse per il bambino e le sue esigenze che nel 2010 ho scelto di aprire un nido, baby parking e doposcuola, che ho gestito negli anni successivi curando le comunicazioni con la famiglia e la crescita dei piccoli iscritti. Con l\u2019intenzione di approfondire il nesso tra psicologia ed educazione, nel 2018 ho acquisito la Laurea in Scienze e Tecniche Psicologiche. Contemporaneamente ho proseguito con la libera professione, scegliendo di dedicarmi a supportare le famiglie nell\u2019affrontare le problematiche che si affacciano spesso nel corso dello sviluppo di bambini e ragazzi. Oggi amministro, con altri 2 genitori, il gruppo \u201cL\u2019Oasi dei Separati e non\u201d che si basa sull\u2019auto mutuo aiuto e che, con la collaborazione di esperti in ambito legale e psico-educativo, mira ad indirizzare a compiere le scelte migliori in ambito separativo, per il bene dei propri figli, insegnando ad abbassare la conflittualit\u00e0. Mi occupo di consulenza pedagogica individuale e genitoriale, collaborazione nella progettazione di Piani Educativi Individualizzati per bambini e ragazzi, ma anche consulenza e mediazione con le istituzioni scolastiche.<\/p>\n<\/div>\t\t\t\t\t\t\t\t\t<\/div>\r\n\t\t\t\t\t\t\t\t\t<\/div>\r\n\t\t\t\t\t\t\t\t<\/div>\r\n\t\t\t\t\t\t\t\r\n\t\t\t\t\t\t\t\t\t\t\t\t\t\t\t<p class='evospk_job_title'>Pedagogista e Mediatrice familiare<\/p>\r\n\t\t\t\t\t\t\t\t\t\t\t\t\t\t\r\n\t\t\t\t\t\t<\/li>\t\t\t\t\t\r\n\t\t\t\t\t\t\t\t\t\t\r\n\t\t\t\t\t\t<li class=\"evospk_box\">\r\n\t\t\t\t\t\t\t<span class='evospk_img_box'>\r\n\t\t\t\t\t\t\t\t<span class=\"evospk_img\" style='background-image: url(https:\/\/farefamiglia.it\/moowophi\/2022\/12\/team_0001_Elisa_Messina-292x300.webp)'><\/span>\r\n\t\t\t\t\t\t\t<\/span>\r\n\t\t\t\t\t\t\t<h3 class=\"evo_h3\">Elisa Messina<\/h3>\r\n\t\t\t\t\t\t\t\t<div class='evospk_hidden'>\r\n\t\t\t\t\t\t\t\t\t<div class='evoss_speaker_lb'>\r\n\t\t\t\t\t\t\t\t\t<div class=\"evospk_img\">\r\n\t\t\t\t\t\t\t\t\t\t<span style='background-image: url(https:\/\/farefamiglia.it\/moowophi\/2022\/12\/team_0001_Elisa_Messina-292x300.webp)'><\/span><\/div>\r\n\t\t\t\t\t\t\t\t\t<div class=\"evospk_info\">\r\n\t\t\t\t\t\t\t\t\t\t<h2>Elisa Messina<\/h2>\r\n\t\t\t\t\t\t\t\t\t\t<p class='evo_speaker_title'>Psicologa e Psicoterapeuta<\/p><div class='evo_speaker_desc'><p>Laureata in Psicologia a Padova e Specializzata in Psicoterapia a indirizzo Costruttivista, i miei ambiti di intervento clinico sono: ansia, attacchi di panico, depressione e terapia di coppia.<\/p>\n<p>Ho conseguito una formazione avanzata presso la Open Academy of Medicine sulle \u201csindromi funzionali corporee\u201d (psicosomatica). Nel 2020 ho fondato la Community Separarsi Serenamente per le coppie che vogliono affrontare la crisi relazionale con consapevolezza e garantire un benessere psico-affettivo ai figli nonostante le difficolt\u00e0 del momento. Sono autrice di innumerevoli contenuti online sulle relazioni e di un Manuale per iniziare a lavorare sulla propria \u2018rinascita relazionale\u2019.<\/p>\n<p>Insieme capiremo come funzionano le relazioni umane, cosa differenzia una buona relazione da una relazione insoddisfacente e cosa riduce il rischio di rotture e divorzi. Parleremo di comunicazione umana, della capacit\u00e0 di affrontare i problemi, del delicato passaggio da coppia a genitori e di tutte le trasformazioni che richiedono una capacit\u00e0 di cambiamento attivo.<\/p>\n<\/div><p class='evoss_url extra'><em>URL<\/em> <a target='_blank' href='https:\/\/www.separarsiserenamente.it\/'>https:\/\/www.separarsiserenamente.it\/<\/a><\/p>\t\t\t\t\t\t\t\t\t<\/div>\r\n\t\t\t\t\t\t\t\t\t<\/div>\r\n\t\t\t\t\t\t\t\t<\/div>\r\n\t\t\t\t\t\t\t\r\n\t\t\t\t\t\t\t\t\t\t\t\t\t\t\t<p class='evospk_job_title'>Psicologa e Psicoterapeuta<\/p>\r\n\t\t\t\t\t\t\t\t\t\t\t\t\t\t\r\n\t\t\t\t\t\t<\/li>\t\t\t\t\t\r\n\t\t\t\t\t\t\t\t\t\t\r\n\t\t\t\t\t\t<li class=\"evospk_box\">\r\n\t\t\t\t\t\t\t<span class='evospk_img_box'>\r\n\t\t\t\t\t\t\t\t<span class=\"evospk_img\" style='background-image: url(https:\/\/farefamiglia.it\/moowophi\/2022\/12\/monica-300x300.webp)'><\/span>\r\n\t\t\t\t\t\t\t<\/span>\r\n\t\t\t\t\t\t\t<h3 class=\"evo_h3\">Monica Carta<\/h3>\r\n\t\t\t\t\t\t\t\t<div class='evospk_hidden'>\r\n\t\t\t\t\t\t\t\t\t<div class='evoss_speaker_lb'>\r\n\t\t\t\t\t\t\t\t\t<div class=\"evospk_img\">\r\n\t\t\t\t\t\t\t\t\t\t<span style='background-image: url(https:\/\/farefamiglia.it\/moowophi\/2022\/12\/monica-300x300.webp)'><\/span><\/div>\r\n\t\t\t\t\t\t\t\t\t<div class=\"evospk_info\">\r\n\t\t\t\t\t\t\t\t\t\t<h2>Monica Carta<\/h2>\r\n\t\t\t\t\t\t\t\t\t\t<p class='evo_speaker_title'>Avvocato e Mediatrice Familiare<\/p><div class='evo_speaker_desc'><p>Laureata in giurisprudenza presso l\u2019Universit\u00e0 degli Studi di Catania, sono avvocato, mediatrice familiare e sociale e coordinatrice genitoriale.<br \/>\nL\u2019esperienza professionale, accompagnata dallo studio dei processi che regolano le relazioni umane, mi ha sempre pi\u00f9 convinta della complessit\u00e0 delle controversie familiari e delle complesse dinamiche che generano la rottura dei rapporti.<\/p>\n<p>Ed \u00e8 cos\u00ec che, certa dell\u2019importanza di un approccio non esclusivamente legale-giudiziale alla gestione delle controversie, soprattutto quelle riguardanti la famiglia, ho  integrato la mia formazione giuridica conseguendo nel 2018 il master biennale in Mediazione Familiare*, Penale, Penale Minorile e in ambito sanitario-lavorativo, presso l\u2019Associazione Me.Dia.Re. di Torino.<\/p>\n<p>Applicando da diversi anni questo approccio, con ottimi risultati, ho verificato come moltissime situazioni conflittuali, se prese in tempo, possono condurre ad un esito diverso.<\/p>\n<\/div><p class='evo_speaker_social'><a target='_blank' href='https:\/\/www.facebook.com\/monica.carta.94' class='fa fa-facebook'><\/a><\/p>\t\t\t\t\t\t\t\t\t<\/div>\r\n\t\t\t\t\t\t\t\t\t<\/div>\r\n\t\t\t\t\t\t\t\t<\/div>\r\n\t\t\t\t\t\t\t\r\n\t\t\t\t\t\t\t\t\t\t\t\t\t\t\t<p class='evospk_job_title'>Avvocato e Mediatrice Familiare<\/p>\r\n\t\t\t\t\t\t\t\t\t\t\t\t\t\t\r\n\t\t\t\t\t\t<\/li>\t\t\t\t\t\r\n\t\t\t\t\t<\/ul><div class=\"clear\"><\/div><\/div><\/div><\/div><\/div><div class='evocard_row'><div id='event_virtual' class='evocard_box virtual' data-c='' \n\t\t\t\t\tstyle=''>\t\t<div class='evo_metarow_virtual evorow evcal_evdata_row'>\n\t\t\t<span class='evcal_evdata_icons'><i class='fa fa-globe'><\/i><\/span>\n\t\t\t<div class='evcal_evdata_cell'>\n\t\t\t\t<h3 class='evo_h3'>\u200eDettagli dell&#039;evento virtuale\u200e<\/h3>\n\t\t\t\t\n\t\t\t\t\t\t\t\t\n\t\t\t\t<div class='evo_vir_pre_content' style='padding-bottom: 10px;'>\n\t\t\t\t\t\t\t\t\t\t\t\n\t\t\t\t<\/div>\t\t\t\n\t\t\t\t\n\t\t\t\t\t\t\t\t\n\t\t\t\t\t\t\t\t\n\t\t\t\t\t\t\t\t\t\n\t\t\t\t\n\t\t\t\t<div class='evo_vir_post_content'><p class='evo_vir_past_content'>\u200eL&#039;evento ha gi\u00e0 avuto luogo\u200e!<\/p><\/div>\t\t\t\t\n\t\t\t\t\t\t\t\t<div class='evo_vir_data evo_refresh_on_heartbeat' data-key=\"evo_vir_data\" data-refresh=\"1\" data-single=\"n\" data-stage=\"post\" data-refresh_main=\"y\" data-vir_type=\"zoom\" data-mod_joined=\"left\" data-ismod=\"n\" data-check_awaitmod=\"1\" ><\/div>\n\n\t\t\t\t\t\t\t\t\n\t\t\t<\/div>\n\t\t<\/div>\n\n\t\t<\/div><\/div><div class='evocard_row'><div id='event_addtocal' class='evocard_box addtocal' data-c='' \n\t\t\t\t\tstyle=''><div class='evo_metarow_ICS evorow evcal_evdata_row'>\n\t\t\t\t\t\t\t\t\t<span class='evcal_evdata_icons'><i class='fa fa-calendar-o'><\/i><\/span>\n\t\t\t\t\t\t\t\t\t<div class='evcal_evdata_cell'>\n\t\t\t\t\t\t\t\t\t\t<p><a href='\/\/www.google.com\/calendar\/event?action=TEMPLATE&amp;text=FARE+FAMIGLIA&amp;dates=20230513T073000Z\/20230514T073000Z&amp;ctz=Europe\/Berlin&amp;details=FARE+FAMIGLIA&amp;location=' target='_blank' class='evo_ics_gCal' title='Aggiungi al tuo Calendario Google'>Aggiungi al Calendario Google<\/a><\/p>\t\n\t\t\t\t\t\t\t\t\t<\/div>\n\t\t\t\t\t\t\t\t<\/div><\/div><\/div><div class='evocard_row'><div id='event_evosocial' class='evocard_box evosocial' data-c='' \n\t\t\t\t\tstyle=''><div class='evo_metarow_socialmedia evcal_evdata_row '><div class='evo_sm FacebookShare'><a class=\" evo_ss\" target=\"_blank\" onclick=\"javascript:window.open(this.href, '', 'left=50,top=50,width=600,height=350,toolbar=0');return false;\"\r\n\t\t\t\t\t\thref=\"\/\/www.facebook.com\/sharer.php?u=https%3A%2F%2Ffarefamiglia.it%2Fevents%2Ffare-famiglia%2F\" title=\"Condividi su Facebook\"><i class=\"fa fab fa-facebook\"><\/i><\/a><\/div><div class='evo_sm LinkedIn'><a class=\"li evo_ss\" href=\"\/\/www.linkedin.com\/shareArticle?mini=true&#038;url=https%3A%2F%2Ffarefamiglia.it%2Fevents%2Ffare-famiglia%2F&#038;title=FARE%20FAMIGLIA&#038;summary=\" target=\"_blank\" title=\"Condividi su Linkedin\"><i class=\"fa fab fa-linkedin\"><\/i><\/a><\/div><div class='evo_sm copy'><a class=\"copy evo_ss\" data-l=\"https%3A%2F%2Ffarefamiglia.it%2Fevents%2Ffare-famiglia%2F\" data-t=\"Event Link Copied to Clipboard!\" title=\"Copy Link\"><i class=\"fa fa-copy\"><\/i><\/a><\/div><div class='evo_sm EmailShare'><a class=\"em evo_ss\" href=\"mailto:?subject=FARE%20FAMIGLIA&#038;body=Nome dell&#039;evento: FARE%20FAMIGLIA%0AData Evento: Maggio 13, 2023 9:30 Am - Maggio 14, 2023 9:30 Am%0ALink: https%3A%2F%2Ffarefamiglia.it%2Fevents%2Ffare-famiglia%2F%0A\" target=\"_blank\"><i class=\"fa fa-envelope\"><\/i><\/a><\/div><\/div><\/div><\/div><div class='evo_card_row_end evcal_close' title='Testo per il pulsante chiudi evento\u200e'><\/div><\/div><div class='clear end'><\/div><\/div><\/div><\/div>\t\t\t\t\t\t<\/div>\n\t\t\t\t<\/div>\n\t\t\t\t\t<\/div>\n\t\t<\/div>\n\t\t\t\t\t\t\t<\/div>\n\t\t<\/section>\n\t\t\t\t<section class=\"elementor-section elementor-inner-section elementor-element elementor-element-ea6682b elementor-section-boxed elementor-section-height-default elementor-section-height-default\" data-id=\"ea6682b\" data-element_type=\"section\">\n\t\t\t\t\t\t<div class=\"elementor-container elementor-column-gap-default\">\n\t\t\t\t\t<div class=\"elementor-column elementor-col-100 elementor-inner-column elementor-element elementor-element-f6b7643\" data-id=\"f6b7643\" data-element_type=\"column\">\n\t\t\t<div class=\"elementor-widget-wrap elementor-element-populated\">\n\t\t\t\t\t\t\t\t<div class=\"elementor-element elementor-element-26c8867 elementor-widget elementor-widget-spacer\" data-id=\"26c8867\" data-element_type=\"widget\" data-widget_type=\"spacer.default\">\n\t\t\t\t<div class=\"elementor-widget-container\">\n\t\t\t\t\t<div class=\"elementor-spacer\">\n\t\t\t<div class=\"elementor-spacer-inner\"><\/div>\n\t\t<\/div>\n\t\t\t\t<\/div>\n\t\t\t\t<\/div>\n\t\t\t\t\t<\/div>\n\t\t<\/div>\n\t\t\t\t\t\t\t<\/div>\n\t\t<\/section>\n\t\t\t\t<section class=\"elementor-section elementor-inner-section elementor-element elementor-element-577f92a elementor-reverse-mobile elementor-section-boxed elementor-section-height-default elementor-section-height-default\" data-id=\"577f92a\" data-element_type=\"section\">\n\t\t\t\t\t\t<div class=\"elementor-container elementor-column-gap-no\">\n\t\t\t\t\t<div class=\"elementor-column elementor-col-66 elementor-inner-column elementor-element elementor-element-772e43c\" data-id=\"772e43c\" data-element_type=\"column\" data-settings=\"{&quot;background_background&quot;:&quot;classic&quot;}\">\n\t\t\t<div class=\"elementor-widget-wrap elementor-element-populated\">\n\t\t\t\t\t\t\t\t<div class=\"elementor-element elementor-element-754ad2a elementor-widget__width-initial elementor-widget elementor-widget-text-path\" data-id=\"754ad2a\" data-element_type=\"widget\" data-settings=\"{&quot;text&quot;:&quot;Evento on-line&quot;,&quot;align&quot;:&quot;left&quot;,&quot;text_path_direction&quot;:&quot;rtl&quot;,&quot;start_point&quot;:{&quot;unit&quot;:&quot;%&quot;,&quot;size&quot;:21,&quot;sizes&quot;:[]},&quot;link&quot;:{&quot;url&quot;:&quot;&quot;,&quot;is_external&quot;:&quot;&quot;,&quot;nofollow&quot;:&quot;&quot;,&quot;custom_attributes&quot;:&quot;&quot;}}\" data-widget_type=\"text-path.default\">\n\t\t\t\t<div class=\"elementor-widget-container\">\n\t\t\t\t\t<div class=\"e-text-path elementor-animation-wobble-horizontal\" data-text=\"Evento on-line\" data-url=\"\/\/farefamiglia.it\/whywoart\/elementor\/assets\/svg-paths\/line.svg\"><\/div>\n\t\t\t\t<\/div>\n\t\t\t\t<\/div>\n\t\t\t\t<div class=\"elementor-element elementor-element-3dfb347 elementor-widget elementor-widget-text-editor\" data-id=\"3dfb347\" data-element_type=\"widget\" data-widget_type=\"text-editor.default\">\n\t\t\t\t<div class=\"elementor-widget-container\">\n\t\t\t\t\t\t\t<b>WEBINAR<\/b>\n<span style=\"font-weight: 400;\">CORSO DI PREPARAZIONE ALLA GENITORIALIT\u00c0:<\/span>\n<p style=\"font-weight: 200; font-size: 15px;\">Come cambia la coppia, tra aspettative e realt\u00e0<\/p>\n<p><em>Due incontri di 4 ore:\u00a0 13 e 14 Maggio<\/em><\/p>\n\nSi richiede la partecipazione in coppia\n\n<hr class=\"no_line\" style=\"margin: 0 auto 20px auto\"\/>\n\n<div class='ajde_evcal_calendar eventon_single_event eventon_event evo_sin_box sev cev color esty_2' ><div class='evo-data'   data-ux_val='3' data-exturl='' data-mapscroll='true' data-mapformat='roadmap' data-mapzoom='18' ><\/div><div class='evo_cal_data' data-sc='{\"excerpt\":\"no\",\"expanded\":\"no\",\"ux_val\":3,\"exturl\":\"\",\"mapscroll\":\"true\",\"mapformat\":\"roadmap\",\"mapzoom\":\"18\",\"maps_load\":\"yes\"}'><\/div><div id='evcal_list' class='eventon_events_list '><div id=\"event_604_0\" class=\"eventon_list_event evo_eventtop scheduled  event clrD event_604_0\" data-event_id=\"604\" data-ri=\"0r\" data-time=\"1686382200-1686468600\" data-colr=\"#425de3\" itemscope itemtype='http:\/\/schema.org\/Event'><div class=\"evo_event_schema\" style=\"display:none\" ><a itemprop='url'  href='https:\/\/farefamiglia.it\/events\/corso-di-preparazione-alla-genitorialita\/'><\/a><meta itemprop='image' content=\"https:\/\/farefamiglia.it\/moowophi\/2022\/12\/event6-about-pic6.png\" \/><meta itemprop='startDate' content=\"2023-6-10T09:30+0:00\" \/><meta itemprop='endDate' content=\"2023-6-11T09:30+0:00\" \/><meta itemprop='eventStatus' content=\"https:\/\/schema.org\/EventScheduled\" \/><item style=\"display:none\" itemprop=\"eventAttendanceMode\" itemscope itemtype=\"https:\/\/schema.org\/OnlineEventAttendanceMode\"><\/item><div itemprop=\"offers\" itemscope itemtype=\"http:\/\/schema.org\/Offer\">\n\t\t\t\t        <div class=\"event-price\" itemprop=\"price\" content=\"149\">149<\/div>\n\t\t\t\t        <meta itemprop=\"priceCurrency\" content=\"\u20ac\">\n\t\t\t\t        <meta itemprop=\"url\" content=\"https:\/\/farefamiglia.it\/events\/corso-di-preparazione-alla-genitorialita\/\">\n\t\t\t\t        <meta itemprop=\"availability\" content=\"http:\/\/schema.org\/InStock\">\n\t\t\t\t        <meta itemprop=\"validFrom\" content=\"2023-6-10T09:30+0:00\">\n\t\t\t\t    <\/div><script type=\"application\/ld+json\">{\"@context\": \"http:\/\/schema.org\",\"@type\": \"Event\",\n\t\t\t\t\"@id\": \"event_604_0\",\n\t\t\t\t\"eventAttendanceMode\":\"https:\/\/schema.org\/OnlineEventAttendanceMode\",\n\t\t\t\t\"eventStatus\":\"https:\/\/schema.org\/EventScheduled\",\n\t\t\t\t\"name\": \"Corso di preparazione alla genitorialit\u00e0\",\n\t\t\t\t\"url\": \"https:\/\/farefamiglia.it\/events\/corso-di-preparazione-alla-genitorialita\/\",\n\t\t\t\t\"startDate\": \"2023-6-10T09:30+0:00\",\n\t\t\t\t\"endDate\": \"2023-6-11T09:30+0:00\",\n\t\t\t\t\"image\":\"https:\/\/farefamiglia.it\/moowophi\/2022\/12\/event6-about-pic6.png\", \n\t\t\t\t\"description\":\"<p><\/p> \",\"offers\":{\"@type\":\"Offer\",\"price\":\"149\",\"priceCurrency\":\"\u20ac\",\"availability\":\"http:\/\/schema.org\/InStock\",\"validFrom\":\"2023-6-10T09:30+0:00\",\"url\":\"https:\/\/farefamiglia.it\/events\/corso-di-preparazione-alla-genitorialita\/\"}}<\/script><\/div>\r\n\t\t\t\t<p class=\"desc_trig_outter\" style=\"\"><a data-gmap_status=\"null\" data-gmtrig=\"1\" data-exlk=\"0\" style=\"background-color: #425de3;\" id=\"evc_1686382200604\" class=\"hasFtIMG desc_trig completed-event 1 mul_val evcal_list_a\" data-ux_val=\"3\" data-ux_val_mob=\"-\"  ><span class='evoet_c1 evoet_cx '><span class='ev_ftImg' data-img='https:\/\/farefamiglia.it\/moowophi\/2022\/12\/event6-about-pic6.png' data-thumb='https:\/\/farefamiglia.it\/moowophi\/2022\/12\/event6-about-pic6-271x300.png' style='background-image:url(\"https:\/\/farefamiglia.it\/moowophi\/2022\/12\/event6-about-pic6-271x300.png\")' ><\/span><\/span><span class='evoet_c2 evoet_cx '><span class='evoet_dayblock evcal_cblock ' data-bgcolor='#425de3' data-smon='giugno' data-syr='2023' data-bub=''><span class='evo_start '><em class='date'>10<\/em><em class='month'>giu<\/em><em class='time'><i t=\"y\">(giu 10)<\/i>9:30 am<\/em><\/span><span class='evo_end '><em class='date'>11<\/em><em class='time'><i t=\"y\">(giu 11)<\/i>9:30 am<\/em><\/span><\/span><\/span><span class='evoet_c3 evoet_cx evcal_desc hide_eventtopdata '><span class='evoet_title evcal_desc2 evcal_event_title ' itemprop='name'>Corso di preparazione alla genitorialit\u00e0<\/span><span class='evoet_subtitle evo_below_title' ><span class='evcal_event_subtitle ' >Come cambia la coppia, tra aspettative e realt\u00e0<\/span><\/span><span class='evocd_timer evoet_b1'><span class='evocd_text timeexpired' data-ex_tx='L'>L<\/span><\/span><\/span><span class='evoet_data' data-d=\"{&quot;loc.n&quot;:&quot;&quot;,&quot;orgs&quot;:[],&quot;tags&quot;:{&quot;completed&quot;:&quot;Completed&quot;,&quot;vir&quot;:&quot;\\u200eEvento Virtuale\\u200e&quot;}}\" data-bgc=\"#425de3\" data-bggrad=\"\" ><\/span><\/a><\/p><div class='event_description evcal_eventcard ' style=\"display:none\"><div class='evocard_row'><div id='event_ftimage' class='evocard_box ftimage' data-c='' \n\t\t\t\t\tstyle=''><div class='evocard_main_image_hold' data-t='Loading Image..'><div class='evocard_main_image evobr15 evobgsc evobgpc evodfx evofx_jc_c evofx_ai_c evofz48 direct' style='height:400px; background-image:url();' data-f=\"https:\/\/farefamiglia.it\/moowophi\/2022\/12\/event6-about-pic6.png\" data-h=\"864\" data-w=\"780\" data-ratio=\"1.1076923076923\" data-event_id=\"604\" data-ri=\"0\"  data-t='Loading Image..'><span style='height:400px; background-image:url(https:\/\/farefamiglia.it\/moowophi\/2022\/12\/event6-about-pic6.png)'><\/span><\/div><\/div><\/div><\/div><div class='evocard_row'><div id='event_eventdetails' class='evocard_box eventdetails' data-c='ffff19' \n\t\t\t\t\tstyle='background-color:#ffff19'><div class='evo_metarow_details evorow evcal_evdata_row evcal_event_details'>\n\t\t\t\t\t\t\t\t<div class=\"event_excerpt\" style=\"display:none\"><h3 class=\"padb5 evo_h3\">\u200eDettagli dell&#039;evento\u200e<\/h3><p><\/p><\/div><span class='evcal_evdata_icons'><i class='fa fa-align-justify'><\/i><\/span>\n\t\t\t\t\t\t\t\t\n\t\t\t\t\t\t\t\t<div class='evcal_evdata_cell '>\n\t\t\t\t\t\t\t\t\t<div class='eventon_full_description'>\n\t\t\t\t\t\t\t\t\t\t<h3 class='padb5 evo_h3'><span class='evcal_evdata_icons'><i class='fa fa-align-justify'><\/i><\/span>\u200eDettagli dell&#039;evento\u200e<\/h3>\n\t\t\t\t\t\t\t\t\t\t<div class='eventon_desc_in' itemprop='description'>\n\t\t\t\t\t\t\t\t\t\t<p><\/p>\n<\/div><div class='clear'><\/div>\n\t\t\t\t\t\t\t\t\t<\/div>\n\t\t\t\t\t\t\t\t<\/div>\n\t\t\t\t\t\t\t<\/div><\/div><\/div><div class='evocard_row'><div id='event_customfield1' class='evocard_box customfield1' data-c='' \n\t\t\t\t\tstyle=''><div class='evo_metarow_cusF1 evorow evcal_evdata_row evcal_evrow_sm '>\n\t\t\t\t\t\t\t\t<span class='evcal_evdata_icons'><i class='fa fa-calendar-alt'><\/i><\/span>\n\t\t\t\t\t\t\t\t<div class='evcal_evdata_cell'>\t\t\t\t\t\t\t\n\t\t\t\t\t\t\t\t\t<h3 class='evo_h3'>Primo giorno: data e durata dell&#039;evento <\/h3><div class='evo_custom_content evo_data_val'><p>10\/06\/2023 dalle 09:30 alle 12:30<\/p>\n<\/div><\/div><\/div><\/div><\/div><div class='evocard_row'><div id='event_customfield2' class='evocard_box customfield2' data-c='' \n\t\t\t\t\tstyle=''><div class='evo_metarow_cusF2 evorow evcal_evdata_row evcal_evrow_sm '>\n\t\t\t\t\t\t\t\t<span class='evcal_evdata_icons'><i class='fa fa-calendar-days'><\/i><\/span>\n\t\t\t\t\t\t\t\t<div class='evcal_evdata_cell'>\t\t\t\t\t\t\t\n\t\t\t\t\t\t\t\t\t<h3 class='evo_h3'>Secondo giorno: data e durata dell&#039;evento <\/h3><div class='evo_custom_content evo_data_val'><p>11\/06\/2023 dalle 09:30 alle 12:30<\/p>\n<\/div><\/div><\/div><\/div><\/div><div class='evocard_row'><div id='event_evosch' class='evocard_box evosch' data-c='' \n\t\t\t\t\tstyle=''><div id='evo_schedule' class='evo_metarow_schedule evorow evcal_evdata_row bordb evcal_evrow_sm' data-event_id='604'>\r\n\t\t\t\t\t<span class='evcal_evdata_icons'><i class='fa fa-calendar-check-o'><\/i><\/span>\r\n\t\t\t\t\t<div class='evcal_evdata_cell'><h3 class='evo_h3'>Programma<\/h3><ul class='evosch_blocks_list'><ul class='evosch_nav'><li class='evoss_show' data-day='1' title='June 10, 2023'>Giorno 1<\/li><li class='' data-day='2' title='June 11, 2023'>Giorno 2<\/li><\/ul><ul class='evosch_oneday_schedule evoss_show evosch_date_1'><li class='date'>giugno 10, 2023<\/li><li class='evoss_block evoss_show'><div class='c'><em class='time'>9:30<\/em> \r\n\t\t\t\t\t\t\t\t<span><b class=''>Saluti e Presentazioni<\/b><span class=''><i>9:30- 9:45<\/i><div class='ct'><\/div><\/span><\/span>\r\n\t\t\t\t\t\t\t\t<\/div><\/li><li class='evoss_block evoss_hide'><div class='c'><em class='time'>9:45<\/em> \r\n\t\t\t\t\t\t\t\t<span><b class=''>Un confronto sulle aspettative dei neogenitori<\/b><span class=''><i>9:45- 10:15<\/i><div class='ct'><\/div><u>Relatori: <em class=\"speaker evolb_trigger\" data-lbvals=\"{&quot;lbc&quot;:&quot;evo_get_speaker&quot;,&quot;t&quot;:&quot;Speaker Details&quot;,&quot;ajax&quot;:&quot;yes&quot;,&quot;end&quot;:&quot;client&quot;,&quot;d&quot;:{&quot;eventid&quot;:&quot;604&quot;,&quot;speaker_id&quot;:29,&quot;uid&quot;:&quot;evo_get_speaker&quot;,&quot;action&quot;:&quot;evoss_get_speaker_details&quot;,&quot;load_new_content&quot;:true}}\" >Elena Impellizzeri<\/em><\/u><\/span><\/span>\r\n\t\t\t\t\t\t\t\t<\/div><\/li><li class='evoss_block evoss_hide'><div class='c'><em class='time'>10:15<\/em> \r\n\t\t\t\t\t\t\t\t<span><b class=''>Costruzioni personali e sociali: l&#8217;intreccio dei significati nella narrazione sulla genitorialit\u00e0<\/b><span class=''><i>10:15- 11:00<\/i><div class='ct'><\/div><u>Relatori: <em class=\"speaker evolb_trigger\" data-lbvals=\"{&quot;lbc&quot;:&quot;evo_get_speaker&quot;,&quot;t&quot;:&quot;Speaker Details&quot;,&quot;ajax&quot;:&quot;yes&quot;,&quot;end&quot;:&quot;client&quot;,&quot;d&quot;:{&quot;eventid&quot;:&quot;604&quot;,&quot;speaker_id&quot;:28,&quot;uid&quot;:&quot;evo_get_speaker&quot;,&quot;action&quot;:&quot;evoss_get_speaker_details&quot;,&quot;load_new_content&quot;:true}}\" >Elisa Messina<\/em><\/u><\/span><\/span>\r\n\t\t\t\t\t\t\t\t<\/div><\/li><li class='evoss_block evoss_hide'><div class='c'><em class='time'>11:00<\/em> \r\n\t\t\t\t\t\t\t\t<span><b class=''>Giochi di ruolo: costruiamo le basi per una migliore comprensione dell\u2019altro<\/b><span class=''><i>11:00- 12:00<\/i><div class='ct'><\/div><u>Relatori: <em class=\"speaker evolb_trigger\" data-lbvals=\"{&quot;lbc&quot;:&quot;evo_get_speaker&quot;,&quot;t&quot;:&quot;Speaker Details&quot;,&quot;ajax&quot;:&quot;yes&quot;,&quot;end&quot;:&quot;client&quot;,&quot;d&quot;:{&quot;eventid&quot;:&quot;604&quot;,&quot;speaker_id&quot;:29,&quot;uid&quot;:&quot;evo_get_speaker&quot;,&quot;action&quot;:&quot;evoss_get_speaker_details&quot;,&quot;load_new_content&quot;:true}}\" >Elena Impellizzeri, <\/em><em class=\"speaker evolb_trigger\" data-lbvals=\"{&quot;lbc&quot;:&quot;evo_get_speaker&quot;,&quot;t&quot;:&quot;Speaker Details&quot;,&quot;ajax&quot;:&quot;yes&quot;,&quot;end&quot;:&quot;client&quot;,&quot;d&quot;:{&quot;eventid&quot;:&quot;604&quot;,&quot;speaker_id&quot;:28,&quot;uid&quot;:&quot;evo_get_speaker&quot;,&quot;action&quot;:&quot;evoss_get_speaker_details&quot;,&quot;load_new_content&quot;:true}}\" >Elisa Messina<\/em><\/u><\/span><\/span>\r\n\t\t\t\t\t\t\t\t<\/div><\/li><li class='evoss_block evoss_hide'><div class='c'><em class='time'>12:00<\/em> \r\n\t\t\t\t\t\t\t\t<span><b class=''>Finale insieme: confronto-dibattito con i partecipanti<\/b><span class=''><i>12:00- 12:30<\/i><div class='ct'><\/div><u>Relatori: <em class=\"speaker evolb_trigger\" data-lbvals=\"{&quot;lbc&quot;:&quot;evo_get_speaker&quot;,&quot;t&quot;:&quot;Speaker Details&quot;,&quot;ajax&quot;:&quot;yes&quot;,&quot;end&quot;:&quot;client&quot;,&quot;d&quot;:{&quot;eventid&quot;:&quot;604&quot;,&quot;speaker_id&quot;:29,&quot;uid&quot;:&quot;evo_get_speaker&quot;,&quot;action&quot;:&quot;evoss_get_speaker_details&quot;,&quot;load_new_content&quot;:true}}\" >Elena Impellizzeri, <\/em><em class=\"speaker evolb_trigger\" data-lbvals=\"{&quot;lbc&quot;:&quot;evo_get_speaker&quot;,&quot;t&quot;:&quot;Speaker Details&quot;,&quot;ajax&quot;:&quot;yes&quot;,&quot;end&quot;:&quot;client&quot;,&quot;d&quot;:{&quot;eventid&quot;:&quot;604&quot;,&quot;speaker_id&quot;:28,&quot;uid&quot;:&quot;evo_get_speaker&quot;,&quot;action&quot;:&quot;evoss_get_speaker_details&quot;,&quot;load_new_content&quot;:true}}\" >Elisa Messina, <\/em><em class=\"speaker evolb_trigger\" data-lbvals=\"{&quot;lbc&quot;:&quot;evo_get_speaker&quot;,&quot;t&quot;:&quot;Speaker Details&quot;,&quot;ajax&quot;:&quot;yes&quot;,&quot;end&quot;:&quot;client&quot;,&quot;d&quot;:{&quot;eventid&quot;:&quot;604&quot;,&quot;speaker_id&quot;:24,&quot;uid&quot;:&quot;evo_get_speaker&quot;,&quot;action&quot;:&quot;evoss_get_speaker_details&quot;,&quot;load_new_content&quot;:true}}\" >Monica Carta<\/em><\/u><\/span><\/span>\r\n\t\t\t\t\t\t\t\t<\/div><\/li><\/ul><\/li><ul class='evosch_oneday_schedule  evosch_date_2'><li class='date'>giugno 11, 2023<\/li><li class='evoss_block evoss_show'><div class='c'><em class='time'>9:30<\/em> \r\n\t\t\t\t\t\t\t\t<span><b class=''>Dove eravamo rimasti: spunti di riflessione dal primo incontro<\/b><span class=''><i>9:30- 9:45<\/i><div class='ct'><\/div><u>Relatori: <em class=\"speaker evolb_trigger\" data-lbvals=\"{&quot;lbc&quot;:&quot;evo_get_speaker&quot;,&quot;t&quot;:&quot;Speaker Details&quot;,&quot;ajax&quot;:&quot;yes&quot;,&quot;end&quot;:&quot;client&quot;,&quot;d&quot;:{&quot;eventid&quot;:&quot;604&quot;,&quot;speaker_id&quot;:29,&quot;uid&quot;:&quot;evo_get_speaker&quot;,&quot;action&quot;:&quot;evoss_get_speaker_details&quot;,&quot;load_new_content&quot;:true}}\" >Elena Impellizzeri, <\/em><em class=\"speaker evolb_trigger\" data-lbvals=\"{&quot;lbc&quot;:&quot;evo_get_speaker&quot;,&quot;t&quot;:&quot;Speaker Details&quot;,&quot;ajax&quot;:&quot;yes&quot;,&quot;end&quot;:&quot;client&quot;,&quot;d&quot;:{&quot;eventid&quot;:&quot;604&quot;,&quot;speaker_id&quot;:28,&quot;uid&quot;:&quot;evo_get_speaker&quot;,&quot;action&quot;:&quot;evoss_get_speaker_details&quot;,&quot;load_new_content&quot;:true}}\" >Elisa Messina, <\/em><em class=\"speaker evolb_trigger\" data-lbvals=\"{&quot;lbc&quot;:&quot;evo_get_speaker&quot;,&quot;t&quot;:&quot;Speaker Details&quot;,&quot;ajax&quot;:&quot;yes&quot;,&quot;end&quot;:&quot;client&quot;,&quot;d&quot;:{&quot;eventid&quot;:&quot;604&quot;,&quot;speaker_id&quot;:24,&quot;uid&quot;:&quot;evo_get_speaker&quot;,&quot;action&quot;:&quot;evoss_get_speaker_details&quot;,&quot;load_new_content&quot;:true}}\" >Monica Carta<\/em><\/u><\/span><\/span>\r\n\t\t\t\t\t\t\t\t<\/div><\/li><li class='evoss_block evoss_hide'><div class='c'><em class='time'>9:45<\/em> \r\n\t\t\t\t\t\t\t\t<span><b class=''>Potenzialit\u00e0 e competenze genitoriali a confronto Test delle competenze genitoriali: mettiamoci in gioco<\/b><span class=''><i>9:45- 10:30<\/i><div class='ct'><\/div><u>Relatori: <em class=\"speaker evolb_trigger\" data-lbvals=\"{&quot;lbc&quot;:&quot;evo_get_speaker&quot;,&quot;t&quot;:&quot;Speaker Details&quot;,&quot;ajax&quot;:&quot;yes&quot;,&quot;end&quot;:&quot;client&quot;,&quot;d&quot;:{&quot;eventid&quot;:&quot;604&quot;,&quot;speaker_id&quot;:29,&quot;uid&quot;:&quot;evo_get_speaker&quot;,&quot;action&quot;:&quot;evoss_get_speaker_details&quot;,&quot;load_new_content&quot;:true}}\" >Elena Impellizzeri<\/em><\/u><\/span><\/span>\r\n\t\t\t\t\t\t\t\t<\/div><\/li><li class='evoss_block evoss_hide'><div class='c'><em class='time'>10:30<\/em> \r\n\t\t\t\t\t\t\t\t<span><b class=''>Essere genitori oggi<\/b><span class=''><i>10:30- 11:15<\/i><div class='ct'><p><span id=\"docs-internal-guid-823197e0-7fff-4bc5-f86b-5d34f0fd6813\"><p dir=\"ltr\" style=\"line-height: 1.2; margin-left: 36pt; margin-top: 12pt; margin-bottom: 12pt; padding: 0pt 0pt 0pt 18pt;\"><span style=\"font-variant-numeric: normal; font-variant-east-asian: normal; vertical-align: baseline;\">&#8211; identit\u00e0 e ruolo<\/span><\/p><p dir=\"ltr\" style=\"line-height: 1.2; margin-left: 36pt; margin-top: 12pt; margin-bottom: 12pt; padding: 0pt 0pt 0pt 18pt;\"><span style=\"font-variant-numeric: normal; font-variant-east-asian: normal; vertical-align: baseline;\">&#8211; struttura e creativit\u00e0<\/span><\/p><span style=\"font-variant-numeric: normal; font-variant-east-asian: normal; vertical-align: baseline;\">&nbsp; &nbsp; &nbsp; &nbsp; &nbsp; &nbsp; &nbsp; &nbsp; &nbsp; &nbsp; &nbsp;&#8211; dal punto di vista dei figli<\/span><br><\/span><\/p><\/div><u>Relatori: <em class=\"speaker evolb_trigger\" data-lbvals=\"{&quot;lbc&quot;:&quot;evo_get_speaker&quot;,&quot;t&quot;:&quot;Speaker Details&quot;,&quot;ajax&quot;:&quot;yes&quot;,&quot;end&quot;:&quot;client&quot;,&quot;d&quot;:{&quot;eventid&quot;:&quot;604&quot;,&quot;speaker_id&quot;:28,&quot;uid&quot;:&quot;evo_get_speaker&quot;,&quot;action&quot;:&quot;evoss_get_speaker_details&quot;,&quot;load_new_content&quot;:true}}\" >Elisa Messina<\/em><\/u><\/span><\/span>\r\n\t\t\t\t\t\t\t\t<\/div><\/li><li class='evoss_block evoss_hide'><div class='c'><em class='time'>11:15<\/em> \r\n\t\t\t\t\t\t\t\t<span><b class=''>Le norme sulla genitorialit\u00e0, strumenti e metodi per la gestione dei conflitti tra genitori<\/b><span class=''><i>11:15- 12:00<\/i><div class='ct'><\/div><u>Relatori: <em class=\"speaker evolb_trigger\" data-lbvals=\"{&quot;lbc&quot;:&quot;evo_get_speaker&quot;,&quot;t&quot;:&quot;Speaker Details&quot;,&quot;ajax&quot;:&quot;yes&quot;,&quot;end&quot;:&quot;client&quot;,&quot;d&quot;:{&quot;eventid&quot;:&quot;604&quot;,&quot;speaker_id&quot;:24,&quot;uid&quot;:&quot;evo_get_speaker&quot;,&quot;action&quot;:&quot;evoss_get_speaker_details&quot;,&quot;load_new_content&quot;:true}}\" >Monica Carta<\/em><\/u><\/span><\/span>\r\n\t\t\t\t\t\t\t\t<\/div><\/li><li class='evoss_block evoss_hide'><div class='c'><em class='time'>12:00<\/em> \r\n\t\t\t\t\t\t\t\t<span><b class=''>Finale insieme: tiriamo le somme<\/b><span class=''><i>12:00- 12:30<\/i><div class='ct'><\/div><u>Relatori: <em class=\"speaker evolb_trigger\" data-lbvals=\"{&quot;lbc&quot;:&quot;evo_get_speaker&quot;,&quot;t&quot;:&quot;Speaker Details&quot;,&quot;ajax&quot;:&quot;yes&quot;,&quot;end&quot;:&quot;client&quot;,&quot;d&quot;:{&quot;eventid&quot;:&quot;604&quot;,&quot;speaker_id&quot;:29,&quot;uid&quot;:&quot;evo_get_speaker&quot;,&quot;action&quot;:&quot;evoss_get_speaker_details&quot;,&quot;load_new_content&quot;:true}}\" >Elena Impellizzeri, <\/em><em class=\"speaker evolb_trigger\" data-lbvals=\"{&quot;lbc&quot;:&quot;evo_get_speaker&quot;,&quot;t&quot;:&quot;Speaker Details&quot;,&quot;ajax&quot;:&quot;yes&quot;,&quot;end&quot;:&quot;client&quot;,&quot;d&quot;:{&quot;eventid&quot;:&quot;604&quot;,&quot;speaker_id&quot;:28,&quot;uid&quot;:&quot;evo_get_speaker&quot;,&quot;action&quot;:&quot;evoss_get_speaker_details&quot;,&quot;load_new_content&quot;:true}}\" >Elisa Messina, <\/em><em class=\"speaker evolb_trigger\" data-lbvals=\"{&quot;lbc&quot;:&quot;evo_get_speaker&quot;,&quot;t&quot;:&quot;Speaker Details&quot;,&quot;ajax&quot;:&quot;yes&quot;,&quot;end&quot;:&quot;client&quot;,&quot;d&quot;:{&quot;eventid&quot;:&quot;604&quot;,&quot;speaker_id&quot;:24,&quot;uid&quot;:&quot;evo_get_speaker&quot;,&quot;action&quot;:&quot;evoss_get_speaker_details&quot;,&quot;load_new_content&quot;:true}}\" >Monica Carta<\/em><\/u><\/span><\/span>\r\n\t\t\t\t\t\t\t\t<\/div><\/li><\/ul><\/li><\/ul><\/div><\/div><\/div><\/div><div class='evocard_row'><div id='event_evospk' class='evocard_box evospk' data-c='' \n\t\t\t\t\tstyle=''><div id='evo_speaker' class='evo_metarow_speaker evorow evcal_evdata_row bordb evcal_evrow_sm' data-event_id='604'>\r\n\t\t\t\t\t<span class='evcal_evdata_icons'><i class='fa fa-coffee'><\/i><\/span>\r\n\t\t\t\t\t<div class='evcal_evdata_cell'><h3 class='evo_h3'>Relatori dell&#039;evento<\/h3><ul class=\"evospk_boxes\">\t\t\t\t\t\r\n\t\t\t\t\t\t<li class=\"evospk_box\">\r\n\t\t\t\t\t\t\t<span class='evospk_img_box'>\r\n\t\t\t\t\t\t\t\t<span class=\"evospk_img\" style='background-image: url(https:\/\/farefamiglia.it\/moowophi\/2022\/12\/team_0000b_Elena_Impellizzeri-287x300.webp)'><\/span>\r\n\t\t\t\t\t\t\t<\/span>\r\n\t\t\t\t\t\t\t<h3 class=\"evo_h3\">Elena Impellizzeri<\/h3>\r\n\t\t\t\t\t\t\t\t<div class='evospk_hidden'>\r\n\t\t\t\t\t\t\t\t\t<div class='evoss_speaker_lb'>\r\n\t\t\t\t\t\t\t\t\t<div class=\"evospk_img\">\r\n\t\t\t\t\t\t\t\t\t\t<span style='background-image: url(https:\/\/farefamiglia.it\/moowophi\/2022\/12\/team_0000b_Elena_Impellizzeri-287x300.webp)'><\/span><\/div>\r\n\t\t\t\t\t\t\t\t\t<div class=\"evospk_info\">\r\n\t\t\t\t\t\t\t\t\t\t<h2>Elena Impellizzeri<\/h2>\r\n\t\t\t\t\t\t\t\t\t\t<p class='evo_speaker_title'>Pedagogista e Mediatrice familiare<\/p><div class='evo_speaker_desc'><p>Laureata in Pedagogia nel 2006 nei primi anni post universitari mi sono cimentata nel supporto socio psico educativo rivolto ai minori a rischio, lavorando sia in comunit\u00e0, che in un Centro Accoglienza per donne in difficolt\u00e0. \u00c8 stato soprattutto l\u2019interesse per il bambino e le sue esigenze che nel 2010 ho scelto di aprire un nido, baby parking e doposcuola, che ho gestito negli anni successivi curando le comunicazioni con la famiglia e la crescita dei piccoli iscritti. Con l\u2019intenzione di approfondire il nesso tra psicologia ed educazione, nel 2018 ho acquisito la Laurea in Scienze e Tecniche Psicologiche. Contemporaneamente ho proseguito con la libera professione, scegliendo di dedicarmi a supportare le famiglie nell\u2019affrontare le problematiche che si affacciano spesso nel corso dello sviluppo di bambini e ragazzi. Oggi amministro, con altri 2 genitori, il gruppo \u201cL\u2019Oasi dei Separati e non\u201d che si basa sull\u2019auto mutuo aiuto e che, con la collaborazione di esperti in ambito legale e psico-educativo, mira ad indirizzare a compiere le scelte migliori in ambito separativo, per il bene dei propri figli, insegnando ad abbassare la conflittualit\u00e0. Mi occupo di consulenza pedagogica individuale e genitoriale, collaborazione nella progettazione di Piani Educativi Individualizzati per bambini e ragazzi, ma anche consulenza e mediazione con le istituzioni scolastiche.<\/p>\n<\/div>\t\t\t\t\t\t\t\t\t<\/div>\r\n\t\t\t\t\t\t\t\t\t<\/div>\r\n\t\t\t\t\t\t\t\t<\/div>\r\n\t\t\t\t\t\t\t\r\n\t\t\t\t\t\t\t\t\t\t\t\t\t\t\t<p class='evospk_job_title'>Pedagogista e Mediatrice familiare<\/p>\r\n\t\t\t\t\t\t\t\t\t\t\t\t\t\t\r\n\t\t\t\t\t\t<\/li>\t\t\t\t\t\r\n\t\t\t\t\t\t\t\t\t\t\r\n\t\t\t\t\t\t<li class=\"evospk_box\">\r\n\t\t\t\t\t\t\t<span class='evospk_img_box'>\r\n\t\t\t\t\t\t\t\t<span class=\"evospk_img\" style='background-image: url(https:\/\/farefamiglia.it\/moowophi\/2022\/12\/team_0001_Elisa_Messina-292x300.webp)'><\/span>\r\n\t\t\t\t\t\t\t<\/span>\r\n\t\t\t\t\t\t\t<h3 class=\"evo_h3\">Elisa Messina<\/h3>\r\n\t\t\t\t\t\t\t\t<div class='evospk_hidden'>\r\n\t\t\t\t\t\t\t\t\t<div class='evoss_speaker_lb'>\r\n\t\t\t\t\t\t\t\t\t<div class=\"evospk_img\">\r\n\t\t\t\t\t\t\t\t\t\t<span style='background-image: url(https:\/\/farefamiglia.it\/moowophi\/2022\/12\/team_0001_Elisa_Messina-292x300.webp)'><\/span><\/div>\r\n\t\t\t\t\t\t\t\t\t<div class=\"evospk_info\">\r\n\t\t\t\t\t\t\t\t\t\t<h2>Elisa Messina<\/h2>\r\n\t\t\t\t\t\t\t\t\t\t<p class='evo_speaker_title'>Psicologa e Psicoterapeuta<\/p><div class='evo_speaker_desc'><p>Laureata in Psicologia a Padova e Specializzata in Psicoterapia a indirizzo Costruttivista, i miei ambiti di intervento clinico sono: ansia, attacchi di panico, depressione e terapia di coppia.<\/p>\n<p>Ho conseguito una formazione avanzata presso la Open Academy of Medicine sulle \u201csindromi funzionali corporee\u201d (psicosomatica). Nel 2020 ho fondato la Community Separarsi Serenamente per le coppie che vogliono affrontare la crisi relazionale con consapevolezza e garantire un benessere psico-affettivo ai figli nonostante le difficolt\u00e0 del momento. Sono autrice di innumerevoli contenuti online sulle relazioni e di un Manuale per iniziare a lavorare sulla propria \u2018rinascita relazionale\u2019.<\/p>\n<p>Insieme capiremo come funzionano le relazioni umane, cosa differenzia una buona relazione da una relazione insoddisfacente e cosa riduce il rischio di rotture e divorzi. Parleremo di comunicazione umana, della capacit\u00e0 di affrontare i problemi, del delicato passaggio da coppia a genitori e di tutte le trasformazioni che richiedono una capacit\u00e0 di cambiamento attivo.<\/p>\n<\/div><p class='evoss_url extra'><em>URL<\/em> <a target='_blank' href='https:\/\/www.separarsiserenamente.it\/'>https:\/\/www.separarsiserenamente.it\/<\/a><\/p>\t\t\t\t\t\t\t\t\t<\/div>\r\n\t\t\t\t\t\t\t\t\t<\/div>\r\n\t\t\t\t\t\t\t\t<\/div>\r\n\t\t\t\t\t\t\t\r\n\t\t\t\t\t\t\t\t\t\t\t\t\t\t\t<p class='evospk_job_title'>Psicologa e Psicoterapeuta<\/p>\r\n\t\t\t\t\t\t\t\t\t\t\t\t\t\t\r\n\t\t\t\t\t\t<\/li>\t\t\t\t\t\r\n\t\t\t\t\t\t\t\t\t\t\r\n\t\t\t\t\t\t<li class=\"evospk_box\">\r\n\t\t\t\t\t\t\t<span class='evospk_img_box'>\r\n\t\t\t\t\t\t\t\t<span class=\"evospk_img\" style='background-image: url(https:\/\/farefamiglia.it\/moowophi\/2022\/12\/monica-300x300.webp)'><\/span>\r\n\t\t\t\t\t\t\t<\/span>\r\n\t\t\t\t\t\t\t<h3 class=\"evo_h3\">Monica Carta<\/h3>\r\n\t\t\t\t\t\t\t\t<div class='evospk_hidden'>\r\n\t\t\t\t\t\t\t\t\t<div class='evoss_speaker_lb'>\r\n\t\t\t\t\t\t\t\t\t<div class=\"evospk_img\">\r\n\t\t\t\t\t\t\t\t\t\t<span style='background-image: url(https:\/\/farefamiglia.it\/moowophi\/2022\/12\/monica-300x300.webp)'><\/span><\/div>\r\n\t\t\t\t\t\t\t\t\t<div class=\"evospk_info\">\r\n\t\t\t\t\t\t\t\t\t\t<h2>Monica Carta<\/h2>\r\n\t\t\t\t\t\t\t\t\t\t<p class='evo_speaker_title'>Avvocato e Mediatrice Familiare<\/p><div class='evo_speaker_desc'><p>Laureata in giurisprudenza presso l\u2019Universit\u00e0 degli Studi di Catania, sono avvocato, mediatrice familiare e sociale e coordinatrice genitoriale.<br \/>\nL\u2019esperienza professionale, accompagnata dallo studio dei processi che regolano le relazioni umane, mi ha sempre pi\u00f9 convinta della complessit\u00e0 delle controversie familiari e delle complesse dinamiche che generano la rottura dei rapporti.<\/p>\n<p>Ed \u00e8 cos\u00ec che, certa dell\u2019importanza di un approccio non esclusivamente legale-giudiziale alla gestione delle controversie, soprattutto quelle riguardanti la famiglia, ho  integrato la mia formazione giuridica conseguendo nel 2018 il master biennale in Mediazione Familiare*, Penale, Penale Minorile e in ambito sanitario-lavorativo, presso l\u2019Associazione Me.Dia.Re. di Torino.<\/p>\n<p>Applicando da diversi anni questo approccio, con ottimi risultati, ho verificato come moltissime situazioni conflittuali, se prese in tempo, possono condurre ad un esito diverso.<\/p>\n<\/div><p class='evo_speaker_social'><a target='_blank' href='https:\/\/www.facebook.com\/monica.carta.94' class='fa fa-facebook'><\/a><\/p>\t\t\t\t\t\t\t\t\t<\/div>\r\n\t\t\t\t\t\t\t\t\t<\/div>\r\n\t\t\t\t\t\t\t\t<\/div>\r\n\t\t\t\t\t\t\t\r\n\t\t\t\t\t\t\t\t\t\t\t\t\t\t\t<p class='evospk_job_title'>Avvocato e Mediatrice Familiare<\/p>\r\n\t\t\t\t\t\t\t\t\t\t\t\t\t\t\r\n\t\t\t\t\t\t<\/li>\t\t\t\t\t\r\n\t\t\t\t\t<\/ul><div class=\"clear\"><\/div><\/div><\/div><\/div><\/div><div class='evocard_row'><div id='event_virtual' class='evocard_box virtual' data-c='' \n\t\t\t\t\tstyle=''>\t\t<div class='evo_metarow_virtual evorow evcal_evdata_row'>\n\t\t\t<span class='evcal_evdata_icons'><i class='fa fa-globe'><\/i><\/span>\n\t\t\t<div class='evcal_evdata_cell'>\n\t\t\t\t<h3 class='evo_h3'>\u200eDettagli dell&#039;evento virtuale\u200e<\/h3>\n\t\t\t\t\n\t\t\t\t\t\t\t\t\n\t\t\t\t<div class='evo_vir_pre_content' style='padding-bottom: 10px;'>\n\t\t\t\t\t\t\t\t\t\t\t\n\t\t\t\t<\/div>\t\t\t\n\t\t\t\t\n\t\t\t\t\t\t\t\t\n\t\t\t\t\t\t\t\t\n\t\t\t\t\t\t\t\t\t\n\t\t\t\t\n\t\t\t\t<div class='evo_vir_post_content'><p class='evo_vir_past_content'>\u200eL&#039;evento ha gi\u00e0 avuto luogo\u200e!<\/p><\/div>\t\t\t\t\n\t\t\t\t\t\t\t\t<div class='evo_vir_data evo_refresh_on_heartbeat' data-key=\"evo_vir_data\" data-refresh=\"1\" data-single=\"n\" data-stage=\"post\" data-refresh_main=\"y\" data-vir_type=\"zoom\" data-mod_joined=\"left\" data-ismod=\"n\" data-check_awaitmod=\"1\" ><\/div>\n\n\t\t\t\t\t\t\t\t\n\t\t\t<\/div>\n\t\t<\/div>\n\n\t\t<\/div><\/div><div class='evocard_row'><div id='event_addtocal' class='evocard_box addtocal' data-c='' \n\t\t\t\t\tstyle=''><div class='evo_metarow_ICS evorow evcal_evdata_row'>\n\t\t\t\t\t\t\t\t\t<span class='evcal_evdata_icons'><i class='fa fa-calendar-o'><\/i><\/span>\n\t\t\t\t\t\t\t\t\t<div class='evcal_evdata_cell'>\n\t\t\t\t\t\t\t\t\t\t<p><a href='\/\/www.google.com\/calendar\/event?action=TEMPLATE&amp;text=Corso+di+preparazione+alla+genitorialit%C3%A0&amp;dates=20230610T073000Z\/20230611T073000Z&amp;ctz=Europe\/Berlin&amp;details=Corso+di+preparazione+alla+genitorialit%C3%A0&amp;location=' target='_blank' class='evo_ics_gCal' title='Aggiungi al tuo Calendario Google'>Aggiungi al Calendario Google<\/a><\/p>\t\n\t\t\t\t\t\t\t\t\t<\/div>\n\t\t\t\t\t\t\t\t<\/div><\/div><\/div><div class='evocard_row'><div id='event_evosocial' class='evocard_box evosocial' data-c='' \n\t\t\t\t\tstyle=''><div class='evo_metarow_socialmedia evcal_evdata_row '><div class='evo_sm FacebookShare'><a class=\" evo_ss\" target=\"_blank\" onclick=\"javascript:window.open(this.href, '', 'left=50,top=50,width=600,height=350,toolbar=0');return false;\"\r\n\t\t\t\t\t\thref=\"\/\/www.facebook.com\/sharer.php?u=https%3A%2F%2Ffarefamiglia.it%2Fevents%2Fcorso-di-preparazione-alla-genitorialita%2F\" title=\"Condividi su Facebook\"><i class=\"fa fab fa-facebook\"><\/i><\/a><\/div><div class='evo_sm LinkedIn'><a class=\"li evo_ss\" href=\"\/\/www.linkedin.com\/shareArticle?mini=true&#038;url=https%3A%2F%2Ffarefamiglia.it%2Fevents%2Fcorso-di-preparazione-alla-genitorialita%2F&#038;title=Corso%20di%20preparazione%20alla%20genitorialit%C3%A0&#038;summary=\" target=\"_blank\" title=\"Condividi su Linkedin\"><i class=\"fa fab fa-linkedin\"><\/i><\/a><\/div><div class='evo_sm copy'><a class=\"copy evo_ss\" data-l=\"https%3A%2F%2Ffarefamiglia.it%2Fevents%2Fcorso-di-preparazione-alla-genitorialita%2F\" data-t=\"Event Link Copied to Clipboard!\" title=\"Copy Link\"><i class=\"fa fa-copy\"><\/i><\/a><\/div><div class='evo_sm EmailShare'><a class=\"em evo_ss\" href=\"mailto:?subject=Corso%20di%20preparazione%20alla%20genitorialit%C3%A0&#038;body=Nome dell&#039;evento: Corso%20di%20preparazione%20alla%20genitorialit%C3%A0%0AData Evento: Giugno 10, 2023 9:30 Am - Giugno 11, 2023 9:30 Am%0ALink: https%3A%2F%2Ffarefamiglia.it%2Fevents%2Fcorso-di-preparazione-alla-genitorialita%2F%0A\" target=\"_blank\"><i class=\"fa fa-envelope\"><\/i><\/a><\/div><\/div><\/div><\/div><div class='evo_card_row_end evcal_close' title='Testo per il pulsante chiudi evento\u200e'><\/div><\/div><div class='clear end'><\/div><\/div><\/div><\/div>\t\t\t\t\t\t<\/div>\n\t\t\t\t<\/div>\n\t\t\t\t\t<\/div>\n\t\t<\/div>\n\t\t\t\t<div class=\"elementor-column elementor-col-33 elementor-inner-column elementor-element elementor-element-fd4cb36\" data-id=\"fd4cb36\" data-element_type=\"column\" data-settings=\"{&quot;background_background&quot;:&quot;classic&quot;}\">\n\t\t\t<div class=\"elementor-widget-wrap elementor-element-populated\">\n\t\t\t\t\t\t\t\t<div class=\"elementor-element elementor-element-ad10b8d elementor-widget elementor-widget-text-editor\" data-id=\"ad10b8d\" data-element_type=\"widget\" data-widget_type=\"text-editor.default\">\n\t\t\t\t<div class=\"elementor-widget-container\">\n\t\t\t\t\t\t\t<img loading=\"lazy\" decoding=\"async\" class=\"alignnone size-full wp-image-64\" src=\"https:\/\/farefamiglia.it\/moowophi\/2022\/12\/coppia_in_crisi-2.webp\" alt=\"\" width=\"86\" height=\"80\" \/>\n<h5><span style=\"color: #000;\">PREPARAZIONE ALLA GENITORIALIT\u00c0<\/span><\/h5>\n<span style=\"font-weight: 400;\">Desiderare o aspettare un figlio pu\u00f2 indurre a sottovalutare le conseguenze di divergenze educative o difficolt\u00e0 organizzative. Molte coppie si trovano, cos\u00ec, impreparate a gestire una realt\u00e0 che pu\u00f2 essere molto diversa dalle loro aspettative, con effetti anche sul loro rapporto oltre che sui figli.\nIl nostro corso base offre gli strumenti per cominciare ad affrontare consapevolmente le sfide legate alla genitorialit\u00e0, salvaguardare il rapporto ed imparare a gestire correttamente gli inevitabili sani conflitti <\/span>\t\t\t\t\t\t<\/div>\n\t\t\t\t<\/div>\n\t\t\t\t<div class=\"elementor-element elementor-element-9a0ef79 elementor-widget elementor-widget-text-editor\" data-id=\"9a0ef79\" data-element_type=\"widget\" data-widget_type=\"text-editor.default\">\n\t\t\t\t<div class=\"elementor-widget-container\">\n\t\t\t\t\t\t\t<span style=\"font-weight: 400;\">Clicca sull&#8217;evento per registrarti<\/span>\t\t\t\t\t\t<\/div>\n\t\t\t\t<\/div>\n\t\t\t\t\t<\/div>\n\t\t<\/div>\n\t\t\t\t\t\t\t<\/div>\n\t\t<\/section>\n\t\t\t\t\t<\/div>\n\t\t<\/div>\n\t\t\t\t\t\t\t<\/div>\n\t\t<\/section>\n\t\t\t\t<section class=\"elementor-section elementor-top-section elementor-element elementor-element-5d12fc35 elementor-section-full_width elementor-section-stretched elementor-section-height-default elementor-section-height-default\" data-id=\"5d12fc35\" data-element_type=\"section\" data-settings=\"{&quot;stretch_section&quot;:&quot;section-stretched&quot;,&quot;background_background&quot;:&quot;classic&quot;}\">\n\t\t\t\t\t\t<div class=\"elementor-container elementor-column-gap-wider\">\n\t\t\t\t\t<div class=\"elementor-column elementor-col-100 elementor-top-column elementor-element elementor-element-2d1590e0\" data-id=\"2d1590e0\" data-element_type=\"column\" data-settings=\"{&quot;background_background&quot;:&quot;classic&quot;}\">\n\t\t\t<div class=\"elementor-widget-wrap elementor-element-populated\">\n\t\t\t\t\t\t\t\t<section class=\"elementor-section elementor-inner-section elementor-element elementor-element-271620fe elementor-section-full_width elementor-section-height-default elementor-section-height-default\" data-id=\"271620fe\" data-element_type=\"section\" data-settings=\"{&quot;background_background&quot;:&quot;classic&quot;}\">\n\t\t\t\t\t\t<div class=\"elementor-container elementor-column-gap-default\">\n\t\t\t\t\t<div class=\"elementor-column elementor-col-50 elementor-inner-column elementor-element elementor-element-2cdee0ed\" data-id=\"2cdee0ed\" data-element_type=\"column\">\n\t\t\t<div class=\"elementor-widget-wrap elementor-element-populated\">\n\t\t\t\t\t\t\t\t<div class=\"elementor-element elementor-element-71084303 elementor-widget elementor-widget-image\" data-id=\"71084303\" data-element_type=\"widget\" data-widget_type=\"image.default\">\n\t\t\t\t<div class=\"elementor-widget-container\">\n\t\t\t\t\t\t\t\t\t\t\t\t\t\t\t<img loading=\"lazy\" decoding=\"async\" width=\"780\" height=\"802\" src=\"https:\/\/farefamiglia.it\/moowophi\/2022\/12\/ragazza_perplessa.webp\" class=\"attachment-full size-full wp-image-258\" alt=\"\" srcset=\"https:\/\/farefamiglia.it\/moowophi\/2022\/12\/ragazza_perplessa.webp 780w, https:\/\/farefamiglia.it\/moowophi\/2022\/12\/ragazza_perplessa-600x617.webp 600w, https:\/\/farefamiglia.it\/moowophi\/2022\/12\/ragazza_perplessa-292x300.webp 292w, https:\/\/farefamiglia.it\/moowophi\/2022\/12\/ragazza_perplessa-768x790.webp 768w, https:\/\/farefamiglia.it\/moowophi\/2022\/12\/ragazza_perplessa-142x146.webp 142w, https:\/\/farefamiglia.it\/moowophi\/2022\/12\/ragazza_perplessa-50x50.webp 50w, https:\/\/farefamiglia.it\/moowophi\/2022\/12\/ragazza_perplessa-73x75.webp 73w\" sizes=\"auto, (max-width:767px) 480px, (max-width:780px) 100vw, 780px\" \/>\t\t\t\t\t\t\t\t\t\t\t\t\t\t\t<\/div>\n\t\t\t\t<\/div>\n\t\t\t\t\t<\/div>\n\t\t<\/div>\n\t\t\t\t<div class=\"elementor-column elementor-col-50 elementor-inner-column elementor-element elementor-element-45683d20\" data-id=\"45683d20\" data-element_type=\"column\">\n\t\t\t<div class=\"elementor-widget-wrap elementor-element-populated\">\n\t\t\t\t\t\t\t\t<div class=\"elementor-element elementor-element-b998e7a elementor-widget elementor-widget-text-editor\" data-id=\"b998e7a\" data-element_type=\"widget\" data-widget_type=\"text-editor.default\">\n\t\t\t\t<div class=\"elementor-widget-container\">\n\t\t\t\t\t\t\t<h2><span style=\"color: #000000;\">Hai bisogno di ulteriori chiarimenti?<\/span><\/h2>\t\t\t\t\t\t<\/div>\n\t\t\t\t<\/div>\n\t\t\t\t<div class=\"elementor-element elementor-element-6c95f385 elementor-widget elementor-widget-text-editor\" data-id=\"6c95f385\" data-element_type=\"widget\" data-widget_type=\"text-editor.default\">\n\t\t\t\t<div class=\"elementor-widget-container\">\n\t\t\t\t\t\t\t<span style=\"color: #000000;\">Se dopo aver letto le pagine del nostro sito, hai bisogno di ulteriori chiarimenti e supporto, non esitare a contattarci.<\/span>\t\t\t\t\t\t<\/div>\n\t\t\t\t<\/div>\n\t\t\t\t<div class=\"elementor-element elementor-element-2d9177cb elementor-widget elementor-widget-spacer\" data-id=\"2d9177cb\" data-element_type=\"widget\" data-widget_type=\"spacer.default\">\n\t\t\t\t<div class=\"elementor-widget-container\">\n\t\t\t\t\t<div class=\"elementor-spacer\">\n\t\t\t<div class=\"elementor-spacer-inner\"><\/div>\n\t\t<\/div>\n\t\t\t\t<\/div>\n\t\t\t\t<\/div>\n\t\t\t\t<div class=\"elementor-element elementor-element-1bfb3fed elementor-widget elementor-widget-text-editor\" data-id=\"1bfb3fed\" data-element_type=\"widget\" data-widget_type=\"text-editor.default\">\n\t\t\t\t<div class=\"elementor-widget-container\">\n\t\t\t\t\t\t\t<h3 style=\"color: #000000;\">Conttta la nostra segreteria<\/h3>\n<h2><span style=\"color: #13d5ff;\">+39 339 536 1016<\/span><\/h2>\t\t\t\t\t\t<\/div>\n\t\t\t\t<\/div>\n\t\t\t\t\t<\/div>\n\t\t<\/div>\n\t\t\t\t\t\t\t<\/div>\n\t\t<\/section>\n\t\t\t\t\t<\/div>\n\t\t<\/div>\n\t\t\t\t\t\t\t<\/div>\n\t\t<\/section>\n\t\t\t\t<section class=\"elementor-section elementor-top-section elementor-element elementor-element-2ad834a4 elementor-section-stretched elementor-section-boxed elementor-section-height-default elementor-section-height-default\" data-id=\"2ad834a4\" data-element_type=\"section\" data-settings=\"{&quot;stretch_section&quot;:&quot;section-stretched&quot;,&quot;background_background&quot;:&quot;classic&quot;}\">\n\t\t\t\t\t\t<div class=\"elementor-container elementor-column-gap-wider\">\n\t\t\t\t\t<div class=\"elementor-column elementor-col-100 elementor-top-column elementor-element elementor-element-442ecc0\" data-id=\"442ecc0\" data-element_type=\"column\">\n\t\t\t<div class=\"elementor-widget-wrap elementor-element-populated\">\n\t\t\t\t\t\t\t\t<div class=\"elementor-element elementor-element-57d69be5 elementor-widget elementor-widget-menu-anchor\" data-id=\"57d69be5\" data-element_type=\"widget\" data-widget_type=\"menu-anchor.default\">\n\t\t\t\t<div class=\"elementor-widget-container\">\n\t\t\t\t\t<div id=\"eventi-on-line\" class=\"elementor-menu-anchor\"><\/div>\n\t\t\t\t<\/div>\n\t\t\t\t<\/div>\n\t\t\t\t<section class=\"elementor-section elementor-inner-section elementor-element elementor-element-23cd5dc elementor-section-boxed elementor-section-height-default elementor-section-height-default\" data-id=\"23cd5dc\" data-element_type=\"section\">\n\t\t\t\t\t\t<div class=\"elementor-container elementor-column-gap-default\">\n\t\t\t\t\t<div class=\"elementor-column elementor-col-100 elementor-inner-column elementor-element elementor-element-21807440\" data-id=\"21807440\" data-element_type=\"column\">\n\t\t\t<div class=\"elementor-widget-wrap elementor-element-populated\">\n\t\t\t\t\t\t\t\t<div class=\"elementor-element elementor-element-3fcc7118 elementor-widget elementor-widget-text-editor\" data-id=\"3fcc7118\" data-element_type=\"widget\" data-widget_type=\"text-editor.default\">\n\t\t\t\t<div class=\"elementor-widget-container\">\n\t\t\t\t\t\t\t<h2>Come seguire i nostri eventi<\/h2>\n<h2><span style=\"color: #13d5ff;\">ON-Line<\/span><\/h2>\t\t\t\t\t\t<\/div>\n\t\t\t\t<\/div>\n\t\t\t\t\t<\/div>\n\t\t<\/div>\n\t\t\t\t\t\t\t<\/div>\n\t\t<\/section>\n\t\t\t\t<section class=\"elementor-section elementor-inner-section elementor-element elementor-element-1b5e49f0 elementor-section-boxed elementor-section-height-default elementor-section-height-default\" data-id=\"1b5e49f0\" data-element_type=\"section\">\n\t\t\t\t\t\t<div class=\"elementor-container elementor-column-gap-default\">\n\t\t\t\t\t<div class=\"elementor-column elementor-col-100 elementor-inner-column elementor-element elementor-element-68578b3d\" data-id=\"68578b3d\" data-element_type=\"column\">\n\t\t\t<div class=\"elementor-widget-wrap elementor-element-populated\">\n\t\t\t\t\t\t\t\t<div class=\"elementor-element elementor-element-1ab2976b elementor-widget elementor-widget-spacer\" data-id=\"1ab2976b\" data-element_type=\"widget\" data-widget_type=\"spacer.default\">\n\t\t\t\t<div class=\"elementor-widget-container\">\n\t\t\t\t\t<div class=\"elementor-spacer\">\n\t\t\t<div class=\"elementor-spacer-inner\"><\/div>\n\t\t<\/div>\n\t\t\t\t<\/div>\n\t\t\t\t<\/div>\n\t\t\t\t\t<\/div>\n\t\t<\/div>\n\t\t\t\t\t\t\t<\/div>\n\t\t<\/section>\n\t\t\t\t<section class=\"elementor-section elementor-inner-section elementor-element elementor-element-25635eac elementor-section-boxed elementor-section-height-default elementor-section-height-default\" data-id=\"25635eac\" data-element_type=\"section\">\n\t\t\t\t\t\t<div class=\"elementor-container elementor-column-gap-default\">\n\t\t\t\t\t<div class=\"elementor-column elementor-col-25 elementor-inner-column elementor-element elementor-element-50dacee1\" data-id=\"50dacee1\" data-element_type=\"column\">\n\t\t\t<div class=\"elementor-widget-wrap elementor-element-populated\">\n\t\t\t\t\t\t\t\t<div class=\"elementor-element elementor-element-337dfec6 elementor-widget elementor-widget-spacer\" data-id=\"337dfec6\" data-element_type=\"widget\" data-widget_type=\"spacer.default\">\n\t\t\t\t<div class=\"elementor-widget-container\">\n\t\t\t\t\t<div class=\"elementor-spacer\">\n\t\t\t<div class=\"elementor-spacer-inner\"><\/div>\n\t\t<\/div>\n\t\t\t\t<\/div>\n\t\t\t\t<\/div>\n\t\t\t\t<div class=\"elementor-element elementor-element-85dc05d elementor-widget elementor-widget-image\" data-id=\"85dc05d\" data-element_type=\"widget\" data-widget_type=\"image.default\">\n\t\t\t\t<div class=\"elementor-widget-container\">\n\t\t\t\t\t\t\t\t\t\t\t\t\t\t\t<img loading=\"lazy\" decoding=\"async\" width=\"77\" height=\"58\" src=\"https:\/\/farefamiglia.it\/moowophi\/2022\/12\/event6-events-number1.png\" class=\"attachment-full size-full wp-image-259\" alt=\"\" srcset=\"https:\/\/farefamiglia.it\/moowophi\/2022\/12\/event6-events-number1.png 77w, https:\/\/farefamiglia.it\/moowophi\/2022\/12\/event6-events-number1-50x38.png 50w\" sizes=\"auto, (max-width:767px) 77px, 77px\" \/>\t\t\t\t\t\t\t\t\t\t\t\t\t\t\t<\/div>\n\t\t\t\t<\/div>\n\t\t\t\t<div class=\"elementor-element elementor-element-1fa4ec17 elementor-widget elementor-widget-text-editor\" data-id=\"1fa4ec17\" data-element_type=\"widget\" data-widget_type=\"text-editor.default\">\n\t\t\t\t<div class=\"elementor-widget-container\">\n\t\t\t\t\t\t\t<h5><span style=\"color: #13d5ff;\">ACQUISTA IL TICKET <\/span><\/h5>\t\t\t\t\t\t<\/div>\n\t\t\t\t<\/div>\n\t\t\t\t<div class=\"elementor-element elementor-element-73d23ec8 elementor-widget elementor-widget-text-editor\" data-id=\"73d23ec8\" data-element_type=\"widget\" data-widget_type=\"text-editor.default\">\n\t\t\t\t<div class=\"elementor-widget-container\">\n\t\t\t\t\t\t\tDopo aver comperato il ticket, riceverai un&#8217;E-mail con i dati per connetterti\t\t\t\t\t\t<\/div>\n\t\t\t\t<\/div>\n\t\t\t\t<div class=\"elementor-element elementor-element-3a990d37 elementor-widget elementor-widget-spacer\" data-id=\"3a990d37\" data-element_type=\"widget\" data-widget_type=\"spacer.default\">\n\t\t\t\t<div class=\"elementor-widget-container\">\n\t\t\t\t\t<div class=\"elementor-spacer\">\n\t\t\t<div class=\"elementor-spacer-inner\"><\/div>\n\t\t<\/div>\n\t\t\t\t<\/div>\n\t\t\t\t<\/div>\n\t\t\t\t\t<\/div>\n\t\t<\/div>\n\t\t\t\t<div class=\"elementor-column elementor-col-25 elementor-inner-column elementor-element elementor-element-4d2ceeb5\" data-id=\"4d2ceeb5\" data-element_type=\"column\">\n\t\t\t<div class=\"elementor-widget-wrap elementor-element-populated\">\n\t\t\t\t\t\t\t\t<div class=\"elementor-element elementor-element-5af8ae0b elementor-widget elementor-widget-spacer\" data-id=\"5af8ae0b\" data-element_type=\"widget\" data-widget_type=\"spacer.default\">\n\t\t\t\t<div class=\"elementor-widget-container\">\n\t\t\t\t\t<div class=\"elementor-spacer\">\n\t\t\t<div class=\"elementor-spacer-inner\"><\/div>\n\t\t<\/div>\n\t\t\t\t<\/div>\n\t\t\t\t<\/div>\n\t\t\t\t<div class=\"elementor-element elementor-element-31f527ad elementor-widget elementor-widget-image\" data-id=\"31f527ad\" data-element_type=\"widget\" data-widget_type=\"image.default\">\n\t\t\t\t<div class=\"elementor-widget-container\">\n\t\t\t\t\t\t\t\t\t\t\t\t\t\t\t<img loading=\"lazy\" decoding=\"async\" width=\"91\" height=\"58\" src=\"https:\/\/farefamiglia.it\/moowophi\/2022\/12\/event6-events-number2.png\" class=\"attachment-full size-full wp-image-260\" alt=\"\" srcset=\"https:\/\/farefamiglia.it\/moowophi\/2022\/12\/event6-events-number2.png 91w, https:\/\/farefamiglia.it\/moowophi\/2022\/12\/event6-events-number2-50x32.png 50w\" sizes=\"auto, (max-width:767px) 91px, 91px\" \/>\t\t\t\t\t\t\t\t\t\t\t\t\t\t\t<\/div>\n\t\t\t\t<\/div>\n\t\t\t\t<div class=\"elementor-element elementor-element-3ec72bb5 elementor-widget elementor-widget-text-editor\" data-id=\"3ec72bb5\" data-element_type=\"widget\" data-widget_type=\"text-editor.default\">\n\t\t\t\t<div class=\"elementor-widget-container\">\n\t\t\t\t\t\t\t<h5><span style=\"color: #13d5ff;\">ATTIVA ZOOM<\/span><\/h5>\t\t\t\t\t\t<\/div>\n\t\t\t\t<\/div>\n\t\t\t\t<div class=\"elementor-element elementor-element-469d9bec elementor-widget elementor-widget-text-editor\" data-id=\"469d9bec\" data-element_type=\"widget\" data-widget_type=\"text-editor.default\">\n\t\t\t\t<div class=\"elementor-widget-container\">\n\t\t\t\t\t\t\tSe non lo hai gi\u00e0, installa ZOOM sul tuo dispositivo\t\t\t\t\t\t<\/div>\n\t\t\t\t<\/div>\n\t\t\t\t<div class=\"elementor-element elementor-element-17b38c81 elementor-widget elementor-widget-spacer\" data-id=\"17b38c81\" data-element_type=\"widget\" data-widget_type=\"spacer.default\">\n\t\t\t\t<div class=\"elementor-widget-container\">\n\t\t\t\t\t<div class=\"elementor-spacer\">\n\t\t\t<div class=\"elementor-spacer-inner\"><\/div>\n\t\t<\/div>\n\t\t\t\t<\/div>\n\t\t\t\t<\/div>\n\t\t\t\t\t<\/div>\n\t\t<\/div>\n\t\t\t\t<div class=\"elementor-column elementor-col-25 elementor-inner-column elementor-element elementor-element-760da69f\" data-id=\"760da69f\" data-element_type=\"column\">\n\t\t\t<div class=\"elementor-widget-wrap elementor-element-populated\">\n\t\t\t\t\t\t\t\t<div class=\"elementor-element elementor-element-51e9119 elementor-widget elementor-widget-spacer\" data-id=\"51e9119\" data-element_type=\"widget\" data-widget_type=\"spacer.default\">\n\t\t\t\t<div class=\"elementor-widget-container\">\n\t\t\t\t\t<div class=\"elementor-spacer\">\n\t\t\t<div class=\"elementor-spacer-inner\"><\/div>\n\t\t<\/div>\n\t\t\t\t<\/div>\n\t\t\t\t<\/div>\n\t\t\t\t<div class=\"elementor-element elementor-element-404a18d3 elementor-widget elementor-widget-image\" data-id=\"404a18d3\" data-element_type=\"widget\" data-widget_type=\"image.default\">\n\t\t\t\t<div class=\"elementor-widget-container\">\n\t\t\t\t\t\t\t\t\t\t\t\t\t\t\t<img loading=\"lazy\" decoding=\"async\" width=\"92\" height=\"58\" src=\"https:\/\/farefamiglia.it\/moowophi\/2022\/12\/event6-events-number3.png\" class=\"attachment-full size-full wp-image-261\" alt=\"\" srcset=\"https:\/\/farefamiglia.it\/moowophi\/2022\/12\/event6-events-number3.png 92w, https:\/\/farefamiglia.it\/moowophi\/2022\/12\/event6-events-number3-50x32.png 50w\" sizes=\"auto, (max-width:767px) 92px, 92px\" \/>\t\t\t\t\t\t\t\t\t\t\t\t\t\t\t<\/div>\n\t\t\t\t<\/div>\n\t\t\t\t<div class=\"elementor-element elementor-element-2d8e85c8 elementor-widget elementor-widget-text-editor\" data-id=\"2d8e85c8\" data-element_type=\"widget\" data-widget_type=\"text-editor.default\">\n\t\t\t\t<div class=\"elementor-widget-container\">\n\t\t\t\t\t\t\t<h5><span style=\"color: #13d5ff;\">ATTENDI DATA E ORA DELL&#8217;EVENTO<\/span><\/h5>\t\t\t\t\t\t<\/div>\n\t\t\t\t<\/div>\n\t\t\t\t<div class=\"elementor-element elementor-element-26c20bb9 elementor-widget elementor-widget-text-editor\" data-id=\"26c20bb9\" data-element_type=\"widget\" data-widget_type=\"text-editor.default\">\n\t\t\t\t<div class=\"elementor-widget-container\">\n\t\t\t\t\t\t\tLa data e l&#8217;ora dell&#8217;evento sono indicate nell&#8217;E-Mail che riceverai comperando il ticket. Nell&#8217;eventualit\u00e0 di rinvio, sarai contattato\t\t\t\t\t\t<\/div>\n\t\t\t\t<\/div>\n\t\t\t\t<div class=\"elementor-element elementor-element-4f75739e elementor-widget elementor-widget-spacer\" data-id=\"4f75739e\" data-element_type=\"widget\" data-widget_type=\"spacer.default\">\n\t\t\t\t<div class=\"elementor-widget-container\">\n\t\t\t\t\t<div class=\"elementor-spacer\">\n\t\t\t<div class=\"elementor-spacer-inner\"><\/div>\n\t\t<\/div>\n\t\t\t\t<\/div>\n\t\t\t\t<\/div>\n\t\t\t\t\t<\/div>\n\t\t<\/div>\n\t\t\t\t<div class=\"elementor-column elementor-col-25 elementor-inner-column elementor-element elementor-element-19d05f88\" data-id=\"19d05f88\" data-element_type=\"column\">\n\t\t\t<div class=\"elementor-widget-wrap elementor-element-populated\">\n\t\t\t\t\t\t\t\t<div class=\"elementor-element elementor-element-59dbbbae elementor-widget elementor-widget-spacer\" data-id=\"59dbbbae\" data-element_type=\"widget\" data-widget_type=\"spacer.default\">\n\t\t\t\t<div class=\"elementor-widget-container\">\n\t\t\t\t\t<div class=\"elementor-spacer\">\n\t\t\t<div class=\"elementor-spacer-inner\"><\/div>\n\t\t<\/div>\n\t\t\t\t<\/div>\n\t\t\t\t<\/div>\n\t\t\t\t<div class=\"elementor-element elementor-element-6214ec53 elementor-widget elementor-widget-image\" data-id=\"6214ec53\" data-element_type=\"widget\" data-widget_type=\"image.default\">\n\t\t\t\t<div class=\"elementor-widget-container\">\n\t\t\t\t\t\t\t\t\t\t\t\t\t\t\t<img loading=\"lazy\" decoding=\"async\" width=\"95\" height=\"58\" src=\"https:\/\/farefamiglia.it\/moowophi\/2022\/12\/event6-events-number4.png\" class=\"attachment-full size-full wp-image-262\" alt=\"\" srcset=\"https:\/\/farefamiglia.it\/moowophi\/2022\/12\/event6-events-number4.png 95w, https:\/\/farefamiglia.it\/moowophi\/2022\/12\/event6-events-number4-50x31.png 50w\" sizes=\"auto, (max-width:767px) 95px, 95px\" \/>\t\t\t\t\t\t\t\t\t\t\t\t\t\t\t<\/div>\n\t\t\t\t<\/div>\n\t\t\t\t<div class=\"elementor-element elementor-element-13c61f21 elementor-widget elementor-widget-text-editor\" data-id=\"13c61f21\" data-element_type=\"widget\" data-widget_type=\"text-editor.default\">\n\t\t\t\t<div class=\"elementor-widget-container\">\n\t\t\t\t\t\t\t<h5><span style=\"color: #13d5ff;\">COLLEGATI E SEGUI<\/span><\/h5>\t\t\t\t\t\t<\/div>\n\t\t\t\t<\/div>\n\t\t\t\t<div class=\"elementor-element elementor-element-104705ed elementor-widget elementor-widget-text-editor\" data-id=\"104705ed\" data-element_type=\"widget\" data-widget_type=\"text-editor.default\">\n\t\t\t\t<div class=\"elementor-widget-container\">\n\t\t\t\t\t\t\tSuggeriamo di avviare ZOOM almeno 15 min prima dell&#8217;evento, dopo aver verificato che la configurazione funzioni correttamente\t\t\t\t\t\t<\/div>\n\t\t\t\t<\/div>\n\t\t\t\t<div class=\"elementor-element elementor-element-3ea2f876 elementor-widget elementor-widget-spacer\" data-id=\"3ea2f876\" data-element_type=\"widget\" data-widget_type=\"spacer.default\">\n\t\t\t\t<div class=\"elementor-widget-container\">\n\t\t\t\t\t<div class=\"elementor-spacer\">\n\t\t\t<div class=\"elementor-spacer-inner\"><\/div>\n\t\t<\/div>\n\t\t\t\t<\/div>\n\t\t\t\t<\/div>\n\t\t\t\t\t<\/div>\n\t\t<\/div>\n\t\t\t\t\t\t\t<\/div>\n\t\t<\/section>\n\t\t\t\t<section class=\"elementor-section elementor-inner-section elementor-element elementor-element-25a918bb elementor-section-boxed elementor-section-height-default elementor-section-height-default\" data-id=\"25a918bb\" data-element_type=\"section\">\n\t\t\t\t\t\t<div class=\"elementor-container elementor-column-gap-default\">\n\t\t\t\t\t<div class=\"elementor-column elementor-col-100 elementor-inner-column elementor-element elementor-element-4a97340b\" data-id=\"4a97340b\" data-element_type=\"column\">\n\t\t\t<div class=\"elementor-widget-wrap elementor-element-populated\">\n\t\t\t\t\t\t\t\t<div class=\"elementor-element elementor-element-7b5ffe06 elementor-widget elementor-widget-menu-anchor\" data-id=\"7b5ffe06\" data-element_type=\"widget\" data-widget_type=\"menu-anchor.default\">\n\t\t\t\t<div class=\"elementor-widget-container\">\n\t\t\t\t\t<div id=\"eventi-live\" class=\"elementor-menu-anchor\"><\/div>\n\t\t\t\t<\/div>\n\t\t\t\t<\/div>\n\t\t\t\t<div class=\"elementor-element elementor-element-4226e69f elementor-widget elementor-widget-spacer\" data-id=\"4226e69f\" data-element_type=\"widget\" data-widget_type=\"spacer.default\">\n\t\t\t\t<div class=\"elementor-widget-container\">\n\t\t\t\t\t<div class=\"elementor-spacer\">\n\t\t\t<div class=\"elementor-spacer-inner\"><\/div>\n\t\t<\/div>\n\t\t\t\t<\/div>\n\t\t\t\t<\/div>\n\t\t\t\t<div class=\"elementor-element elementor-element-83170e2 elementor-widget elementor-widget-text-editor\" data-id=\"83170e2\" data-element_type=\"widget\" data-widget_type=\"text-editor.default\">\n\t\t\t\t<div class=\"elementor-widget-container\">\n\t\t\t\t\t\t\t<h2>Come seguire i nostri eventi<\/h2>\n<h2><span style=\"color: #13d5ff;\">Live<\/span><\/h2>\t\t\t\t\t\t<\/div>\n\t\t\t\t<\/div>\n\t\t\t\t\t<\/div>\n\t\t<\/div>\n\t\t\t\t\t\t\t<\/div>\n\t\t<\/section>\n\t\t\t\t<section class=\"elementor-section elementor-inner-section elementor-element elementor-element-20ec8b08 elementor-section-boxed elementor-section-height-default elementor-section-height-default\" data-id=\"20ec8b08\" data-element_type=\"section\">\n\t\t\t\t\t\t<div class=\"elementor-container elementor-column-gap-default\">\n\t\t\t\t\t<div class=\"elementor-column elementor-col-100 elementor-inner-column elementor-element elementor-element-295a418d\" data-id=\"295a418d\" data-element_type=\"column\">\n\t\t\t<div class=\"elementor-widget-wrap elementor-element-populated\">\n\t\t\t\t\t\t\t\t<div class=\"elementor-element elementor-element-688cb26a elementor-widget elementor-widget-spacer\" data-id=\"688cb26a\" data-element_type=\"widget\" data-widget_type=\"spacer.default\">\n\t\t\t\t<div class=\"elementor-widget-container\">\n\t\t\t\t\t<div class=\"elementor-spacer\">\n\t\t\t<div class=\"elementor-spacer-inner\"><\/div>\n\t\t<\/div>\n\t\t\t\t<\/div>\n\t\t\t\t<\/div>\n\t\t\t\t\t<\/div>\n\t\t<\/div>\n\t\t\t\t\t\t\t<\/div>\n\t\t<\/section>\n\t\t\t\t<section class=\"elementor-section elementor-inner-section elementor-element elementor-element-47d5b6 elementor-section-boxed elementor-section-height-default elementor-section-height-default\" data-id=\"47d5b6\" data-element_type=\"section\">\n\t\t\t\t\t\t<div class=\"elementor-container elementor-column-gap-default\">\n\t\t\t\t\t<div class=\"elementor-column elementor-col-25 elementor-inner-column elementor-element elementor-element-366cd92b\" data-id=\"366cd92b\" data-element_type=\"column\">\n\t\t\t<div class=\"elementor-widget-wrap elementor-element-populated\">\n\t\t\t\t\t\t\t\t<div class=\"elementor-element elementor-element-7b032ef2 elementor-widget elementor-widget-spacer\" data-id=\"7b032ef2\" data-element_type=\"widget\" data-widget_type=\"spacer.default\">\n\t\t\t\t<div class=\"elementor-widget-container\">\n\t\t\t\t\t<div class=\"elementor-spacer\">\n\t\t\t<div class=\"elementor-spacer-inner\"><\/div>\n\t\t<\/div>\n\t\t\t\t<\/div>\n\t\t\t\t<\/div>\n\t\t\t\t<div class=\"elementor-element elementor-element-39e77a06 elementor-widget elementor-widget-image\" data-id=\"39e77a06\" data-element_type=\"widget\" data-widget_type=\"image.default\">\n\t\t\t\t<div class=\"elementor-widget-container\">\n\t\t\t\t\t\t\t\t\t\t\t\t\t\t\t<img loading=\"lazy\" decoding=\"async\" width=\"77\" height=\"58\" src=\"https:\/\/farefamiglia.it\/moowophi\/2022\/12\/event6-events-number1.png\" class=\"attachment-full size-full wp-image-259\" alt=\"\" srcset=\"https:\/\/farefamiglia.it\/moowophi\/2022\/12\/event6-events-number1.png 77w, https:\/\/farefamiglia.it\/moowophi\/2022\/12\/event6-events-number1-50x38.png 50w\" sizes=\"auto, (max-width:767px) 77px, 77px\" \/>\t\t\t\t\t\t\t\t\t\t\t\t\t\t\t<\/div>\n\t\t\t\t<\/div>\n\t\t\t\t<div class=\"elementor-element elementor-element-59ca390a elementor-widget elementor-widget-text-editor\" data-id=\"59ca390a\" data-element_type=\"widget\" data-widget_type=\"text-editor.default\">\n\t\t\t\t<div class=\"elementor-widget-container\">\n\t\t\t\t\t\t\t<h5><span style=\"color: #13d5ff;\">ACQUISTA IL TICKET <\/span><\/h5>\t\t\t\t\t\t<\/div>\n\t\t\t\t<\/div>\n\t\t\t\t<div class=\"elementor-element elementor-element-6d260eb2 elementor-widget elementor-widget-text-editor\" data-id=\"6d260eb2\" data-element_type=\"widget\" data-widget_type=\"text-editor.default\">\n\t\t\t\t<div class=\"elementor-widget-container\">\n\t\t\t\t\t\t\tDopo aver comperato il ticket, riceverai un&#8217;E-mail con un QR code che ti consentir\u00e0 di accedere all&#8217;evento\t\t\t\t\t\t<\/div>\n\t\t\t\t<\/div>\n\t\t\t\t<div class=\"elementor-element elementor-element-265c5c76 elementor-widget elementor-widget-spacer\" data-id=\"265c5c76\" data-element_type=\"widget\" data-widget_type=\"spacer.default\">\n\t\t\t\t<div class=\"elementor-widget-container\">\n\t\t\t\t\t<div class=\"elementor-spacer\">\n\t\t\t<div class=\"elementor-spacer-inner\"><\/div>\n\t\t<\/div>\n\t\t\t\t<\/div>\n\t\t\t\t<\/div>\n\t\t\t\t\t<\/div>\n\t\t<\/div>\n\t\t\t\t<div class=\"elementor-column elementor-col-25 elementor-inner-column elementor-element elementor-element-637ab31b\" data-id=\"637ab31b\" data-element_type=\"column\">\n\t\t\t<div class=\"elementor-widget-wrap elementor-element-populated\">\n\t\t\t\t\t\t\t\t<div class=\"elementor-element elementor-element-5b0bad57 elementor-widget elementor-widget-spacer\" data-id=\"5b0bad57\" data-element_type=\"widget\" data-widget_type=\"spacer.default\">\n\t\t\t\t<div class=\"elementor-widget-container\">\n\t\t\t\t\t<div class=\"elementor-spacer\">\n\t\t\t<div class=\"elementor-spacer-inner\"><\/div>\n\t\t<\/div>\n\t\t\t\t<\/div>\n\t\t\t\t<\/div>\n\t\t\t\t<div class=\"elementor-element elementor-element-40d551ad elementor-widget elementor-widget-image\" data-id=\"40d551ad\" data-element_type=\"widget\" data-widget_type=\"image.default\">\n\t\t\t\t<div class=\"elementor-widget-container\">\n\t\t\t\t\t\t\t\t\t\t\t\t\t\t\t<img loading=\"lazy\" decoding=\"async\" width=\"91\" height=\"58\" src=\"https:\/\/farefamiglia.it\/moowophi\/2022\/12\/event6-events-number2.png\" class=\"attachment-full size-full wp-image-260\" alt=\"\" srcset=\"https:\/\/farefamiglia.it\/moowophi\/2022\/12\/event6-events-number2.png 91w, https:\/\/farefamiglia.it\/moowophi\/2022\/12\/event6-events-number2-50x32.png 50w\" sizes=\"auto, (max-width:767px) 91px, 91px\" \/>\t\t\t\t\t\t\t\t\t\t\t\t\t\t\t<\/div>\n\t\t\t\t<\/div>\n\t\t\t\t<div class=\"elementor-element elementor-element-3a5a59ec elementor-widget elementor-widget-text-editor\" data-id=\"3a5a59ec\" data-element_type=\"widget\" data-widget_type=\"text-editor.default\">\n\t\t\t\t<div class=\"elementor-widget-container\">\n\t\t\t\t\t\t\t<h5><span style=\"color: #13d5ff;\">STAMPA IL TICKET<\/span><\/h5>\t\t\t\t\t\t<\/div>\n\t\t\t\t<\/div>\n\t\t\t\t<div class=\"elementor-element elementor-element-cd6db16 elementor-widget elementor-widget-text-editor\" data-id=\"cd6db16\" data-element_type=\"widget\" data-widget_type=\"text-editor.default\">\n\t\t\t\t<div class=\"elementor-widget-container\">\n\t\t\t\t\t\t\tScarica e stampa il ticket ricevuto all&#8217;E-Mail indicata durante le procedure di acquisto.\nAbbi cura che il QR-Code sia ben leggibile. Potr\u00e0 essere validato anche se presentato dal tuo smartphone\t\t\t\t\t\t<\/div>\n\t\t\t\t<\/div>\n\t\t\t\t<div class=\"elementor-element elementor-element-73abc018 elementor-widget elementor-widget-spacer\" data-id=\"73abc018\" data-element_type=\"widget\" data-widget_type=\"spacer.default\">\n\t\t\t\t<div class=\"elementor-widget-container\">\n\t\t\t\t\t<div class=\"elementor-spacer\">\n\t\t\t<div class=\"elementor-spacer-inner\"><\/div>\n\t\t<\/div>\n\t\t\t\t<\/div>\n\t\t\t\t<\/div>\n\t\t\t\t\t<\/div>\n\t\t<\/div>\n\t\t\t\t<div class=\"elementor-column elementor-col-25 elementor-inner-column elementor-element elementor-element-5723eb1b\" data-id=\"5723eb1b\" data-element_type=\"column\">\n\t\t\t<div class=\"elementor-widget-wrap elementor-element-populated\">\n\t\t\t\t\t\t\t\t<div class=\"elementor-element elementor-element-66db3eca elementor-widget elementor-widget-spacer\" data-id=\"66db3eca\" data-element_type=\"widget\" data-widget_type=\"spacer.default\">\n\t\t\t\t<div class=\"elementor-widget-container\">\n\t\t\t\t\t<div class=\"elementor-spacer\">\n\t\t\t<div class=\"elementor-spacer-inner\"><\/div>\n\t\t<\/div>\n\t\t\t\t<\/div>\n\t\t\t\t<\/div>\n\t\t\t\t<div class=\"elementor-element elementor-element-736faecd elementor-widget elementor-widget-image\" data-id=\"736faecd\" data-element_type=\"widget\" data-widget_type=\"image.default\">\n\t\t\t\t<div class=\"elementor-widget-container\">\n\t\t\t\t\t\t\t\t\t\t\t\t\t\t\t<img loading=\"lazy\" decoding=\"async\" width=\"92\" height=\"58\" src=\"https:\/\/farefamiglia.it\/moowophi\/2022\/12\/event6-events-number3.png\" class=\"attachment-full size-full wp-image-261\" alt=\"\" srcset=\"https:\/\/farefamiglia.it\/moowophi\/2022\/12\/event6-events-number3.png 92w, https:\/\/farefamiglia.it\/moowophi\/2022\/12\/event6-events-number3-50x32.png 50w\" sizes=\"auto, (max-width:767px) 92px, 92px\" \/>\t\t\t\t\t\t\t\t\t\t\t\t\t\t\t<\/div>\n\t\t\t\t<\/div>\n\t\t\t\t<div class=\"elementor-element elementor-element-5e9449ce elementor-widget elementor-widget-text-editor\" data-id=\"5e9449ce\" data-element_type=\"widget\" data-widget_type=\"text-editor.default\">\n\t\t\t\t<div class=\"elementor-widget-container\">\n\t\t\t\t\t\t\t<h5><span style=\"color: #13d5ff;\">VERIFICA E RECATI L&#8217;INDIRIZZO DELLA LOCATION<\/span><\/h5>\t\t\t\t\t\t<\/div>\n\t\t\t\t<\/div>\n\t\t\t\t<div class=\"elementor-element elementor-element-79a9cf42 elementor-widget elementor-widget-text-editor\" data-id=\"79a9cf42\" data-element_type=\"widget\" data-widget_type=\"text-editor.default\">\n\t\t\t\t<div class=\"elementor-widget-container\">\n\t\t\t\t\t\t\tNella scheda di ogni evento  presente un tool che ti aiuter\u00e0 a calcolare il percorso dalla tua posizione, sino alla sede dell&#8217;evento\t\t\t\t\t\t<\/div>\n\t\t\t\t<\/div>\n\t\t\t\t<div class=\"elementor-element elementor-element-5118bce9 elementor-widget elementor-widget-spacer\" data-id=\"5118bce9\" data-element_type=\"widget\" data-widget_type=\"spacer.default\">\n\t\t\t\t<div class=\"elementor-widget-container\">\n\t\t\t\t\t<div class=\"elementor-spacer\">\n\t\t\t<div class=\"elementor-spacer-inner\"><\/div>\n\t\t<\/div>\n\t\t\t\t<\/div>\n\t\t\t\t<\/div>\n\t\t\t\t\t<\/div>\n\t\t<\/div>\n\t\t\t\t<div class=\"elementor-column elementor-col-25 elementor-inner-column elementor-element elementor-element-103c9628\" data-id=\"103c9628\" data-element_type=\"column\">\n\t\t\t<div class=\"elementor-widget-wrap elementor-element-populated\">\n\t\t\t\t\t\t\t\t<div class=\"elementor-element elementor-element-2436e91 elementor-widget elementor-widget-spacer\" data-id=\"2436e91\" data-element_type=\"widget\" data-widget_type=\"spacer.default\">\n\t\t\t\t<div class=\"elementor-widget-container\">\n\t\t\t\t\t<div class=\"elementor-spacer\">\n\t\t\t<div class=\"elementor-spacer-inner\"><\/div>\n\t\t<\/div>\n\t\t\t\t<\/div>\n\t\t\t\t<\/div>\n\t\t\t\t<div class=\"elementor-element elementor-element-61f13dc2 elementor-widget elementor-widget-image\" data-id=\"61f13dc2\" data-element_type=\"widget\" data-widget_type=\"image.default\">\n\t\t\t\t<div class=\"elementor-widget-container\">\n\t\t\t\t\t\t\t\t\t\t\t\t\t\t\t<img loading=\"lazy\" decoding=\"async\" width=\"95\" height=\"58\" src=\"https:\/\/farefamiglia.it\/moowophi\/2022\/12\/event6-events-number4.png\" class=\"attachment-full size-full wp-image-262\" alt=\"\" srcset=\"https:\/\/farefamiglia.it\/moowophi\/2022\/12\/event6-events-number4.png 95w, https:\/\/farefamiglia.it\/moowophi\/2022\/12\/event6-events-number4-50x31.png 50w\" sizes=\"auto, (max-width:767px) 95px, 95px\" \/>\t\t\t\t\t\t\t\t\t\t\t\t\t\t\t<\/div>\n\t\t\t\t<\/div>\n\t\t\t\t<div class=\"elementor-element elementor-element-13128fb3 elementor-widget elementor-widget-text-editor\" data-id=\"13128fb3\" data-element_type=\"widget\" data-widget_type=\"text-editor.default\">\n\t\t\t\t<div class=\"elementor-widget-container\">\n\t\t\t\t\t\t\t<h5><span style=\"color: #13d5ff;\">ESIBISCI IL QR-CODE ED ACCEDI<\/span><\/h5>\t\t\t\t\t\t<\/div>\n\t\t\t\t<\/div>\n\t\t\t\t<div class=\"elementor-element elementor-element-63ac734e elementor-widget elementor-widget-text-editor\" data-id=\"63ac734e\" data-element_type=\"widget\" data-widget_type=\"text-editor.default\">\n\t\t\t\t<div class=\"elementor-widget-container\">\n\t\t\t\t\t\t\tAlla reception dell&#8217;evento troverai un nostro responsabile al quale dovrai far validare il QR-Code. Suggeriamo di presentarsi presso la sede dell&#8217;evento con 15 min di anticipo.\t\t\t\t\t\t<\/div>\n\t\t\t\t<\/div>\n\t\t\t\t<div class=\"elementor-element elementor-element-73c27a8e elementor-widget elementor-widget-spacer\" data-id=\"73c27a8e\" data-element_type=\"widget\" data-widget_type=\"spacer.default\">\n\t\t\t\t<div class=\"elementor-widget-container\">\n\t\t\t\t\t<div class=\"elementor-spacer\">\n\t\t\t<div class=\"elementor-spacer-inner\"><\/div>\n\t\t<\/div>\n\t\t\t\t<\/div>\n\t\t\t\t<\/div>\n\t\t\t\t\t<\/div>\n\t\t<\/div>\n\t\t\t\t\t\t\t<\/div>\n\t\t<\/section>\n\t\t\t\t\t<\/div>\n\t\t<\/div>\n\t\t\t\t\t\t\t<\/div>\n\t\t<\/section>\n\t\t\t\t<section class=\"elementor-section elementor-top-section elementor-element elementor-element-217d0298 elementor-section-full_width elementor-section-stretched elementor-section-height-default elementor-section-height-default\" data-id=\"217d0298\" data-element_type=\"section\" data-settings=\"{&quot;stretch_section&quot;:&quot;section-stretched&quot;,&quot;background_background&quot;:&quot;classic&quot;}\">\n\t\t\t\t\t\t<div class=\"elementor-container elementor-column-gap-default\">\n\t\t\t\t\t<div class=\"elementor-column elementor-col-33 elementor-top-column elementor-element elementor-element-6c8ef154\" data-id=\"6c8ef154\" data-element_type=\"column\">\n\t\t\t<div class=\"elementor-widget-wrap elementor-element-populated\">\n\t\t\t\t\t\t\t\t<div class=\"elementor-element elementor-element-22c660ae elementor-widget elementor-widget-spacer\" data-id=\"22c660ae\" data-element_type=\"widget\" data-widget_type=\"spacer.default\">\n\t\t\t\t<div class=\"elementor-widget-container\">\n\t\t\t\t\t<div class=\"elementor-spacer\">\n\t\t\t<div class=\"elementor-spacer-inner\"><\/div>\n\t\t<\/div>\n\t\t\t\t<\/div>\n\t\t\t\t<\/div>\n\t\t\t\t<div class=\"elementor-element elementor-element-b51725a elementor-widget elementor-widget-image\" data-id=\"b51725a\" data-element_type=\"widget\" data-widget_type=\"image.default\">\n\t\t\t\t<div class=\"elementor-widget-container\">\n\t\t\t\t\t\t\t\t\t\t\t\t\t\t\t\t<a href=\"https:\/\/farefamiglia.it\">\n\t\t\t\t\t\t\t<img decoding=\"async\" src=\"https:\/\/farefamiglia.it\/moowophi\/elementor\/thumbs\/logo_fare-famiglia_white-q2nf7lq41di6yfvu4ibbccld7w79fkfua4izicpei2.png\" title=\"logo_fare famiglia_white\" alt=\"logo_fare famiglia_white\" loading=\"lazy\" \/>\t\t\t\t\t\t\t\t<\/a>\n\t\t\t\t\t\t\t\t\t\t\t\t\t\t\t<\/div>\n\t\t\t\t<\/div>\n\t\t\t\t\t<\/div>\n\t\t<\/div>\n\t\t\t\t<div class=\"elementor-column elementor-col-33 elementor-top-column elementor-element elementor-element-db24adc\" data-id=\"db24adc\" data-element_type=\"column\">\n\t\t\t<div class=\"elementor-widget-wrap elementor-element-populated\">\n\t\t\t\t\t\t\t\t<div class=\"elementor-element elementor-element-ae0fe74 elementor-widget elementor-widget-heading\" data-id=\"ae0fe74\" data-element_type=\"widget\" data-widget_type=\"heading.default\">\n\t\t\t\t<div class=\"elementor-widget-container\">\n\t\t\t<style>\/*! elementor - v3.11.2 - 22-02-2023 *\/\n.elementor-heading-title{padding:0;margin:0;line-height:1}.elementor-widget-heading .elementor-heading-title[class*=elementor-size-]>a{color:inherit;font-size:inherit;line-height:inherit}.elementor-widget-heading .elementor-heading-title.elementor-size-small{font-size:15px}.elementor-widget-heading .elementor-heading-title.elementor-size-medium{font-size:19px}.elementor-widget-heading .elementor-heading-title.elementor-size-large{font-size:29px}.elementor-widget-heading .elementor-heading-title.elementor-size-xl{font-size:39px}.elementor-widget-heading .elementor-heading-title.elementor-size-xxl{font-size:59px}<\/style><h2 class=\"elementor-heading-title elementor-size-default\">MENU'<\/h2>\t\t<\/div>\n\t\t\t\t<\/div>\n\t\t\t\t<div class=\"elementor-element elementor-element-32182c3b elementor-widget elementor-widget-text-editor\" data-id=\"32182c3b\" data-element_type=\"widget\" data-widget_type=\"text-editor.default\">\n\t\t\t\t<div class=\"elementor-widget-container\">\n\t\t\t\t\t\t\tCondividi su:\t\t\t\t\t\t<\/div>\n\t\t\t\t<\/div>\n\t\t\t\t\t<\/div>\n\t\t<\/div>\n\t\t\t\t<div class=\"elementor-column elementor-col-33 elementor-top-column elementor-element elementor-element-219ed66e\" data-id=\"219ed66e\" data-element_type=\"column\">\n\t\t\t<div class=\"elementor-widget-wrap elementor-element-populated\">\n\t\t\t\t\t\t\t\t<div class=\"elementor-element elementor-element-3e2ab14e elementor-widget elementor-widget-text-editor\" data-id=\"3e2ab14e\" data-element_type=\"widget\" data-widget_type=\"text-editor.default\">\n\t\t\t\t<div class=\"elementor-widget-container\">\n\t\t\t\t\t\t\tIscriviti per rimanere aggiornato sulle nostre attivit\u00e0\t\t\t\t\t\t<\/div>\n\t\t\t\t<\/div>\n\t\t\t\t<div class=\"elementor-element elementor-element-7776ce44 elementor-widget elementor-widget-image\" data-id=\"7776ce44\" data-element_type=\"widget\" data-widget_type=\"image.default\">\n\t\t\t\t<div class=\"elementor-widget-container\">\n\t\t\t\t\t\t\t\t\t\t\t\t\t\t\t<img decoding=\"async\" src=\"https:\/\/farefamiglia.it\/moowophi\/elementor\/thumbs\/mail3-1744x1832-1-q2x4rgrrp9qqn48xxdpionvu2bfej5l7mpq9n6vi80.webp\" title=\"mail3-1744&#215;1832\" alt=\"mail3-1744x1832\" loading=\"lazy\" \/>\t\t\t\t\t\t\t\t\t\t\t\t\t\t\t<\/div>\n\t\t\t\t<\/div>\n\t\t\t\t\t<\/div>\n\t\t<\/div>\n\t\t\t\t\t\t\t<\/div>\n\t\t<\/section>\n\t\t\t\t<section class=\"elementor-section elementor-top-section elementor-element elementor-element-1fb14e6f elementor-section-full_width elementor-section-stretched elementor-section-height-default elementor-section-height-default\" data-id=\"1fb14e6f\" data-element_type=\"section\" data-settings=\"{&quot;stretch_section&quot;:&quot;section-stretched&quot;,&quot;background_background&quot;:&quot;classic&quot;}\">\n\t\t\t\t\t\t<div class=\"elementor-container elementor-column-gap-default\">\n\t\t\t\t\t<div class=\"elementor-column elementor-col-100 elementor-top-column elementor-element elementor-element-1faed774\" data-id=\"1faed774\" data-element_type=\"column\">\n\t\t\t<div class=\"elementor-widget-wrap elementor-element-populated\">\n\t\t\t\t\t\t\t\t<div class=\"elementor-element elementor-element-719aeaae elementor-widget elementor-widget-text-editor\" data-id=\"719aeaae\" data-element_type=\"widget\" data-widget_type=\"text-editor.default\">\n\t\t\t\t<div class=\"elementor-widget-container\">\n\t\t\t\t\t\t\t<a href=\"https:\/\/farefamiglia.it\">Come fare una Famiglia Felice<\/a><\/br>\n<a href=\"http:\/\/www.dialogicom.com\/\">\nDesigned by Dialogicom srl \u00a9 2022 All Rights Reserved.<\/a>\t\t\t\t\t\t<\/div>\n\t\t\t\t<\/div>\n\t\t\t\t\t<\/div>\n\t\t<\/div>\n\t\t\t\t\t\t\t<\/div>\n\t\t<\/section>\n\t\t\t\t\t\t\t<\/div>\n\t\t","protected":false},"excerpt":{"rendered":"<p>I NOSTRI EVENTI Gli eventi in programma EMPOWERMENT DI COPPIA imparare a utilizzare gli strumenti per valorizzare e mantenere relazioni serene e durature, e una sessualit\u00e0<span class=\"excerpt-hellip\"> [\u2026]<\/span><\/p>\n","protected":false},"author":1,"featured_media":0,"parent":0,"menu_order":0,"comment_status":"closed","ping_status":"closed","template":"","meta":{"_monsterinsights_skip_tracking":false,"_monsterinsights_sitenote_active":false,"_monsterinsights_sitenote_note":"","_monsterinsights_sitenote_category":0,"footnotes":""},"class_list":["post-249","page","type-page","status-publish","hentry"],"_links":{"self":[{"href":"https:\/\/farefamiglia.it\/fudopit\/wp\/v2\/pages\/249","targetHints":{"allow":["GET"]}}],"collection":[{"href":"https:\/\/farefamiglia.it\/fudopit\/wp\/v2\/pages"}],"about":[{"href":"https:\/\/farefamiglia.it\/fudopit\/wp\/v2\/types\/page"}],"author":[{"embeddable":true,"href":"https:\/\/farefamiglia.it\/fudopit\/wp\/v2\/users\/1"}],"replies":[{"embeddable":true,"href":"https:\/\/farefamiglia.it\/fudopit\/wp\/v2\/comments?post=249"}],"version-history":[{"count":9,"href":"https:\/\/farefamiglia.it\/fudopit\/wp\/v2\/pages\/249\/revisions"}],"predecessor-version":[{"id":1183,"href":"https:\/\/farefamiglia.it\/fudopit\/wp\/v2\/pages\/249\/revisions\/1183"}],"wp:attachment":[{"href":"https:\/\/farefamiglia.it\/fudopit\/wp\/v2\/media?parent=249"}],"curies":[{"name":"wp","href":"https:\/\/api.w.org\/{rel}","templated":true}]}}